{"id":2833,"date":"2024-04-26T18:25:25","date_gmt":"2024-04-26T16:25:25","guid":{"rendered":"http:\/\/talleresfran.es\/?page_id=2833"},"modified":"2024-04-26T18:28:22","modified_gmt":"2024-04-26T16:28:22","slug":"politica-de-privacidad","status":"publish","type":"page","link":"https:\/\/talleresfran.es\/en\/politica-de-privacidad","title":{"rendered":"Privacy policy"},"content":{"rendered":"<p>[et_pb_section fb_built=\u00bb1&#8243; _builder_version=\u00bb4.22.1&#8243; _module_preset=\u00bbdefault\u00bb global_colors_info=\u00bb{}\u00bb theme_builder_area=\u00bbpost_content\u00bb][et_pb_row _builder_version=\u00bb4.22.1&#8243; _module_preset=\u00bbdefault\u00bb global_colors_info=\u00bb{}\u00bb theme_builder_area=\u00bbpost_content\u00bb][et_pb_column type=\u00bb4_4&#8243; _builder_version=\u00bb4.22.1&#8243; _module_preset=\u00bbdefault\u00bb global_colors_info=\u00bb{}\u00bb theme_builder_area=\u00bbpost_content\u00bb][et_pb_text _builder_version=\u00bb4.22.1&#8243; text_font=\u00bbAllerta Stencil||||||||\u00bb text_font_size=\u00bb20px\u00bb text_line_height=\u00bb1.8em\u00bb header_font=\u00bb||||||||\u00bb header_2_font=\u00bbJosefin Sans|700|||||||\u00bb header_2_font_size=\u00bb50px\u00bb header_2_line_height=\u00bb1.4em\u00bb max_width=\u00bb800px\u00bb hover_enabled=\u00bb0&#8243; header_2_font_size_tablet=\u00bb50px\u00bb header_2_font_size_phone=\u00bb34px\u00bb header_2_font_size_last_edited=\u00bbon|phone\u00bb locked=\u00bboff\u00bb global_colors_info=\u00bb{}\u00bb theme_builder_area=\u00bbpost_content\u00bb sticky_enabled=\u00bb0&#8243;]<\/p>\n<h2><span style=\"color: #182457;\">Privacy policy<\/span><\/h2>\n<p>[\/et_pb_text][et_pb_text _builder_version=\u00bb4.22.1&#8243; _module_preset=\u00bbdefault\u00bb text_font=\u00bbJosefin Sans||||||||\u00bb text_text_color=\u00bb#000000&#8243; hover_enabled=\u00bb0&#8243; global_colors_info=\u00bb{}\u00bb theme_builder_area=\u00bbpost_content\u00bb sticky_enabled=\u00bb0&#8243;]<\/p>\n<p>En FELYTOM, SL nos preocupamos por la privacidad y la transparencia.<\/p>\n<p>A continuaci\u00f3n, le indicamos en detalle los tratamientos de datos personales que realizamos, as\u00ed como toda la informaci\u00f3n relativa a los mismos. Tratamiento de los datos de clientes<\/p>\n<p>Informaci\u00f3n b\u00e1sica sobre Protecci\u00f3n de datos Responsable: FELYTOM, SL Finalidad:<\/p>\n<p>Prestar los servicios solicitados y enviar comunicaciones comerciales<\/p>\n<p><strong>Legitimaci\u00f3n:<\/strong><\/p>\n<p>Ejecuci\u00f3n de un contrato. Inter\u00e9s leg\u00edtimo del Responsable. Destinatarios: Est\u00e1n previstas cesiones de datos a: Administraci\u00f3n Tributaria; Entidades financieras. Derechos: Tiene derecho a acceder, rectificar y suprimir los datos, as\u00ed como otros derechos, indicados en la informaci\u00f3n adicional, que puede ejercer dirigi\u00e9ndose a la direcci\u00f3n del responsable del tratamiento talleresfran_palencia@hotmail.com Procedencia: El propio interesado. Informaci\u00f3n completa sobre Protecci\u00f3n de Datos<\/p>\n<p><strong> 1. \u00bfQui\u00e9n es el responsable del tratamiento de sus datos? <\/strong><\/p>\n<p>FELYTOM, SL<\/p>\n<p>B34142612.<\/p>\n<p>CL INGLATERRA<\/p>\n<p>10 PARCELA 136 &#8211; 34004 &#8211; PALENCIA.<\/p>\n<p>979728604.<\/p>\n<p><a href=\"mailto:talleresfran_palencia@hotmail.com.\">talleresfran_palencia@hotmail.com. <\/a><\/p>\n<p><strong>2. \u00bfCon qu\u00e9 finalidad tratamos sus datos personales? <\/strong><\/p>\n<p>En FELYTOM, SL tratamos la informaci\u00f3n que nos facilitan las personas interesadas con el fin de Realizar la gesti\u00f3n administrativa, contable y fiscal de los servicios solicitados, as\u00ed como enviar comunicaciones comerciales sobre nuestros productos y servicios. En el caso de que no facilite sus datos personales, no podremos cumplir con las funcionalidades descritas anteriormente. No se van a tomar decisiones automatizadas en base a los datos proporcionados.<\/p>\n<p><strong>3. \u00bfPor cu\u00e1nto tiempo conservaremos sus datos? <\/strong><\/p>\n<p>Los datos se conservar\u00e1n mientras el interesado no solicite su supresi\u00f3n, y en su caso, durante los a\u00f1os necesarios para cumplir con las obligaciones legales.<\/p>\n<p><strong>4. \u00bfCu\u00e1l es la legitimaci\u00f3n para el tratamiento de sus datos?<\/strong><\/p>\n<p>Le indicamos la base legal para el tratamiento de sus datos:<\/p>\n<p>\u2022 Ejecuci\u00f3n de un contrato: Realizar la gesti\u00f3n administrativa, contable y fiscal de los servicios solicitados<\/p>\n<p>\u2022 Inter\u00e9s leg\u00edtimo del Responsable: Enviar comunicaciones comerciales sobre nuestros productos y servicios<\/p>\n<p><strong>5. \u00bfA qu\u00e9 destinatarios se comunicar\u00e1n sus datos? <\/strong><\/p>\n<p>Los datos se comunicar\u00e1n a los siguientes destinatarios:<\/p>\n<p>\u2022 Administraci\u00f3n Tributaria, con la finalidad de Cumplir con las obligaciones legales<\/p>\n<p>\u2022 Entidades financieras, con la finalidad de Girar los recibos correspondientes<\/p>\n<p><strong>6. Transferencias de datos a terceros pa\u00edses<\/strong><\/p>\n<p>No est\u00e1n previstas transferencias de datos a terceros pa\u00edses.<\/p>\n<p><strong> 7. \u00bfCu\u00e1les son sus derechos cuando nos facilita sus datos? <\/strong><\/p>\n<p>Cualquier persona tiene derecho a obtener confirmaci\u00f3n sobre si en FELYTOM, SL estamos tratando, o no, datos personales que les conciernan. Las personas interesadas tienen derecho a acceder a sus datos personales, as\u00ed como a solicitar la rectificaci\u00f3n de los datos inexactos o, en su caso, solicitar su supresi\u00f3n cuando, entre otros motivos, los datos ya no sean necesarios para los fines que fueron recogidos. Igualmente tiene derecho a la portabilidad de sus datos. En determinadas circunstancias, los interesados podr\u00e1n solicitar la limitaci\u00f3n del tratamiento de sus datos, en cuyo caso \u00fanicamente los conservaremos para el ejercicio o la defensa de reclamaciones. En determinadas circunstancias y por motivos relacionados con su situaci\u00f3n particular, los interesados podr\u00e1n oponerse al tratamiento de sus datos. En este caso, FELYTOM, SL dejar\u00e1 de tratar los datos, salvo por motivos leg\u00edtimos imperiosos, o el ejercicio o la defensa de posibles reclamaciones.<\/p>\n<p>Podr\u00e1 ejercitar materialmente sus derechos de la siguiente forma: dirigi\u00e9ndose a la direcci\u00f3n del responsable del tratamiento <a href=\"mailto:talleresfran_palencia@hotmail.com\">talleresfran_palencia@hotmail.com <\/a>Cuando se realice el env\u00edo de comunicaciones comerciales utilizando como base jur\u00eddica el inter\u00e9s leg\u00edtimo del responsable, el interesado podr\u00e1 oponerse al tratamiento de sus datos con ese fin. Si ha otorgado su consentimiento para alguna finalidad concreta, tiene derecho a retirar el consentimiento otorgado en cualquier momento, sin que ello afecte a la licitud del tratamiento basado en el consentimiento previo a su retirada. En caso de que sienta vulnerados sus derechos en lo concerniente a la protecci\u00f3n de sus datos personales, especialmente cuando no haya obtenido satisfacci\u00f3n en el ejercicio de sus derechos, puede presentar una reclamaci\u00f3n ante la Autoridad de Control en materia de Protecci\u00f3n de Datos competente a trav\u00e9s de su sitio web: <a href=\"http:\/\/www.aepd.es.\">www.aepd.es. <\/a><\/p>\n<p><strong>8. \u00bfC\u00f3mo hemos obtenido sus datos?<\/strong><\/p>\n<p>Los datos personales que tratamos en FELYTOM, SL proceden de: El propio interesado. Tratamiento de los datos de potenciales clientes Informaci\u00f3n b\u00e1sica sobre Protecci\u00f3n de datos Responsable: FELYTOM, SL Finalidad: Atender su solicitud y enviarle comunicaciones comerciales Legitimaci\u00f3n: Ejecuci\u00f3n de un contrato. Consentimiento del interesado. Destinatarios: No se ceder\u00e1n datos a terceros, salvo obligaci\u00f3n legal. Derechos: Tiene derecho a acceder, rectificar y suprimir los datos, as\u00ed como otros derechos, indicados en la informaci\u00f3n adicional, que puede ejercer dirigi\u00e9ndose a la direcci\u00f3n del responsable del tratamiento talleresfran_palencia@hotmail.com Procedencia: El propio interesado. Informaci\u00f3n completa sobre Protecci\u00f3n de<\/p>\n<p>&nbsp;<\/p>\n<p>[\/et_pb_text][\/et_pb_column][\/et_pb_row][\/et_pb_section][et_pb_section fb_built=\u00bb1&#8243; admin_label=\u00bbHero\u00bb _builder_version=\u00bb4.22.1&#8243; background_enable_color=\u00bboff\u00bb use_background_color_gradient=\u00bbon\u00bb background_color_gradient_direction=\u00bb118deg\u00bb background_color_gradient_stops=\u00bb#182457 0%|rgba(43,78,136,0.67) 100%\u00bb background_color_gradient_overlays_image=\u00bbon\u00bb background_color_gradient_start=\u00bb#063661&#8243; background_color_gradient_end=\u00bbrgba(43,78,136,0.67)\u00bb background_image=\u00bbhttp:\/\/talleresfran.es\/wp-content\/uploads\/2024\/04\/car-dealer-35.jpg\u00bb custom_margin=\u00bb4px|||||\u00bb custom_padding=\u00bb90px|0px|0px|0px|false|false\u00bb bottom_divider_color=\u00bb#faa152&#8243; bottom_divider_height=\u00bb260px\u00bb bottom_divider_flip=\u00bbvertical\u00bb bottom_divider_height_tablet=\u00bb\u00bb bottom_divider_height_phone=\u00bb90px\u00bb bottom_divider_height_last_edited=\u00bbon|desktop\u00bb global_colors_info=\u00bb{}\u00bb theme_builder_area=\u00bbpost_content\u00bb][et_pb_row column_structure=\u00bb1_3,1_3,1_3&#8243; _builder_version=\u00bb4.22.1&#8243; _module_preset=\u00bbdefault\u00bb global_colors_info=\u00bb{}\u00bb theme_builder_area=\u00bbpost_content\u00bb][et_pb_column type=\u00bb1_3&#8243; _builder_version=\u00bb4.22.1&#8243; _module_preset=\u00bbdefault\u00bb global_colors_info=\u00bb{}\u00bb theme_builder_area=\u00bbpost_content\u00bb][et_pb_image src=\u00bbhttp:\/\/talleresfran.es\/wp-content\/uploads\/2024\/04\/logoTalleresFran-1.png\u00bb title_text=\u00bblogoTalleresFran\u00bb align=\u00bbcenter\u00bb _builder_version=\u00bb4.22.1&#8243; _module_preset=\u00bbdefault\u00bb width=\u00bb50%\u00bb global_colors_info=\u00bb{}\u00bb theme_builder_area=\u00bbpost_content\u00bb][\/et_pb_image][et_pb_text _builder_version=\u00bb4.22.1&#8243; _module_preset=\u00bbdefault\u00bb text_font=\u00bbJosefin Sans||||||||\u00bb text_text_color=\u00bb#a4a4a2&#8243; header_font=\u00bbAllerta Stencil||||||||\u00bb global_colors_info=\u00bb{}\u00bb theme_builder_area=\u00bbpost_content\u00bb]<\/p>\n<p><span>We perform repairs and maintenance on cars of all brands. Team of highly trained, prepared for the repair and maintenance of all brands of car.<\/span><\/p>\n<p>[\/et_pb_text][et_pb_blurb title=\u00bb979 728 604&#8243; use_icon=\u00bbon\u00bb font_icon=\u00bb&#xe00b;||divi||400&#8243; icon_color=\u00bb#a4a4a2&#8243; icon_placement=\u00bbleft\u00bb image_icon_width=\u00bb20px\u00bb content_max_width=\u00bb1100px\u00bb _builder_version=\u00bb4.22.1&#8243; header_level=\u00bbh5&#8243; header_font=\u00bbJosefin Sans|700|||||||\u00bb header_text_align=\u00bbleft\u00bb header_text_color=\u00bb#a4a4a2&#8243; header_font_size=\u00bb16px\u00bb body_font=\u00bbJosefin Sans||||||||\u00bb body_font_size=\u00bb18px\u00bb text_orientation=\u00bbcenter\u00bb background_layout=\u00bbdark\u00bb custom_margin=\u00bb20px||20px|\u00bb custom_padding=\u00bb|||\u00bb custom_padding_tablet=\u00bb||30px|\u00bb custom_padding_phone=\u00bb||30px|\u00bb custom_padding_last_edited=\u00bboff|desktop\u00bb header_font_size_tablet=\u00bb30px\u00bb header_font_size_phone=\u00bb25px\u00bb header_font_size_last_edited=\u00bboff|desktop\u00bb icon_font_size=\u00bb54px\u00bb locked=\u00bboff\u00bb global_colors_info=\u00bb{}\u00bb theme_builder_area=\u00bbpost_content\u00bb][\/et_pb_blurb][et_pb_blurb title=\u00bb609 815 291&#8243; use_icon=\u00bbon\u00bb font_icon=\u00bb&#xf232;||fa||400&#8243; icon_color=\u00bb#a4a4a2&#8243; icon_placement=\u00bbleft\u00bb image_icon_width=\u00bb20px\u00bb content_max_width=\u00bb1100px\u00bb _builder_version=\u00bb4.22.1&#8243; header_level=\u00bbh5&#8243; header_font=\u00bbJosefin Sans|700|||||||\u00bb header_text_align=\u00bbleft\u00bb header_text_color=\u00bb#a4a4a2&#8243; header_font_size=\u00bb16px\u00bb body_font=\u00bbJosefin Sans||||||||\u00bb body_font_size=\u00bb18px\u00bb text_orientation=\u00bbcenter\u00bb background_layout=\u00bbdark\u00bb custom_margin=\u00bb20px||20px|\u00bb custom_padding=\u00bb|||\u00bb custom_padding_tablet=\u00bb||30px|\u00bb custom_padding_phone=\u00bb||30px|\u00bb custom_padding_last_edited=\u00bboff|desktop\u00bb header_font_size_tablet=\u00bb30px\u00bb header_font_size_phone=\u00bb25px\u00bb header_font_size_last_edited=\u00bboff|desktop\u00bb icon_font_size=\u00bb54px\u00bb locked=\u00bboff\u00bb global_colors_info=\u00bb{}\u00bb theme_builder_area=\u00bbpost_content\u00bb][\/et_pb_blurb][et_pb_blurb title=\u00bbtalleresfran_palencia@hotmail.com\u00bb use_icon=\u00bbon\u00bb font_icon=\u00bb&#xe010;||divi||400&#8243; icon_color=\u00bb#a4a4a2&#8243; icon_placement=\u00bbleft\u00bb image_icon_width=\u00bb20px\u00bb content_max_width=\u00bb1100px\u00bb _builder_version=\u00bb4.22.1&#8243; header_level=\u00bbh5&#8243; header_font=\u00bbJosefin Sans|700|||||||\u00bb header_text_align=\u00bbleft\u00bb header_text_color=\u00bb#a4a4a2&#8243; header_font_size=\u00bb16px\u00bb body_font=\u00bbJosefin Sans||||||||\u00bb body_font_size=\u00bb18px\u00bb text_orientation=\u00bbcenter\u00bb background_layout=\u00bbdark\u00bb custom_margin=\u00bb20px||20px|\u00bb custom_padding=\u00bb|||\u00bb custom_padding_tablet=\u00bb||30px|\u00bb custom_padding_phone=\u00bb||30px|\u00bb custom_padding_last_edited=\u00bboff|desktop\u00bb header_font_size_tablet=\u00bb30px\u00bb header_font_size_phone=\u00bb25px\u00bb header_font_size_last_edited=\u00bboff|desktop\u00bb icon_font_size=\u00bb54px\u00bb locked=\u00bboff\u00bb global_colors_info=\u00bb{}\u00bb theme_builder_area=\u00bbpost_content\u00bb][\/et_pb_blurb][\/et_pb_column][et_pb_column type=\u00bb1_3&#8243; _builder_version=\u00bb4.22.1&#8243; _module_preset=\u00bbdefault\u00bb global_colors_info=\u00bb{}\u00bb theme_builder_area=\u00bbpost_content\u00bb][et_pb_blurb title=\u00bbENLACES LEGALES:\u00bb icon_placement=\u00bbleft\u00bb image_icon_width=\u00bb20px\u00bb content_max_width=\u00bb1100px\u00bb _builder_version=\u00bb4.22.1&#8243; header_level=\u00bbh5&#8243; header_font=\u00bbJosefin Sans|700|||||||\u00bb header_text_align=\u00bbleft\u00bb header_text_color=\u00bb#a4a4a2&#8243; header_font_size=\u00bb16px\u00bb body_font=\u00bbJosefin Sans||||||||\u00bb body_text_color=\u00bb#a4a4a2&#8243; body_font_size=\u00bb18px\u00bb text_orientation=\u00bbcenter\u00bb background_layout=\u00bbdark\u00bb custom_margin=\u00bb20px||20px|\u00bb custom_padding=\u00bb|||\u00bb custom_padding_tablet=\u00bb||30px|\u00bb custom_padding_phone=\u00bb||30px|\u00bb custom_padding_last_edited=\u00bboff|desktop\u00bb header_font_size_tablet=\u00bb30px\u00bb header_font_size_phone=\u00bb25px\u00bb header_font_size_last_edited=\u00bboff|desktop\u00bb icon_font_size=\u00bb54px\u00bb locked=\u00bboff\u00bb global_colors_info=\u00bb{}\u00bb theme_builder_area=\u00bbpost_content\u00bb]<\/p>\n<ul>\n<li style=\"text-align: left;\"><span style=\"color: #a4a4a2;\"><a href=\"https:\/\/talleresfran.es\/en\/aviso-legal\/\/politica-de-privacidad\/\" style=\"color: #a4a4a2;\">Privacy policy<\/a><\/span><\/li>\n<li style=\"text-align: left;\"><span style=\"color: #a4a4a2;\"><a href=\"https:\/\/talleresfran.es\/en\/politica-de-privacidad\/\" style=\"color: #a4a4a2;\">Privacy policy<\/a><\/span><\/li>\n<li style=\"text-align: left;\"><span style=\"color: #a4a4a2;\"><a href=\"https:\/\/talleresfran.es\/en\/politica-de-cookies\/\" style=\"color: #a4a4a2;\">Cookie policy<\/a><\/span><\/li>\n<\/ul>\n<p>[\/et_pb_blurb][et_pb_blurb title=\u00bbTALLER:\u00bb image_icon_background_color=\u00bb#a4a4a2&#8243; icon_placement=\u00bbleft\u00bb image_icon_width=\u00bb20px\u00bb content_max_width=\u00bb1100px\u00bb _builder_version=\u00bb4.22.1&#8243; header_level=\u00bbh5&#8243; header_font=\u00bbJosefin Sans|700|||||||\u00bb header_text_align=\u00bbleft\u00bb header_text_color=\u00bb#a4a4a2&#8243; header_font_size=\u00bb16px\u00bb body_font=\u00bbJosefin Sans||||||||\u00bb body_font_size=\u00bb18px\u00bb text_orientation=\u00bbcenter\u00bb background_layout=\u00bbdark\u00bb custom_margin=\u00bb20px||20px|\u00bb custom_padding=\u00bb|||\u00bb custom_padding_tablet=\u00bb||30px|\u00bb custom_padding_phone=\u00bb||30px|\u00bb custom_padding_last_edited=\u00bboff|desktop\u00bb header_font_size_tablet=\u00bb30px\u00bb header_font_size_phone=\u00bb25px\u00bb header_font_size_last_edited=\u00bboff|desktop\u00bb icon_font_size=\u00bb54px\u00bb locked=\u00bboff\u00bb global_colors_info=\u00bb{}\u00bb theme_builder_area=\u00bbpost_content\u00bb][\/et_pb_blurb][et_pb_blurb title=\u00bbC. Inglaterra, 10, 34004 Palencia\u00bb use_icon=\u00bbon\u00bb font_icon=\u00bb&#xf124;||fa||900&#8243; icon_color=\u00bb#a4a4a2&#8243; icon_placement=\u00bbleft\u00bb image_icon_width=\u00bb20px\u00bb content_max_width=\u00bb1100px\u00bb _builder_version=\u00bb4.22.1&#8243; header_level=\u00bbh5&#8243; header_font=\u00bbJosefin Sans|700|||||||\u00bb header_text_align=\u00bbleft\u00bb header_text_color=\u00bb#a4a4a2&#8243; header_font_size=\u00bb16px\u00bb body_font=\u00bbJosefin Sans||||||||\u00bb body_font_size=\u00bb18px\u00bb text_orientation=\u00bbcenter\u00bb background_layout=\u00bbdark\u00bb custom_margin=\u00bb20px||20px|\u00bb custom_padding=\u00bb|||\u00bb custom_padding_tablet=\u00bb||30px|\u00bb custom_padding_phone=\u00bb||30px|\u00bb custom_padding_last_edited=\u00bboff|desktop\u00bb header_font_size_tablet=\u00bb30px\u00bb header_font_size_phone=\u00bb25px\u00bb header_font_size_last_edited=\u00bboff|desktop\u00bb icon_font_size=\u00bb54px\u00bb locked=\u00bboff\u00bb global_colors_info=\u00bb{}\u00bb theme_builder_area=\u00bbpost_content\u00bb][\/et_pb_blurb][et_pb_blurb title=\u00bbHORARIO\u00bb icon_placement=\u00bbleft\u00bb image_icon_width=\u00bb20px\u00bb content_max_width=\u00bb1100px\u00bb _builder_version=\u00bb4.22.1&#8243; header_level=\u00bbh5&#8243; header_font=\u00bbJosefin Sans|700|||||||\u00bb header_text_align=\u00bbleft\u00bb header_text_color=\u00bb#a4a4a2&#8243; header_font_size=\u00bb16px\u00bb body_font=\u00bbJosefin Sans||||||||\u00bb body_font_size=\u00bb18px\u00bb text_orientation=\u00bbcenter\u00bb background_layout=\u00bbdark\u00bb custom_margin=\u00bb20px||20px|\u00bb custom_padding=\u00bb|||\u00bb custom_padding_tablet=\u00bb||30px|\u00bb custom_padding_phone=\u00bb||30px|\u00bb custom_padding_last_edited=\u00bboff|desktop\u00bb header_font_size_tablet=\u00bb30px\u00bb header_font_size_phone=\u00bb25px\u00bb header_font_size_last_edited=\u00bboff|desktop\u00bb icon_font_size=\u00bb54px\u00bb locked=\u00bboff\u00bb global_colors_info=\u00bb{}\u00bb theme_builder_area=\u00bbpost_content\u00bb][\/et_pb_blurb][et_pb_blurb title=\u00bb9:00 &#8211; 14h, 16:30-20h. | De lunes a viernes\u00bb use_icon=\u00bbon\u00bb font_icon=\u00bb&#x7d;||divi||400&#8243; icon_color=\u00bb#a4a4a2&#8243; icon_placement=\u00bbleft\u00bb image_icon_width=\u00bb20px\u00bb content_max_width=\u00bb1100px\u00bb _builder_version=\u00bb4.22.1&#8243; header_level=\u00bbh5&#8243; header_font=\u00bbJosefin Sans|700|||||||\u00bb header_text_align=\u00bbleft\u00bb header_text_color=\u00bb#a4a4a2&#8243; header_font_size=\u00bb16px\u00bb body_font=\u00bbJosefin Sans||||||||\u00bb body_font_size=\u00bb18px\u00bb text_orientation=\u00bbcenter\u00bb background_layout=\u00bbdark\u00bb custom_margin=\u00bb20px||20px|\u00bb custom_padding=\u00bb|||\u00bb custom_padding_tablet=\u00bb||30px|\u00bb custom_padding_phone=\u00bb||30px|\u00bb custom_padding_last_edited=\u00bboff|desktop\u00bb header_font_size_tablet=\u00bb30px\u00bb header_font_size_phone=\u00bb25px\u00bb header_font_size_last_edited=\u00bboff|desktop\u00bb icon_font_size=\u00bb54px\u00bb locked=\u00bboff\u00bb global_colors_info=\u00bb{}\u00bb theme_builder_area=\u00bbpost_content\u00bb][\/et_pb_blurb][\/et_pb_column][et_pb_column type=\u00bb1_3&#8243; _builder_version=\u00bb4.22.1&#8243; _module_preset=\u00bbdefault\u00bb global_colors_info=\u00bb{}\u00bb theme_builder_area=\u00bbpost_content\u00bb][et_pb_code _builder_version=\u00bb4.22.1&#8243; _module_preset=\u00bbdefault\u00bb text_orientation=\u00bbcenter\u00bb global_colors_info=\u00bb{}\u00bb theme_builder_area=\u00bbpost_content\u00bb]<iframe src=\"https:\/\/www.google.com\/maps\/embed?pb=!1m18!1m12!1m3!1d1482.4681253927463!2d-4.509265202921578!3d42.00164367395393!2m3!1f0!2f0!3f0!3m2!1i1024!2i768!4f13.1!3m3!1m2!1s0xd47b1c57520e8f1%3A0x2725040f03fe6eb4!2sTalleres%20FRAN!5e0!3m2!1ses!2ses!4v1714123930987!5m2!1ses!2ses\" width=\"400\" height=\"320\" style=\"border:0;\" allowfullscreen=\"\" loading=\"lazy\" referrerpolicy=\"no-referrer-when-downgrade\"><\/iframe>[\/et_pb_code][\/et_pb_column][\/et_pb_row][\/et_pb_section]<\/p>","protected":false},"excerpt":{"rendered":"<p>Pol\u00edtica de PrivacidadEn FELYTOM, SL nos preocupamos por la privacidad y la transparencia. A continuaci\u00f3n, le indicamos en detalle los tratamientos de datos personales que realizamos, as\u00ed como toda la informaci\u00f3n relativa a los mismos. Tratamiento de los datos de clientes Informaci\u00f3n b\u00e1sica sobre Protecci\u00f3n de datos Responsable: FELYTOM, SL Finalidad: Prestar los servicios solicitados [&hellip;]<\/p>","protected":false},"author":1,"featured_media":0,"parent":0,"menu_order":0,"comment_status":"closed","ping_status":"closed","template":"","meta":{"_et_pb_use_builder":"on","_et_pb_old_content":"","_et_gb_content_width":"","footnotes":""},"class_list":["post-2833","page","type-page","status-publish","hentry"],"yoast_head":"<!-- This site is optimized with the Yoast SEO plugin v25.9 - https:\/\/yoast.com\/wordpress\/plugins\/seo\/ -->\n<title>Pol\u00edtica de Privacidad - Talleres Fran<\/title>\n<meta name=\"robots\" content=\"index, follow, max-snippet:-1, max-image-preview:large, max-video-preview:-1\" \/>\n<link rel=\"canonical\" href=\"http:\/\/talleresfran.es\/en\/politica-de-privacidad\" \/>\n<meta property=\"og:locale\" content=\"en_GB\" \/>\n<meta property=\"og:type\" content=\"article\" \/>\n<meta property=\"og:title\" content=\"Pol\u00edtica de Privacidad - Talleres Fran\" \/>\n<meta property=\"og:description\" content=\"Pol\u00edtica de PrivacidadEn FELYTOM, SL nos preocupamos por la privacidad y la transparencia. A continuaci\u00f3n, le indicamos en detalle los tratamientos de datos personales que realizamos, as\u00ed como toda la informaci\u00f3n relativa a los mismos. Tratamiento de los datos de clientes Informaci\u00f3n b\u00e1sica sobre Protecci\u00f3n de datos Responsable: FELYTOM, SL Finalidad: Prestar los servicios solicitados [&hellip;]\" \/>\n<meta property=\"og:url\" content=\"http:\/\/talleresfran.es\/en\/politica-de-privacidad\" \/>\n<meta property=\"og:site_name\" content=\"Talleres Fran\" \/>\n<meta property=\"article:modified_time\" content=\"2024-04-26T16:28:22+00:00\" \/>\n<meta name=\"twitter:card\" content=\"summary_large_image\" \/>\n<meta name=\"twitter:label1\" content=\"Estimated reading time\" \/>\n\t<meta name=\"twitter:data1\" content=\"11 minutes\" \/>\n<script type=\"application\/ld+json\" class=\"yoast-schema-graph\">{\"@context\":\"https:\/\/schema.org\",\"@graph\":[{\"@type\":\"WebPage\",\"@id\":\"http:\/\/talleresfran.es\/en\/politica-de-privacidad\",\"url\":\"http:\/\/talleresfran.es\/en\/politica-de-privacidad\",\"name\":\"Pol\u00edtica de Privacidad - Talleres Fran\",\"isPartOf\":{\"@id\":\"https:\/\/talleresfran.es\/#website\"},\"datePublished\":\"2024-04-26T16:25:25+00:00\",\"dateModified\":\"2024-04-26T16:28:22+00:00\",\"breadcrumb\":{\"@id\":\"http:\/\/talleresfran.es\/en\/politica-de-privacidad#breadcrumb\"},\"inLanguage\":\"en-GB\",\"potentialAction\":[{\"@type\":\"ReadAction\",\"target\":[\"http:\/\/talleresfran.es\/en\/politica-de-privacidad\"]}]},{\"@type\":\"BreadcrumbList\",\"@id\":\"http:\/\/talleresfran.es\/en\/politica-de-privacidad#breadcrumb\",\"itemListElement\":[{\"@type\":\"ListItem\",\"position\":1,\"name\":\"Portada\",\"item\":\"http:\/\/talleresfran.es\/en\/\"},{\"@type\":\"ListItem\",\"position\":2,\"name\":\"Pol\u00edtica de Privacidad\"}]},{\"@type\":\"WebSite\",\"@id\":\"https:\/\/talleresfran.es\/#website\",\"url\":\"https:\/\/talleresfran.es\/\",\"name\":\"Talleres Fran\",\"description\":\"Disponemos de la tecnolog\u00eda m\u00e1s avanzada para realizar reparaciones y mantenimientos de cajas de cambio autom\u00e1ticas en Palencia. Descarbonizaci\u00f3n de moteros.\",\"publisher\":{\"@id\":\"https:\/\/talleresfran.es\/#organization\"},\"potentialAction\":[{\"@type\":\"SearchAction\",\"target\":{\"@type\":\"EntryPoint\",\"urlTemplate\":\"https:\/\/talleresfran.es\/?s={search_term_string}\"},\"query-input\":{\"@type\":\"PropertyValueSpecification\",\"valueRequired\":true,\"valueName\":\"search_term_string\"}}],\"inLanguage\":\"en-GB\"},{\"@type\":\"Organization\",\"@id\":\"https:\/\/talleresfran.es\/#organization\",\"name\":\"Talleres Fran\",\"url\":\"https:\/\/talleresfran.es\/\",\"logo\":{\"@type\":\"ImageObject\",\"inLanguage\":\"en-GB\",\"@id\":\"https:\/\/talleresfran.es\/#\/schema\/logo\/image\/\",\"url\":\"https:\/\/talleresfran.es\/wp-content\/uploads\/2024\/04\/logoTalleresFran.png\",\"contentUrl\":\"https:\/\/talleresfran.es\/wp-content\/uploads\/2024\/04\/logoTalleresFran.png\",\"width\":800,\"height\":199,\"caption\":\"Talleres Fran\"},\"image\":{\"@id\":\"https:\/\/talleresfran.es\/#\/schema\/logo\/image\/\"}}]}<\/script>\n<!-- \/ Yoast SEO plugin. -->","yoast_head_json":{"title":"Pol\u00edtica de Privacidad - Talleres Fran","robots":{"index":"index","follow":"follow","max-snippet":"max-snippet:-1","max-image-preview":"max-image-preview:large","max-video-preview":"max-video-preview:-1"},"canonical":"http:\/\/talleresfran.es\/en\/politica-de-privacidad","og_locale":"en_GB","og_type":"article","og_title":"Pol\u00edtica de Privacidad - Talleres Fran","og_description":"Pol\u00edtica de PrivacidadEn FELYTOM, SL nos preocupamos por la privacidad y la transparencia. A continuaci\u00f3n, le indicamos en detalle los tratamientos de datos personales que realizamos, as\u00ed como toda la informaci\u00f3n relativa a los mismos. Tratamiento de los datos de clientes Informaci\u00f3n b\u00e1sica sobre Protecci\u00f3n de datos Responsable: FELYTOM, SL Finalidad: Prestar los servicios solicitados [&hellip;]","og_url":"http:\/\/talleresfran.es\/en\/politica-de-privacidad","og_site_name":"Talleres Fran","article_modified_time":"2024-04-26T16:28:22+00:00","twitter_card":"summary_large_image","twitter_misc":{"Estimated reading time":"11 minutes"},"schema":{"@context":"https:\/\/schema.org","@graph":[{"@type":"WebPage","@id":"http:\/\/talleresfran.es\/en\/politica-de-privacidad","url":"http:\/\/talleresfran.es\/en\/politica-de-privacidad","name":"Pol\u00edtica de Privacidad - Talleres Fran","isPartOf":{"@id":"https:\/\/talleresfran.es\/#website"},"datePublished":"2024-04-26T16:25:25+00:00","dateModified":"2024-04-26T16:28:22+00:00","breadcrumb":{"@id":"http:\/\/talleresfran.es\/en\/politica-de-privacidad#breadcrumb"},"inLanguage":"en-GB","potentialAction":[{"@type":"ReadAction","target":["http:\/\/talleresfran.es\/en\/politica-de-privacidad"]}]},{"@type":"BreadcrumbList","@id":"http:\/\/talleresfran.es\/en\/politica-de-privacidad#breadcrumb","itemListElement":[{"@type":"ListItem","position":1,"name":"Portada","item":"http:\/\/talleresfran.es\/en\/"},{"@type":"ListItem","position":2,"name":"Pol\u00edtica de Privacidad"}]},{"@type":"WebSite","@id":"https:\/\/talleresfran.es\/#website","url":"https:\/\/talleresfran.es\/","name":"Workshops Fran","description":"Disponemos de la tecnolog\u00eda m\u00e1s avanzada para realizar reparaciones y mantenimientos de cajas de cambio autom\u00e1ticas en Palencia. Descarbonizaci\u00f3n de moteros.","publisher":{"@id":"https:\/\/talleresfran.es\/#organization"},"potentialAction":[{"@type":"SearchAction","target":{"@type":"EntryPoint","urlTemplate":"https:\/\/talleresfran.es\/?s={search_term_string}"},"query-input":{"@type":"PropertyValueSpecification","valueRequired":true,"valueName":"search_term_string"}}],"inLanguage":"en-GB"},{"@type":"Organization","@id":"https:\/\/talleresfran.es\/#organization","name":"Workshops Fran","url":"https:\/\/talleresfran.es\/","logo":{"@type":"ImageObject","inLanguage":"en-GB","@id":"https:\/\/talleresfran.es\/#\/schema\/logo\/image\/","url":"https:\/\/talleresfran.es\/wp-content\/uploads\/2024\/04\/logoTalleresFran.png","contentUrl":"https:\/\/talleresfran.es\/wp-content\/uploads\/2024\/04\/logoTalleresFran.png","width":800,"height":199,"caption":"Talleres Fran"},"image":{"@id":"https:\/\/talleresfran.es\/#\/schema\/logo\/image\/"}}]}},"_links":{"self":[{"href":"https:\/\/talleresfran.es\/en\/wp-json\/wp\/v2\/pages\/2833","targetHints":{"allow":["GET"]}}],"collection":[{"href":"https:\/\/talleresfran.es\/en\/wp-json\/wp\/v2\/pages"}],"about":[{"href":"https:\/\/talleresfran.es\/en\/wp-json\/wp\/v2\/types\/page"}],"author":[{"embeddable":true,"href":"https:\/\/talleresfran.es\/en\/wp-json\/wp\/v2\/users\/1"}],"replies":[{"embeddable":true,"href":"https:\/\/talleresfran.es\/en\/wp-json\/wp\/v2\/comments?post=2833"}],"version-history":[{"count":2,"href":"https:\/\/talleresfran.es\/en\/wp-json\/wp\/v2\/pages\/2833\/revisions"}],"predecessor-version":[{"id":2836,"href":"https:\/\/talleresfran.es\/en\/wp-json\/wp\/v2\/pages\/2833\/revisions\/2836"}],"wp:attachment":[{"href":"https:\/\/talleresfran.es\/en\/wp-json\/wp\/v2\/media?parent=2833"}],"curies":[{"name":"wp","href":"https:\/\/api.w.org\/{rel}","templated":true}]}}