{"id":2909,"date":"2024-04-29T11:34:06","date_gmt":"2024-04-29T09:34:06","guid":{"rendered":"https:\/\/talleresfran.es\/?page_id=2909"},"modified":"2024-04-29T16:37:15","modified_gmt":"2024-04-29T14:37:15","slug":"servicios","status":"publish","type":"page","link":"http:\/\/talleresfran.es\/en\/servicios","title":{"rendered":"Services"},"content":{"rendered":"<p>[et_pb_section fb_built=\u00bb1&#8243; admin_label=\u00bbHero\u00bb _builder_version=\u00bb4.22.1&#8243; background_enable_color=\u00bboff\u00bb use_background_color_gradient=\u00bbon\u00bb background_color_gradient_direction=\u00bb118deg\u00bb background_color_gradient_stops=\u00bb#182457 0%|rgba(43,78,136,0.67) 100%\u00bb background_color_gradient_overlays_image=\u00bbon\u00bb background_color_gradient_start=\u00bb#063661&#8243; background_color_gradient_end=\u00bbrgba(43,78,136,0.67)\u00bb background_image=\u00bbhttp:\/\/talleresfran.es\/wp-content\/uploads\/2024\/04\/car-dealer-35.jpg\u00bb custom_margin=\u00bb4px|||||\u00bb custom_padding=\u00bb90px|0px|0px|0px|false|false\u00bb top_divider_style=\u00bbslant2&#8243; top_divider_color=\u00bb#FFFFFF\u00bb bottom_divider_color=\u00bb#faa152&#8243; bottom_divider_height=\u00bb260px\u00bb bottom_divider_flip=\u00bbvertical\u00bb bottom_divider_height_tablet=\u00bb\u00bb bottom_divider_height_phone=\u00bb90px\u00bb bottom_divider_height_last_edited=\u00bbon|desktop\u00bb global_colors_info=\u00bb{}\u00bb][et_pb_row _builder_version=\u00bb4.22.1&#8243; custom_padding=\u00bb27px|0px|0|0px|false|false\u00bb custom_width_px=\u00bb1440px\u00bb global_colors_info=\u00bb{}\u00bb][et_pb_column type=\u00bb4_4&#8243; _builder_version=\u00bb4.16&#8243; custom_padding=\u00bb|||\u00bb global_colors_info=\u00bb{}\u00bb custom_padding__hover=\u00bb|||\u00bb][et_pb_text _builder_version=\u00bb4.22.1&#8243; text_font=\u00bb||||||||\u00bb header_font=\u00bbJosefin Sans|700|||||||\u00bb header_font_size=\u00bb64px\u00bb header_line_height=\u00bb1.4em\u00bb header_2_font=\u00bb||||||||\u00bb background_layout=\u00bbdark\u00bb max_width=\u00bb800px\u00bb module_alignment=\u00bbleft\u00bb custom_margin=\u00bb|24px||||\u00bb animation_style=\u00bbfade\u00bb header_font_size_tablet=\u00bb50px\u00bb header_font_size_phone=\u00bb34px\u00bb header_font_size_last_edited=\u00bbon|phone\u00bb locked=\u00bboff\u00bb global_colors_info=\u00bb{}\u00bb]<\/p>\n<h1>SERVICES<\/h1>\n<p>[\/et_pb_text][\/et_pb_column][\/et_pb_row][et_pb_row _builder_version=\u00bb4.22.1&#8243; custom_padding=\u00bb27px|0px|29px|0px|false|false\u00bb custom_width_px=\u00bb1440px\u00bb global_colors_info=\u00bb{}\u00bb][et_pb_column type=\u00bb4_4&#8243; _builder_version=\u00bb4.16&#8243; custom_padding=\u00bb|||\u00bb global_colors_info=\u00bb{}\u00bb custom_padding__hover=\u00bb|||\u00bb][et_pb_text _builder_version=\u00bb4.22.1&#8243; text_font=\u00bb||||||||\u00bb header_font=\u00bbJosefin Sans|700|||||||\u00bb header_font_size=\u00bb39px\u00bb header_line_height=\u00bb1.4em\u00bb header_2_font=\u00bb||||||||\u00bb background_layout=\u00bbdark\u00bb max_width=\u00bb800px\u00bb module_alignment=\u00bbleft\u00bb custom_margin=\u00bb|24px||||\u00bb animation_style=\u00bbfade\u00bb header_font_size_tablet=\u00bb50px\u00bb header_font_size_phone=\u00bb34px\u00bb header_font_size_last_edited=\u00bbon|phone\u00bb locked=\u00bboff\u00bb global_colors_info=\u00bb{}\u00bb]<\/p>\n<h1><span style=\"color: #a4a4a2;\">MACHINE SHOP IN PALENCIA<\/span><\/h1>\n<p>[\/et_pb_text][\/et_pb_column][\/et_pb_row][\/et_pb_section][et_pb_section fb_built=\u00bb1&#8243; custom_padding_last_edited=\u00bbon|desktop\u00bb admin_label=\u00bbServices\u00bb _builder_version=\u00bb4.16&#8243; background_color=\u00bb#f4f6f7&#8243; custom_padding=\u00bb120px|||\u00bb custom_padding_tablet=\u00bb120px|||\u00bb custom_padding_phone=\u00bb120px|||\u00bb top_divider_style=\u00bbslant2&#8243; top_divider_color=\u00bb#e8e8e8&#8243; top_divider_height=\u00bb120px\u00bb top_divider_height_tablet=\u00bb\u00bb top_divider_height_phone=\u00bb90px\u00bb top_divider_height_last_edited=\u00bbon|desktop\u00bb bottom_divider_color=\u00bb#faa152&#8243; bottom_divider_height=\u00bb120px\u00bb bottom_divider_flip=\u00bbhorizontal\u00bb bottom_divider_height_tablet=\u00bb\u00bb bottom_divider_height_phone=\u00bb\u00bb bottom_divider_height_last_edited=\u00bbon|phone\u00bb global_colors_info=\u00bb{}\u00bb][et_pb_row _builder_version=\u00bb4.22.1&#8243; _module_preset=\u00bbdefault\u00bb global_colors_info=\u00bb{}\u00bb][et_pb_column type=\u00bb4_4&#8243; _builder_version=\u00bb4.22.1&#8243; _module_preset=\u00bbdefault\u00bb global_colors_info=\u00bb{}\u00bb][et_pb_blurb title=\u00bbTALLER MULTIMARCA EN PALENCIA\u00bb icon_placement=\u00bbleft\u00bb image_icon_width=\u00bb54px\u00bb content_max_width=\u00bb1100px\u00bb _builder_version=\u00bb4.22.1&#8243; header_font=\u00bbAllerta Stencil|700|||||||\u00bb header_text_align=\u00bbcenter\u00bb header_text_color=\u00bb#182457&#8243; header_font_size=\u00bb30px\u00bb body_font=\u00bbJosefin Sans||||||||\u00bb body_font_size=\u00bb18px\u00bb background_layout=\u00bbdark\u00bb custom_margin=\u00bb20px||20px|\u00bb custom_padding=\u00bb|||\u00bb custom_padding_tablet=\u00bb||30px|\u00bb custom_padding_phone=\u00bb||30px|\u00bb custom_padding_last_edited=\u00bboff|desktop\u00bb hover_enabled=\u00bb0&#8243; header_font_size_tablet=\u00bb30px\u00bb header_font_size_phone=\u00bb25px\u00bb header_font_size_last_edited=\u00bboff|desktop\u00bb icon_font_size=\u00bb54px\u00bb locked=\u00bboff\u00bb global_colors_info=\u00bb{}\u00bb sticky_enabled=\u00bb0&#8243;][\/et_pb_blurb][et_pb_text _builder_version=\u00bb4.22.1&#8243; _module_preset=\u00bbdefault\u00bb text_font=\u00bbAllerta Stencil||||||||\u00bb text_text_color=\u00bb#000000&#8243; text_font_size=\u00bb16px\u00bb hover_enabled=\u00bb0&#8243; global_colors_info=\u00bb{}\u00bb sticky_enabled=\u00bb0&#8243;]<\/p>\n<p><span><strong>Workshops Fran<\/strong>In our<strong>\u00a0Multi-Brand Workshop\u00a0<\/strong>we take care to the smallest detail to satisfy our customers. The relationship between quality and price that we offer is very competitive with the current market. All with maximum efficiency and quality of service provided by our staff.<\/span><\/p>\n<p>We do repairs and maintenance on the car. We are a\u00a0<strong>Multi-Brand Workshop<\/strong>\u00a0with a wide experience in the automotive sector and in vehicles of any brand<strong>.<\/strong>\u00a0<span><\/span><\/p>\n<p>[\/et_pb_text][\/et_pb_column][\/et_pb_row][et_pb_row column_structure=\u00bb1_3,1_3,1_3&#8243; use_custom_gutter=\u00bbon\u00bb gutter_width=\u00bb2&#8243; _builder_version=\u00bb4.16&#8243; custom_margin=\u00bb30px||30px||true\u00bb border_width_top=\u00bb2px\u00bb border_color_top=\u00bbrgba(51,51,51,0.11)\u00bb locked=\u00bboff\u00bb global_colors_info=\u00bb{}\u00bb][et_pb_column type=\u00bb1_3&#8243; _builder_version=\u00bb4.16&#8243; custom_padding=\u00bb|||\u00bb global_colors_info=\u00bb{}\u00bb custom_padding__hover=\u00bb|||\u00bb][et_pb_blurb title=\u00bbEntendemos las necesidades del cliente\u00bb use_icon=\u00bbon\u00bb font_icon=\u00bb&#x5c;||divi||400&#8243; icon_color=\u00bb#3050d1&#8243; icon_placement=\u00bbleft\u00bb image_icon_width=\u00bb32px\u00bb _builder_version=\u00bb4.22.1&#8243; header_font=\u00bbAllerta Stencil|700|||||||\u00bb header_font_size=\u00bb18px\u00bb header_line_height=\u00bb1.6em\u00bb body_font=\u00bbJosefin Sans||||||||\u00bb body_font_size=\u00bb15px\u00bb body_line_height=\u00bb1.8em\u00bb text_orientation=\u00bbcenter\u00bb custom_margin=\u00bb|||\u00bb custom_margin_tablet=\u00bb||20px|\u00bb custom_margin_phone=\u00bb\u00bb custom_margin_last_edited=\u00bbon|phone\u00bb custom_padding=\u00bb|||\u00bb header_font_size_last_edited=\u00bboff|desktop\u00bb icon_font_size=\u00bb32px\u00bb global_colors_info=\u00bb{}\u00bb][\/et_pb_blurb][\/et_pb_column][et_pb_column type=\u00bb1_3&#8243; _builder_version=\u00bb4.16&#8243; custom_padding=\u00bb|||\u00bb global_colors_info=\u00bb{}\u00bb custom_padding__hover=\u00bb|||\u00bb][et_pb_blurb title=\u00bbProponemos las mejores soluciones t\u00e9cnicas que nuestros clientes necesitan.\u00bb use_icon=\u00bbon\u00bb font_icon=\u00bb&#x5c;||divi||400&#8243; icon_color=\u00bb#3050d1&#8243; icon_placement=\u00bbleft\u00bb image_icon_width=\u00bb32px\u00bb _builder_version=\u00bb4.22.1&#8243; header_font=\u00bbAllerta Stencil|700|||||||\u00bb header_font_size=\u00bb18px\u00bb header_line_height=\u00bb1.6em\u00bb body_font=\u00bbJosefin Sans||||||||\u00bb body_font_size=\u00bb15px\u00bb body_line_height=\u00bb1.8em\u00bb text_orientation=\u00bbcenter\u00bb custom_margin=\u00bb|||\u00bb custom_margin_tablet=\u00bb||20px|\u00bb custom_margin_phone=\u00bb\u00bb custom_margin_last_edited=\u00bbon|phone\u00bb custom_padding=\u00bb|||\u00bb header_font_size_last_edited=\u00bboff|desktop\u00bb icon_font_size=\u00bb32px\u00bb locked=\u00bboff\u00bb global_colors_info=\u00bb{}\u00bb][\/et_pb_blurb][\/et_pb_column][et_pb_column type=\u00bb1_3&#8243; _builder_version=\u00bb4.16&#8243; custom_padding=\u00bb|||\u00bb global_colors_info=\u00bb{}\u00bb custom_padding__hover=\u00bb|||\u00bb][et_pb_blurb title=\u00bbTrabajos ejecutados a la perfecci\u00f3n\u00bb use_icon=\u00bbon\u00bb font_icon=\u00bb&#x5c;||divi||400&#8243; icon_color=\u00bb#3050d1&#8243; icon_placement=\u00bbleft\u00bb image_icon_width=\u00bb32px\u00bb _builder_version=\u00bb4.22.1&#8243; header_font=\u00bbAllerta Stencil|700|||||||\u00bb header_font_size=\u00bb18px\u00bb header_line_height=\u00bb1.6em\u00bb body_font=\u00bbJosefin Sans||||||||\u00bb body_font_size=\u00bb15px\u00bb body_line_height=\u00bb1.8em\u00bb text_orientation=\u00bbcenter\u00bb custom_margin=\u00bb|||\u00bb custom_margin_tablet=\u00bb||20px|\u00bb custom_margin_phone=\u00bb\u00bb custom_margin_last_edited=\u00bbon|phone\u00bb custom_padding=\u00bb|||\u00bb header_font_size_last_edited=\u00bboff|desktop\u00bb icon_font_size=\u00bb32px\u00bb locked=\u00bboff\u00bb global_colors_info=\u00bb{}\u00bb][\/et_pb_blurb][\/et_pb_column][\/et_pb_row][et_pb_row column_structure=\u00bb1_2,1_2&#8243; make_equal=\u00bbon\u00bb _builder_version=\u00bb4.16&#8243; locked=\u00bboff\u00bb global_colors_info=\u00bb{}\u00bb][et_pb_column type=\u00bb1_2&#8243; _builder_version=\u00bb4.16&#8243; background_color=\u00bb#ffffff\u00bb custom_padding=\u00bb|||\u00bb global_colors_info=\u00bb{}\u00bb custom_padding__hover=\u00bb|||\u00bb][et_pb_blurb title=\u00bbNOVEDAD\u00bb icon_placement=\u00bbleft\u00bb _builder_version=\u00bb4.22.1&#8243; header_font=\u00bbAllerta Stencil|700|||||||\u00bb header_font_size=\u00bb18px\u00bb header_line_height=\u00bb1.8em\u00bb body_font=\u00bbAllerta Stencil||||||||\u00bb body_text_color=\u00bb#000000&#8243; body_font_size=\u00bb15px\u00bb body_line_height=\u00bb1.8em\u00bb background_color=\u00bb#ffffff\u00bb text_orientation=\u00bbcenter\u00bb custom_margin=\u00bb|||\u00bb custom_margin_tablet=\u00bb||20px|\u00bb custom_margin_phone=\u00bb\u00bb custom_margin_last_edited=\u00bbon|phone\u00bb custom_padding=\u00bb20px|20px|20px|20px|true|true\u00bb animation_style=\u00bbzoom\u00bb animation_intensity_zoom=\u00bb10%\u00bb header_font_size_last_edited=\u00bboff|desktop\u00bb global_colors_info=\u00bb{}\u00bb]<\/p>\n<p><span>We pass the MOT for your vehicle, forget about long queues and appointments distant. In Workshops Fran we take care of to pass your MOT, contact us for prices.<\/span><\/p>\n<p>[\/et_pb_blurb][\/et_pb_column][et_pb_column type=\u00bb1_2&#8243; _builder_version=\u00bb4.16&#8243; background_color=\u00bb#ffffff\u00bb custom_padding=\u00bb|||\u00bb global_colors_info=\u00bb{}\u00bb custom_padding__hover=\u00bb|||\u00bb][et_pb_blurb title=\u00bbGRATIS\u00bb icon_placement=\u00bbleft\u00bb _builder_version=\u00bb4.22.1&#8243; header_font=\u00bbAllerta Stencil|700|||||||\u00bb header_font_size=\u00bb18px\u00bb header_line_height=\u00bb1.8em\u00bb body_font=\u00bbAllerta Stencil||||||||\u00bb body_text_color=\u00bb#000000&#8243; body_font_size=\u00bb15px\u00bb body_line_height=\u00bb1.8em\u00bb background_color=\u00bb#ffffff\u00bb text_orientation=\u00bbcenter\u00bb custom_margin=\u00bb|||\u00bb custom_margin_tablet=\u00bb||20px|\u00bb custom_margin_phone=\u00bb\u00bb custom_margin_last_edited=\u00bbon|phone\u00bb custom_padding=\u00bb20px|20px|20px|20px|true|true\u00bb animation_style=\u00bbzoom\u00bb animation_intensity_zoom=\u00bb10%\u00bb header_font_size_last_edited=\u00bboff|desktop\u00bb locked=\u00bboff\u00bb global_colors_info=\u00bb{}\u00bb]<\/p>\n<p>We perform free of charge the disinfection of your vehicle, before and after the repair. We have <strong>Ozone machine<\/strong>\u00a0for the disinfection of vehicles that removes all types of viruses, bacteria, odors and mildew.<\/p>\n<p>[\/et_pb_blurb][\/et_pb_column][\/et_pb_row][et_pb_row make_equal=\u00bbon\u00bb _builder_version=\u00bb4.16&#8243; locked=\u00bboff\u00bb global_colors_info=\u00bb{}\u00bb][et_pb_column type=\u00bb4_4&#8243; _builder_version=\u00bb4.16&#8243; background_color=\u00bb#ffffff\u00bb custom_padding=\u00bb|||\u00bb global_colors_info=\u00bb{}\u00bb custom_padding__hover=\u00bb|||\u00bb][et_pb_blurb icon_placement=\u00bbleft\u00bb _builder_version=\u00bb4.22.1&#8243; header_font=\u00bbAllerta Stencil|700|||||||\u00bb header_font_size=\u00bb18px\u00bb header_line_height=\u00bb1.8em\u00bb body_font=\u00bbAllerta Stencil||||||||\u00bb body_text_color=\u00bb#000000&#8243; body_font_size=\u00bb15px\u00bb body_line_height=\u00bb1.8em\u00bb background_enable_color=\u00bboff\u00bb background_image=\u00bbhttp:\/\/talleresfran.es\/wp-content\/uploads\/2024\/04\/Img-699222-15_amp-1.jpg\u00bb text_orientation=\u00bbcenter\u00bb custom_margin=\u00bb|||\u00bb custom_margin_tablet=\u00bb||20px|\u00bb custom_margin_phone=\u00bb\u00bb custom_margin_last_edited=\u00bbon|phone\u00bb custom_padding=\u00bb20px|20px|20px|20px|true|true\u00bb animation_style=\u00bbzoom\u00bb animation_intensity_zoom=\u00bb10%\u00bb header_font_size_last_edited=\u00bboff|desktop\u00bb global_colors_info=\u00bb{}\u00bb]<\/p>\n<p>&nbsp;<\/p>\n<p>&nbsp;<\/p>\n<p>&nbsp;<\/p>\n<p>&nbsp;<\/p>\n<p>&nbsp;<\/p>\n<p>&nbsp;<\/p>\n<p>&nbsp;<\/p>\n<p>[\/et_pb_blurb][\/et_pb_column][\/et_pb_row][et_pb_row column_structure=\u00bb1_2,1_2&#8243; make_equal=\u00bbon\u00bb _builder_version=\u00bb4.16&#8243; locked=\u00bboff\u00bb global_colors_info=\u00bb{}\u00bb][et_pb_column type=\u00bb1_2&#8243; _builder_version=\u00bb4.16&#8243; background_color=\u00bb#ffffff\u00bb custom_padding=\u00bb|||\u00bb global_colors_info=\u00bb{}\u00bb custom_padding__hover=\u00bb|||\u00bb][et_pb_blurb title=\u00bbMEC\u00c1NICA GENERAL\u00bb icon_placement=\u00bbleft\u00bb _builder_version=\u00bb4.22.1&#8243; header_font=\u00bbAllerta Stencil|700|||||||\u00bb header_font_size=\u00bb18px\u00bb header_line_height=\u00bb1.8em\u00bb body_font=\u00bbAllerta Stencil||||||||\u00bb body_text_color=\u00bb#000000&#8243; body_font_size=\u00bb15px\u00bb body_line_height=\u00bb1.8em\u00bb background_color=\u00bb#ffffff\u00bb text_orientation=\u00bbcenter\u00bb custom_margin=\u00bb|||\u00bb custom_margin_tablet=\u00bb||20px|\u00bb custom_margin_phone=\u00bb\u00bb custom_margin_last_edited=\u00bbon|phone\u00bb custom_padding=\u00bb20px|20px|20px|20px|true|true\u00bb animation_style=\u00bbzoom\u00bb animation_intensity_zoom=\u00bb10%\u00bb header_font_size_last_edited=\u00bboff|desktop\u00bb global_colors_info=\u00bb{}\u00bb]<\/p>\n<ul>\n<li style=\"text-align: left;\"><span>Installation of couplings approved.<\/span><\/li>\n<li style=\"text-align: left;\"><span>Changes and repairs of engines.<\/span><\/li>\n<li style=\"text-align: left;\"><span>Diagnosis multi-brand.<\/span><\/li>\n<li style=\"text-align: left;\"><span>Vehicle repair claims.<\/span><\/li>\n<li style=\"text-align: left;\"><span>Replacement of brake fluid.<\/span><\/li>\n<li style=\"text-align: left;\"><span>Changes of clutches.<\/span><\/li>\n<li style=\"text-align: left;\"><span>Repair groups.<\/span><\/li>\n<li style=\"text-align: left;\"><span>Cylinder heads.<\/span><\/li>\n<li style=\"text-align: left;\"><span>Repair of transmissions.<\/span><\/li>\n<li style=\"text-align: left;\"><span>Overalls Transmission.<\/span><\/li>\n<li style=\"text-align: left;\"><span>Directions.<\/span><\/li>\n<li style=\"text-align: left;\"><span>Repair of gearboxes (manual and automatic).<\/span><\/li>\n<li style=\"text-align: left;\"><span>Bearings.<\/span><\/li>\n<li style=\"text-align: left;\"><span>Change and maintenance of distributions.<\/span><\/li>\n<li style=\"text-align: left;\">Tire change (we Work with all of the top brands on the market in tires)<\/li>\n<\/ul>\n<p>[\/et_pb_blurb][\/et_pb_column][et_pb_column type=\u00bb1_2&#8243; _builder_version=\u00bb4.16&#8243; background_color=\u00bb#ffffff\u00bb custom_padding=\u00bb|||\u00bb global_colors_info=\u00bb{}\u00bb custom_padding__hover=\u00bb|||\u00bb][et_pb_blurb title=\u00bbM\u00c9CANICA R\u00c1PIDA\u00bb icon_placement=\u00bbleft\u00bb _builder_version=\u00bb4.22.1&#8243; header_font=\u00bbAllerta Stencil|700|||||||\u00bb header_font_size=\u00bb18px\u00bb header_line_height=\u00bb1.8em\u00bb body_font=\u00bbAllerta Stencil||||||||\u00bb body_text_color=\u00bb#000000&#8243; body_font_size=\u00bb15px\u00bb body_line_height=\u00bb1.8em\u00bb background_color=\u00bb#ffffff\u00bb text_orientation=\u00bbcenter\u00bb custom_margin=\u00bb|||\u00bb custom_margin_tablet=\u00bb||20px|\u00bb custom_margin_phone=\u00bb\u00bb custom_margin_last_edited=\u00bbon|phone\u00bb custom_padding=\u00bb20px|20px|20px|20px|true|true\u00bb animation_style=\u00bbzoom\u00bb animation_intensity_zoom=\u00bb10%\u00bb header_font_size_last_edited=\u00bboff|desktop\u00bb locked=\u00bboff\u00bb global_colors_info=\u00bb{}\u00bb]<\/p>\n<ul>\n<li style=\"text-align: left;\"><span>Review of vehicles.<\/span><\/li>\n<li style=\"text-align: left;\"><span>Pre \u2013 Itv.<\/span><\/li>\n<li style=\"text-align: left;\"><span>Replacement of antifreeze.<\/span><\/li>\n<li style=\"text-align: left;\"><span>Refilling of ADBLUE, an additive for diesel vehicle.<\/span><\/li>\n<li style=\"text-align: left;\"><span>Oil changes.<\/span><\/li>\n<li style=\"text-align: left;\"><span>Brake pads.<\/span><\/li>\n<li style=\"text-align: left;\"><span>Changes of wheels.<\/span><\/li>\n<li style=\"text-align: left;\"><span>Set-of address.<\/span><\/li>\n<li style=\"text-align: left;\"><span>Repair of air conditioners.<\/span><\/li>\n<li style=\"text-align: left;\"><span>Loads of air conditioning.<\/span><\/li>\n<li style=\"text-align: left;\"><span>Timing belts.<\/span><\/li>\n<li style=\"text-align: left;\"><span>Maintenance of the particulate filter.<\/span><\/li>\n<li style=\"text-align: left;\"><span>Changes of filters.<\/span><\/li>\n<li style=\"text-align: left;\"><span>Antifreeze.<\/span><\/li>\n<li style=\"text-align: left;\"><span>Wiper blades.<\/span><\/li>\n<li style=\"text-align: left;\"><span>Changes of batteries.<\/span><\/li>\n<li style=\"text-align: left;\"><span>Exhaust pipes.<\/span><\/li>\n<li style=\"text-align: left;\"><span>Maintenance.<em>\u00a0<\/em><\/span><\/li>\n<\/ul>\n<p>[\/et_pb_blurb][\/et_pb_column][\/et_pb_row][et_pb_row column_structure=\u00bb1_2,1_2&#8243; make_equal=\u00bbon\u00bb _builder_version=\u00bb4.16&#8243; locked=\u00bboff\u00bb global_colors_info=\u00bb{}\u00bb][et_pb_column type=\u00bb1_2&#8243; _builder_version=\u00bb4.16&#8243; background_color=\u00bb#ffffff\u00bb custom_padding=\u00bb|||\u00bb global_colors_info=\u00bb{}\u00bb custom_padding__hover=\u00bb|||\u00bb][et_pb_blurb icon_placement=\u00bbleft\u00bb _builder_version=\u00bb4.22.1&#8243; header_font=\u00bbAllerta Stencil|700|||||||\u00bb header_font_size=\u00bb18px\u00bb header_line_height=\u00bb1.8em\u00bb body_font=\u00bbAllerta Stencil||||||||\u00bb body_text_color=\u00bb#000000&#8243; body_font_size=\u00bb15px\u00bb body_line_height=\u00bb1.8em\u00bb background_enable_color=\u00bboff\u00bb background_image=\u00bbhttp:\/\/talleresfran.es\/wp-content\/uploads\/2024\/04\/Img-699221-14_amp.jpg\u00bb text_orientation=\u00bbcenter\u00bb custom_margin=\u00bb|||\u00bb custom_margin_tablet=\u00bb||20px|\u00bb custom_margin_phone=\u00bb\u00bb custom_margin_last_edited=\u00bbon|phone\u00bb custom_padding=\u00bb20px|20px|20px|20px|true|true\u00bb animation_style=\u00bbzoom\u00bb animation_intensity_zoom=\u00bb10%\u00bb header_font_size_last_edited=\u00bboff|desktop\u00bb global_colors_info=\u00bb{}\u00bb]<\/p>\n<p>&nbsp;<\/p>\n<p>&nbsp;<\/p>\n<p>&nbsp;<\/p>\n<p>&nbsp;<\/p>\n<p>&nbsp;<\/p>\n<p>&nbsp;<\/p>\n<p>[\/et_pb_blurb][\/et_pb_column][et_pb_column type=\u00bb1_2&#8243; _builder_version=\u00bb4.16&#8243; background_color=\u00bb#ffffff\u00bb custom_padding=\u00bb|||\u00bb global_colors_info=\u00bb{}\u00bb custom_padding__hover=\u00bb|||\u00bb][et_pb_blurb icon_placement=\u00bbleft\u00bb _builder_version=\u00bb4.22.1&#8243; header_font=\u00bbAllerta Stencil|700|||||||\u00bb header_font_size=\u00bb18px\u00bb header_line_height=\u00bb1.8em\u00bb body_font=\u00bbAllerta Stencil||||||||\u00bb body_text_color=\u00bb#000000&#8243; body_font_size=\u00bb15px\u00bb body_line_height=\u00bb1.8em\u00bb background_enable_color=\u00bboff\u00bb background_image=\u00bbhttp:\/\/talleresfran.es\/wp-content\/uploads\/2024\/04\/Img-699221-15_amp.jpg\u00bb text_orientation=\u00bbcenter\u00bb custom_margin=\u00bb|||\u00bb custom_margin_tablet=\u00bb||20px|\u00bb custom_margin_phone=\u00bb\u00bb custom_margin_last_edited=\u00bbon|phone\u00bb custom_padding=\u00bb20px|20px|20px|20px|true|true\u00bb animation_style=\u00bbzoom\u00bb animation_intensity_zoom=\u00bb10%\u00bb header_font_size_last_edited=\u00bboff|desktop\u00bb locked=\u00bboff\u00bb global_colors_info=\u00bb{}\u00bb]<\/p>\n<p>&nbsp;<\/p>\n<p>&nbsp;<\/p>\n<p>&nbsp;<\/p>\n<p>&nbsp;<\/p>\n<p>&nbsp;<\/p>\n<p>&nbsp;<\/p>\n<p>[\/et_pb_blurb][\/et_pb_column][\/et_pb_row][\/et_pb_section][et_pb_section fb_built=\u00bb1&#8243; custom_padding_last_edited=\u00bbon|phone\u00bb prev_background_color=\u00bb#f4f6f7&#8243; admin_label=\u00bbSatisfaction Guaranteed\u00bb _builder_version=\u00bb4.16&#8243; use_background_color_gradient=\u00bbon\u00bb background_color_gradient_direction=\u00bb212deg\u00bb background_color_gradient_stops=\u00bbrgba(43,78,136,0.6) 0%|#063661 100%\u00bb background_color_gradient_overlays_image=\u00bbon\u00bb background_color_gradient_start=\u00bbrgba(43,78,136,0.6)\u00bb background_color_gradient_end=\u00bb#063661&#8243; background_image=\u00bbhttp:\/\/talleresfran.es\/wp-content\/uploads\/2024\/04\/car-dealer-39.jpg\u00bb custom_margin=\u00bb|||\u00bb custom_padding=\u00bb200px|0px|14%|0px|false|false\u00bb custom_padding_tablet=\u00bb120px|||\u00bb custom_padding_phone=\u00bb60px|||\u00bb top_divider_style=\u00bbwave2&#8243; top_divider_height=\u00bb200px\u00bb top_divider_repeat=\u00bb0.5x\u00bb top_divider_flip=\u00bbhorizontal\u00bb top_divider_height_tablet=\u00bb\u00bb top_divider_height_phone=\u00bb70px\u00bb top_divider_height_last_edited=\u00bbon|phone\u00bb bottom_divider_style=\u00bbwave2&#8243; bottom_divider_color=\u00bb#ffffff\u00bb bottom_divider_height=\u00bb200px\u00bb bottom_divider_repeat=\u00bb0.3x\u00bb bottom_divider_flip=\u00bbvertical|horizontal\u00bb bottom_divider_height_tablet=\u00bb\u00bb bottom_divider_height_phone=\u00bb70px\u00bb bottom_divider_height_last_edited=\u00bbon|phone\u00bb locked=\u00bboff\u00bb global_colors_info=\u00bb{}\u00bb][et_pb_row _builder_version=\u00bb4.16&#8243; global_colors_info=\u00bb{}\u00bb][et_pb_column type=\u00bb4_4&#8243; _builder_version=\u00bb4.16&#8243; custom_padding=\u00bb|||\u00bb global_colors_info=\u00bb{}\u00bb custom_padding__hover=\u00bb|||\u00bb][et_pb_blurb title=\u00bbELECTRICIDAD PARA EL AUTOM\u00d3VIL\u00bb icon_placement=\u00bbleft\u00bb image_icon_width=\u00bb54px\u00bb content_max_width=\u00bb1100px\u00bb _builder_version=\u00bb4.22.1&#8243; header_font=\u00bbAllerta Stencil|700|||||||\u00bb header_text_align=\u00bbcenter\u00bb header_text_color=\u00bb#FFFFFF\u00bb header_font_size=\u00bb30px\u00bb body_font=\u00bbJosefin Sans||||||||\u00bb body_font_size=\u00bb18px\u00bb background_layout=\u00bbdark\u00bb custom_margin=\u00bb20px||20px|\u00bb custom_padding=\u00bb|||\u00bb custom_padding_tablet=\u00bb||30px|\u00bb custom_padding_phone=\u00bb||30px|\u00bb custom_padding_last_edited=\u00bboff|desktop\u00bb header_font_size_tablet=\u00bb30px\u00bb header_font_size_phone=\u00bb25px\u00bb header_font_size_last_edited=\u00bboff|desktop\u00bb icon_font_size=\u00bb54px\u00bb locked=\u00bboff\u00bb global_colors_info=\u00bb{}\u00bb][\/et_pb_blurb][et_pb_text _builder_version=\u00bb4.22.1&#8243; _module_preset=\u00bbdefault\u00bb text_font=\u00bbAllerta Stencil||||||||\u00bb text_text_color=\u00bb#FFFFFF\u00bb text_font_size=\u00bb16px\u00bb global_colors_info=\u00bb{}\u00bb]<\/p>\n<p style=\"text-align: center;\"><span><strong>Workshops Fran<\/strong>,<\/span><span style=\"font-size: 16px;\">\u00a0<\/span><span style=\"font-size: 16px;\">we also have services in repairs and electrical faults for vehicles, machine Diagnosis.<\/span><\/p>\n<div id=\"txtZn\">\n<div style=\"text-align: center;\"><span>\u00a0<br \/>Among them are highlighted:\u00a0<\/span><\/div>\n<\/div>\n<p>[\/et_pb_text][\/et_pb_column][\/et_pb_row][et_pb_row column_structure=\u00bb1_3,1_3,1_3&#8243; _builder_version=\u00bb4.16&#8243; global_colors_info=\u00bb{}\u00bb][et_pb_column type=\u00bb1_3&#8243; _builder_version=\u00bb4.16&#8243; custom_padding=\u00bb|||\u00bb global_colors_info=\u00bb{}\u00bb custom_padding__hover=\u00bb|||\u00bb][et_pb_blurb title=\u00bbIluminaci\u00f3n xen\u00f3n\u00bb use_icon=\u00bbon\u00bb font_icon=\u00bb&#xf0eb;||fa||900&#8243; icon_color=\u00bb#737880&#8243; icon_placement=\u00bbleft\u00bb image_icon_width=\u00bb32px\u00bb content_max_width=\u00bb1100px\u00bb _builder_version=\u00bb4.22.1&#8243; header_font=\u00bbAllerta Stencil|700|||||||\u00bb header_line_height=\u00bb1.6em\u00bb body_font=\u00bb||||||||\u00bb background_layout=\u00bbdark\u00bb animation_style=\u00bbzoom\u00bb animation_intensity_zoom=\u00bb10%\u00bb animation=\u00bboff\u00bb icon_font_size=\u00bb32px\u00bb locked=\u00bboff\u00bb global_colors_info=\u00bb{}\u00bb][\/et_pb_blurb][et_pb_blurb title=\u00bbReparaci\u00f3n de elevalunas\u00bb use_icon=\u00bbon\u00bb font_icon=\u00bb&#xe038;||divi||400&#8243; icon_color=\u00bb#737880&#8243; icon_placement=\u00bbleft\u00bb image_icon_width=\u00bb32px\u00bb content_max_width=\u00bb1100px\u00bb _builder_version=\u00bb4.22.1&#8243; header_font=\u00bbAllerta Stencil|700|||||||\u00bb header_line_height=\u00bb1.6em\u00bb body_font=\u00bb||||||||\u00bb background_layout=\u00bbdark\u00bb animation_style=\u00bbzoom\u00bb animation_intensity_zoom=\u00bb10%\u00bb animation=\u00bboff\u00bb icon_font_size=\u00bb32px\u00bb locked=\u00bboff\u00bb global_colors_info=\u00bb{}\u00bb][\/et_pb_blurb][\/et_pb_column][et_pb_column type=\u00bb1_3&#8243; _builder_version=\u00bb4.16&#8243; custom_padding=\u00bb|||\u00bb global_colors_info=\u00bb{}\u00bb custom_padding__hover=\u00bb|||\u00bb][et_pb_blurb title=\u00bbPuestas en marcha\u00bb use_icon=\u00bbon\u00bb font_icon=\u00bb&#xe001;||divi||400&#8243; icon_color=\u00bb#737880&#8243; icon_placement=\u00bbleft\u00bb image_icon_width=\u00bb32px\u00bb content_max_width=\u00bb1100px\u00bb _builder_version=\u00bb4.22.1&#8243; header_font=\u00bbAllerta Stencil|700|||||||\u00bb header_line_height=\u00bb1.6em\u00bb body_font=\u00bb||||||||\u00bb background_layout=\u00bbdark\u00bb animation_style=\u00bbzoom\u00bb animation_intensity_zoom=\u00bb10%\u00bb animation=\u00bboff\u00bb icon_font_size=\u00bb32px\u00bb locked=\u00bboff\u00bb global_colors_info=\u00bb{}\u00bb][\/et_pb_blurb][et_pb_blurb title=\u00bbReparaci\u00f3n de aires acondicionados\u00bb use_icon=\u00bbon\u00bb font_icon=\u00bb&#xf72e;||fa||900&#8243; icon_color=\u00bb#737880&#8243; icon_placement=\u00bbleft\u00bb image_icon_width=\u00bb32px\u00bb content_max_width=\u00bb1100px\u00bb _builder_version=\u00bb4.22.1&#8243; header_font=\u00bbAllerta Stencil|700|||||||\u00bb header_line_height=\u00bb1.6em\u00bb body_font=\u00bb||||||||\u00bb background_layout=\u00bbdark\u00bb animation_style=\u00bbzoom\u00bb animation_intensity_zoom=\u00bb10%\u00bb animation=\u00bboff\u00bb icon_font_size=\u00bb32px\u00bb locked=\u00bboff\u00bb global_colors_info=\u00bb{}\u00bb][\/et_pb_blurb][\/et_pb_column][et_pb_column type=\u00bb1_3&#8243; _builder_version=\u00bb4.16&#8243; custom_padding=\u00bb|||\u00bb global_colors_info=\u00bb{}\u00bb custom_padding__hover=\u00bb|||\u00bb][et_pb_blurb title=\u00bbCambios de bater\u00edas\u00bb use_icon=\u00bbon\u00bb font_icon=\u00bb&#xf5df;||fa||900&#8243; icon_color=\u00bb#737880&#8243; icon_placement=\u00bbleft\u00bb image_icon_width=\u00bb32px\u00bb content_max_width=\u00bb1100px\u00bb _builder_version=\u00bb4.22.1&#8243; header_font=\u00bbAllerta Stencil|700|||||||\u00bb header_line_height=\u00bb1.6em\u00bb body_font=\u00bb||||||||\u00bb background_layout=\u00bbdark\u00bb animation_style=\u00bbzoom\u00bb animation_intensity_zoom=\u00bb10%\u00bb animation=\u00bboff\u00bb icon_font_size=\u00bb32px\u00bb locked=\u00bboff\u00bb global_colors_info=\u00bb{}\u00bb][\/et_pb_blurb][et_pb_blurb title=\u00bbVentiladores de calefacci\u00f3n\u00bb use_icon=\u00bbon\u00bb font_icon=\u00bb&#xf863;||fa||900&#8243; icon_color=\u00bb#737880&#8243; icon_placement=\u00bbleft\u00bb image_icon_width=\u00bb32px\u00bb content_max_width=\u00bb1100px\u00bb _builder_version=\u00bb4.22.1&#8243; header_font=\u00bbAllerta Stencil|700|||||||\u00bb header_line_height=\u00bb1.6em\u00bb body_font=\u00bb||||||||\u00bb background_layout=\u00bbdark\u00bb animation_style=\u00bbzoom\u00bb animation_intensity_zoom=\u00bb10%\u00bb animation=\u00bboff\u00bb icon_font_size=\u00bb32px\u00bb locked=\u00bboff\u00bb global_colors_info=\u00bb{}\u00bb][\/et_pb_blurb][\/et_pb_column][\/et_pb_row][\/et_pb_section][et_pb_section fb_built=\u00bb1&#8243; custom_padding_last_edited=\u00bbon|tablet\u00bb admin_label=\u00bbCall to Action\u00bb _builder_version=\u00bb4.22.1&#8243; background_color=\u00bb#FFFFFF\u00bb max_width=\u00bb70%\u00bb max_width_tablet=\u00bb90%\u00bb max_width_phone=\u00bb\u00bb max_width_last_edited=\u00bbon|phone\u00bb module_alignment=\u00bbcenter\u00bb custom_margin=\u00bb-10%||60px|\u00bb custom_margin_tablet=\u00bb||0px|\u00bb custom_margin_phone=\u00bb\u00bb custom_margin_last_edited=\u00bbon|tablet\u00bb custom_padding=\u00bb100px||100px||true|false\u00bb custom_padding_tablet=\u00bb30px|||\u00bb custom_padding_phone=\u00bb\u00bb animation_style=\u00bbzoom\u00bb animation_direction=\u00bbbottom\u00bb animation_intensity_zoom=\u00bb8%\u00bb animation_starting_opacity=\u00bb100%\u00bb border_radii=\u00bbon|6px|6px|6px|6px\u00bb box_shadow_style=\u00bbpreset2&#8243; box_shadow_horizontal=\u00bb1px\u00bb box_shadow_vertical=\u00bb21px\u00bb box_shadow_blur=\u00bb72px\u00bb box_shadow_color=\u00bbrgba(60,73,124,0.4)\u00bb locked=\u00bboff\u00bb global_colors_info=\u00bb{}\u00bb][et_pb_row _builder_version=\u00bb4.16&#8243; global_colors_info=\u00bb{}\u00bb][et_pb_column type=\u00bb4_4&#8243; _builder_version=\u00bb4.16&#8243; custom_padding=\u00bb|||\u00bb global_colors_info=\u00bb{}\u00bb custom_padding__hover=\u00bb|||\u00bb][et_pb_blurb title=\u00bb\u00a1CONS\u00daLTENOS PRESUPUESTOS SIN COMPROMISO!\u00bb icon_placement=\u00bbleft\u00bb image_icon_width=\u00bb54px\u00bb content_max_width=\u00bb1100px\u00bb _builder_version=\u00bb4.22.1&#8243; header_font=\u00bbAllerta Stencil|700|||||||\u00bb header_text_align=\u00bbcenter\u00bb header_text_color=\u00bb#182457&#8243; header_font_size=\u00bb30px\u00bb body_font=\u00bbJosefin Sans||||||||\u00bb body_font_size=\u00bb18px\u00bb background_layout=\u00bbdark\u00bb custom_margin=\u00bb20px||20px|\u00bb custom_padding=\u00bb|||\u00bb custom_padding_tablet=\u00bb||30px|\u00bb custom_padding_phone=\u00bb||30px|\u00bb custom_padding_last_edited=\u00bboff|desktop\u00bb header_font_size_tablet=\u00bb30px\u00bb header_font_size_phone=\u00bb25px\u00bb header_font_size_last_edited=\u00bboff|desktop\u00bb icon_font_size=\u00bb54px\u00bb locked=\u00bboff\u00bb global_colors_info=\u00bb{}\u00bb][\/et_pb_blurb][\/et_pb_column][\/et_pb_row][et_pb_row column_structure=\u00bb1_3,1_3,1_3&#8243; _builder_version=\u00bb4.16&#8243; locked=\u00bboff\u00bb global_colors_info=\u00bb{}\u00bb][et_pb_column type=\u00bb1_3&#8243; _builder_version=\u00bb4.16&#8243; custom_padding=\u00bb|||\u00bb global_colors_info=\u00bb{}\u00bb custom_padding__hover=\u00bb|||\u00bb][et_pb_blurb title=\u00bbMAIL\u00bb use_icon=\u00bbon\u00bb font_icon=\u00bb&#xe076;||divi||400&#8243; icon_color=\u00bb#182457&#8243; image_icon_width=\u00bb64px\u00bb _builder_version=\u00bb4.22.1&#8243; header_font=\u00bbAllerta Stencil|700|||||||\u00bb header_font_size=\u00bb26px\u00bb body_font=\u00bbJosefin Sans||||||||\u00bb body_font_size=\u00bb18px\u00bb text_orientation=\u00bbcenter\u00bb custom_padding=\u00bb|||\u00bb custom_padding_tablet=\u00bb||30px|\u00bb custom_padding_phone=\u00bb||30px|\u00bb custom_padding_last_edited=\u00bboff|desktop\u00bb header_font_size_tablet=\u00bb30px\u00bb header_font_size_phone=\u00bb25px\u00bb header_font_size_last_edited=\u00bboff|desktop\u00bb icon_font_size=\u00bb64px\u00bb global_colors_info=\u00bb{}\u00bb]<\/p>\n<p>talleresfran_palencia@hotmail.com<\/p>\n<p>[\/et_pb_blurb][et_pb_button button_text=\u00bbMANDAR CORREO\u00bb button_alignment=\u00bbcenter\u00bb _builder_version=\u00bb4.22.1&#8243; custom_button=\u00bbon\u00bb button_text_size=\u00bb18px\u00bb button_text_color=\u00bb#ffffff\u00bb button_bg_color=\u00bb#182457&#8243; button_border_width=\u00bb0px\u00bb button_border_radius=\u00bb0px\u00bb button_font=\u00bbAllerta Stencil|600||on|||||\u00bb button_use_icon=\u00bboff\u00bb background_layout=\u00bbdark\u00bb custom_margin=\u00bb|||\u00bb custom_margin_tablet=\u00bb||0px|\u00bb custom_margin_last_edited=\u00bboff|desktop\u00bb custom_padding=\u00bb16px|32px|16px|32px|true|true\u00bb hover_enabled=\u00bb0&#8243; locked=\u00bboff\u00bb global_colors_info=\u00bb{}\u00bb button_text_size__hover_enabled=\u00bboff\u00bb button_one_text_size__hover_enabled=\u00bboff\u00bb button_two_text_size__hover_enabled=\u00bboff\u00bb button_text_color__hover_enabled=\u00bboff\u00bb button_one_text_color__hover_enabled=\u00bboff\u00bb button_two_text_color__hover_enabled=\u00bboff\u00bb button_border_width__hover_enabled=\u00bboff\u00bb button_one_border_width__hover_enabled=\u00bboff\u00bb button_two_border_width__hover_enabled=\u00bboff\u00bb button_border_color__hover_enabled=\u00bboff\u00bb button_one_border_color__hover_enabled=\u00bboff\u00bb button_two_border_color__hover_enabled=\u00bboff\u00bb button_border_radius__hover_enabled=\u00bboff\u00bb button_one_border_radius__hover_enabled=\u00bboff\u00bb button_two_border_radius__hover_enabled=\u00bboff\u00bb button_letter_spacing__hover_enabled=\u00bboff\u00bb button_one_letter_spacing__hover_enabled=\u00bboff\u00bb button_two_letter_spacing__hover_enabled=\u00bboff\u00bb button_bg_color__hover_enabled=\u00bboff\u00bb button_one_bg_color__hover_enabled=\u00bboff\u00bb button_two_bg_color__hover_enabled=\u00bboff\u00bb button_url=\u00bbtalleresfran_palencia@hotmail.com\u00bb sticky_enabled=\u00bb0&#8243;][\/et_pb_button][\/et_pb_column][et_pb_column type=\u00bb1_3&#8243; _builder_version=\u00bb4.16&#8243; custom_padding=\u00bb|||\u00bb global_colors_info=\u00bb{}\u00bb custom_padding__hover=\u00bb|||\u00bb][et_pb_blurb title=\u00bbTEL\u00c9FONO\u00bb use_icon=\u00bbon\u00bb font_icon=\u00bb&#xe090;||divi||400&#8243; icon_color=\u00bb#182457&#8243; image_icon_width=\u00bb64px\u00bb _builder_version=\u00bb4.22.1&#8243; header_font=\u00bbAllerta Stencil|700|||||||\u00bb header_font_size=\u00bb26px\u00bb body_font=\u00bbJosefin Sans||||||||\u00bb body_font_size=\u00bb18px\u00bb text_orientation=\u00bbcenter\u00bb custom_padding=\u00bb|||\u00bb custom_padding_tablet=\u00bb||30px|\u00bb custom_padding_phone=\u00bb||30px|\u00bb custom_padding_last_edited=\u00bboff|desktop\u00bb header_font_size_tablet=\u00bb30px\u00bb header_font_size_phone=\u00bb25px\u00bb header_font_size_last_edited=\u00bboff|desktop\u00bb icon_font_size=\u00bb64px\u00bb global_colors_info=\u00bb{}\u00bb]<\/p>\n<p>Llam\u00e1nos<\/p>\n<p>[\/et_pb_blurb][et_pb_button button_text=\u00bb979 728 604&#8243; button_alignment=\u00bbcenter\u00bb _builder_version=\u00bb4.22.1&#8243; custom_button=\u00bbon\u00bb button_text_size=\u00bb18px\u00bb button_text_color=\u00bb#ffffff\u00bb button_bg_color=\u00bb#182457&#8243; button_border_width=\u00bb0px\u00bb button_border_radius=\u00bb0px\u00bb button_font=\u00bbAllerta Stencil|600||on|||||\u00bb button_use_icon=\u00bboff\u00bb background_layout=\u00bbdark\u00bb custom_margin=\u00bb|||\u00bb custom_margin_tablet=\u00bb||0px|\u00bb custom_margin_last_edited=\u00bboff|desktop\u00bb custom_padding=\u00bb16px|32px|16px|32px|true|true\u00bb hover_enabled=\u00bb0&#8243; locked=\u00bboff\u00bb global_colors_info=\u00bb{}\u00bb button_text_size__hover_enabled=\u00bboff\u00bb button_one_text_size__hover_enabled=\u00bboff\u00bb button_two_text_size__hover_enabled=\u00bboff\u00bb button_text_color__hover_enabled=\u00bboff\u00bb button_one_text_color__hover_enabled=\u00bboff\u00bb button_two_text_color__hover_enabled=\u00bboff\u00bb button_border_width__hover_enabled=\u00bboff\u00bb button_one_border_width__hover_enabled=\u00bboff\u00bb button_two_border_width__hover_enabled=\u00bboff\u00bb button_border_color__hover_enabled=\u00bboff\u00bb button_one_border_color__hover_enabled=\u00bboff\u00bb button_two_border_color__hover_enabled=\u00bboff\u00bb button_border_radius__hover_enabled=\u00bboff\u00bb button_one_border_radius__hover_enabled=\u00bboff\u00bb button_two_border_radius__hover_enabled=\u00bboff\u00bb button_letter_spacing__hover_enabled=\u00bboff\u00bb button_one_letter_spacing__hover_enabled=\u00bboff\u00bb button_two_letter_spacing__hover_enabled=\u00bboff\u00bb button_bg_color__hover_enabled=\u00bboff\u00bb button_one_bg_color__hover_enabled=\u00bboff\u00bb button_two_bg_color__hover_enabled=\u00bboff\u00bb button_url=\u00bbTEL: 979 728 604&#8243; sticky_enabled=\u00bb0&#8243;][\/et_pb_button][\/et_pb_column][et_pb_column type=\u00bb1_3&#8243; _builder_version=\u00bb4.16&#8243; custom_padding=\u00bb|||\u00bb global_colors_info=\u00bb{}\u00bb custom_padding__hover=\u00bb|||\u00bb][et_pb_blurb title=\u00bbWHATSAPP\u00bb use_icon=\u00bbon\u00bb font_icon=\u00bb&#xf232;||fa||400&#8243; icon_color=\u00bb#182457&#8243; image_icon_width=\u00bb64px\u00bb _builder_version=\u00bb4.22.1&#8243; header_font=\u00bbAllerta Stencil|700|||||||\u00bb header_font_size=\u00bb26px\u00bb body_font=\u00bbJosefin Sans||||||||\u00bb body_font_size=\u00bb18px\u00bb text_orientation=\u00bbcenter\u00bb custom_padding=\u00bb|||\u00bb custom_padding_tablet=\u00bb||30px|\u00bb custom_padding_phone=\u00bb||30px|\u00bb custom_padding_last_edited=\u00bboff|desktop\u00bb header_font_size_tablet=\u00bb30px\u00bb header_font_size_phone=\u00bb25px\u00bb header_font_size_last_edited=\u00bboff|desktop\u00bb icon_font_size=\u00bb64px\u00bb locked=\u00bboff\u00bb global_colors_info=\u00bb{}\u00bb]<\/p>\n<p>Contact us<\/p>\n<p>[\/et_pb_blurb][et_pb_button button_text=\u00bb609 815 291&#8243; button_alignment=\u00bbcenter\u00bb _builder_version=\u00bb4.22.1&#8243; custom_button=\u00bbon\u00bb button_text_size=\u00bb18px\u00bb button_text_color=\u00bb#ffffff\u00bb button_bg_color=\u00bb#182457&#8243; button_border_width=\u00bb0px\u00bb button_border_radius=\u00bb0px\u00bb button_font=\u00bbAllerta Stencil|600||on|||||\u00bb button_use_icon=\u00bboff\u00bb background_layout=\u00bbdark\u00bb custom_margin=\u00bb|||\u00bb custom_margin_tablet=\u00bb||0px|\u00bb custom_margin_last_edited=\u00bboff|desktop\u00bb custom_padding=\u00bb16px|32px|16px|32px|true|true\u00bb hover_enabled=\u00bb0&#8243; locked=\u00bboff\u00bb global_colors_info=\u00bb{}\u00bb button_text_size__hover_enabled=\u00bboff\u00bb button_one_text_size__hover_enabled=\u00bboff\u00bb button_two_text_size__hover_enabled=\u00bboff\u00bb button_text_color__hover_enabled=\u00bboff\u00bb button_one_text_color__hover_enabled=\u00bboff\u00bb button_two_text_color__hover_enabled=\u00bboff\u00bb button_border_width__hover_enabled=\u00bboff\u00bb button_one_border_width__hover_enabled=\u00bboff\u00bb button_two_border_width__hover_enabled=\u00bboff\u00bb button_border_color__hover_enabled=\u00bboff\u00bb button_one_border_color__hover_enabled=\u00bboff\u00bb button_two_border_color__hover_enabled=\u00bboff\u00bb button_border_radius__hover_enabled=\u00bboff\u00bb button_one_border_radius__hover_enabled=\u00bboff\u00bb button_two_border_radius__hover_enabled=\u00bboff\u00bb button_letter_spacing__hover_enabled=\u00bboff\u00bb button_one_letter_spacing__hover_enabled=\u00bboff\u00bb button_two_letter_spacing__hover_enabled=\u00bboff\u00bb button_bg_color__hover_enabled=\u00bboff\u00bb button_one_bg_color__hover_enabled=\u00bboff\u00bb button_two_bg_color__hover_enabled=\u00bboff\u00bb button_url=\u00bbhttps:\/\/api.whatsapp.com\/send\/?phone=34609815291&#038;text&#038;type=phone_number&#038;app_absent=0&#8243; sticky_enabled=\u00bb0&#8243;][\/et_pb_button][\/et_pb_column][\/et_pb_row][\/et_pb_section][et_pb_section fb_built=\u00bb1&#8243; _builder_version=\u00bb4.16&#8243; global_colors_info=\u00bb{}\u00bb][et_pb_row column_structure=\u00bb1_3,1_3,1_3&#8243; _builder_version=\u00bb4.16&#8243; global_colors_info=\u00bb{}\u00bb][et_pb_column type=\u00bb1_3&#8243; _builder_version=\u00bb4.16&#8243; custom_padding=\u00bb|||\u00bb global_colors_info=\u00bb{}\u00bb custom_padding__hover=\u00bb|||\u00bb][et_pb_image src=\u00bbhttp:\/\/talleresfran.es\/wp-content\/uploads\/2024\/04\/stars-1.png\u00bb _builder_version=\u00bb4.16&#8243; custom_margin=\u00bb|||\u00bb animation_style=\u00bbslide\u00bb animation_intensity_slide=\u00bb25%\u00bb always_center_on_mobile=\u00bboff\u00bb locked=\u00bboff\u00bb global_colors_info=\u00bb{}\u00bb][\/et_pb_image][et_pb_testimonial author=\u00bbMar\u00eda Colette\u00bb url=\u00bb#\u00bb quote_icon=\u00bboff\u00bb portrait_width=\u00bb134px\u00bb portrait_height=\u00bb20px\u00bb _builder_version=\u00bb4.22.1&#8243; body_font=\u00bbJosefin Sans||||||||\u00bb body_font_size=\u00bb15px\u00bb body_line_height=\u00bb1.8em\u00bb use_background_color=\u00bboff\u00bb custom_margin=\u00bb|||\u00bb custom_padding=\u00bb0px|||20px\u00bb border_color_all=\u00bb#182457&#8243; border_width_left=\u00bb4px\u00bb border_radii_portrait=\u00bbon|0px|0px|0px|0px\u00bb box_shadow_style_image=\u00bbpreset1&#8243; locked=\u00bboff\u00bb global_colors_info=\u00bb{}\u00bb]<\/p>\n<p><span>From the first moment we met with a lot of professionalism to both the owner as well as his son, and employees, and it remains the months after the purchase of my Scenic, with which I am delighted. They are serious professionals and you see nothing more to treat them. For me as they are my trusted even if I have to make a few kilometritos to go.\u00a0<\/span><\/p>\n<p>[\/et_pb_testimonial][\/et_pb_column][et_pb_column type=\u00bb1_3&#8243; _builder_version=\u00bb4.16&#8243; custom_padding=\u00bb|||\u00bb global_colors_info=\u00bb{}\u00bb custom_padding__hover=\u00bb|||\u00bb][et_pb_image src=\u00bbhttp:\/\/talleresfran.es\/wp-content\/uploads\/2024\/04\/stars-1.png\u00bb _builder_version=\u00bb4.16&#8243; custom_margin=\u00bb|||\u00bb animation_style=\u00bbslide\u00bb animation_intensity_slide=\u00bb25%\u00bb always_center_on_mobile=\u00bboff\u00bb locked=\u00bboff\u00bb global_colors_info=\u00bb{}\u00bb][\/et_pb_image][et_pb_testimonial author=\u00bbYurena Gonz\u00e1lez\u00bb url=\u00bb#\u00bb quote_icon=\u00bboff\u00bb portrait_width=\u00bb134px\u00bb portrait_height=\u00bb20px\u00bb _builder_version=\u00bb4.22.1&#8243; body_font=\u00bbJosefin Sans||||||||\u00bb body_font_size=\u00bb15px\u00bb body_line_height=\u00bb1.8em\u00bb use_background_color=\u00bboff\u00bb custom_margin=\u00bb|||\u00bb custom_padding=\u00bb0px|||20px\u00bb border_color_all=\u00bb#182457&#8243; border_width_left=\u00bb4px\u00bb border_radii_portrait=\u00bbon|0px|0px|0px|0px\u00bb box_shadow_style_image=\u00bbpreset1&#8243; locked=\u00bboff\u00bb global_colors_info=\u00bb{}\u00bb]<\/p>\n<p><span>A dealer sale and purchase of cars with a wide stock. I try super professional and has a very good vehicles.<\/span><br \/><span>Buy a seat Leon 8 months ago and I am super happy, I had a fault with him, and he covered your warranty with no issue.<\/span><br \/><span>I advise this place if you want a second-hand car with a warranty, and revised.<\/span>Hi good people!<\/p>\n<p>[\/et_pb_testimonial][\/et_pb_column][et_pb_column type=\u00bb1_3&#8243; _builder_version=\u00bb4.16&#8243; custom_padding=\u00bb|||\u00bb global_colors_info=\u00bb{}\u00bb custom_padding__hover=\u00bb|||\u00bb][et_pb_image src=\u00bbhttp:\/\/talleresfran.es\/wp-content\/uploads\/2024\/04\/stars-1.png\u00bb _builder_version=\u00bb4.16&#8243; custom_margin=\u00bb|||\u00bb animation_style=\u00bbslide\u00bb animation_intensity_slide=\u00bb25%\u00bb always_center_on_mobile=\u00bboff\u00bb locked=\u00bboff\u00bb global_colors_info=\u00bb{}\u00bb][\/et_pb_image][et_pb_testimonial author=\u00bbV\u00edctor de la Cal\u00bb url=\u00bb#\u00bb quote_icon=\u00bboff\u00bb portrait_width=\u00bb134px\u00bb portrait_height=\u00bb20px\u00bb _builder_version=\u00bb4.22.1&#8243; body_font=\u00bbJosefin Sans||||||||\u00bb body_font_size=\u00bb15px\u00bb body_line_height=\u00bb1.8em\u00bb use_background_color=\u00bboff\u00bb custom_margin=\u00bb|||\u00bb custom_padding=\u00bb0px|||20px\u00bb border_color_all=\u00bb#182457&#8243; border_width_left=\u00bb4px\u00bb border_radii_portrait=\u00bbon|0px|0px|0px|0px\u00bb box_shadow_style_image=\u00bbpreset1&#8243; locked=\u00bboff\u00bb global_colors_info=\u00bb{}\u00bb]<\/p>\n<p><span>Good workshop of a lifetime with warranty repair-at least in the short term in two arrangements that I have had with them. The only thing to note is the small slippage in the reception and delivery of the car in time. It is to be understood with the amount of customers and cars to repair, but it is an option to improve in the medium term. Recommended.<\/span><\/p>\n<p>[\/et_pb_testimonial][\/et_pb_column][\/et_pb_row][\/et_pb_section][et_pb_section fb_built=\u00bb1&#8243; admin_label=\u00bbHero\u00bb _builder_version=\u00bb4.22.1&#8243; background_enable_color=\u00bboff\u00bb use_background_color_gradient=\u00bbon\u00bb background_color_gradient_direction=\u00bb118deg\u00bb background_color_gradient_stops=\u00bb#182457 0%|rgba(43,78,136,0.67) 100%\u00bb background_color_gradient_overlays_image=\u00bbon\u00bb background_color_gradient_start=\u00bb#063661&#8243; background_color_gradient_end=\u00bbrgba(43,78,136,0.67)\u00bb background_image=\u00bbhttp:\/\/talleresfran.es\/wp-content\/uploads\/2024\/04\/car-dealer-35.jpg\u00bb custom_margin=\u00bb4px|||||\u00bb custom_padding=\u00bb90px|0px|0px|0px|false|false\u00bb top_divider_style=\u00bbslant2&#8243; top_divider_color=\u00bb#FFFFFF\u00bb bottom_divider_color=\u00bb#faa152&#8243; bottom_divider_height=\u00bb260px\u00bb bottom_divider_flip=\u00bbvertical\u00bb bottom_divider_height_tablet=\u00bb\u00bb bottom_divider_height_phone=\u00bb90px\u00bb bottom_divider_height_last_edited=\u00bbon|desktop\u00bb global_colors_info=\u00bb{}\u00bb][et_pb_row column_structure=\u00bb1_3,1_3,1_3&#8243; _builder_version=\u00bb4.22.1&#8243; _module_preset=\u00bbdefault\u00bb global_colors_info=\u00bb{}\u00bb][et_pb_column type=\u00bb1_3&#8243; _builder_version=\u00bb4.22.1&#8243; _module_preset=\u00bbdefault\u00bb global_colors_info=\u00bb{}\u00bb][et_pb_image src=\u00bbhttp:\/\/talleresfran.es\/wp-content\/uploads\/2024\/04\/logoTalleresFran-1.png\u00bb title_text=\u00bblogoTalleresFran\u00bb align=\u00bbcenter\u00bb _builder_version=\u00bb4.22.1&#8243; _module_preset=\u00bbdefault\u00bb width=\u00bb50%\u00bb global_colors_info=\u00bb{}\u00bb][\/et_pb_image][et_pb_text _builder_version=\u00bb4.22.1&#8243; _module_preset=\u00bbdefault\u00bb text_text_color=\u00bb#a4a4a2&#8243; global_colors_info=\u00bb{}\u00bb]<\/p>\n<p><span>We perform repairs and maintenance on cars of all brands. Team of highly trained, prepared for the repair and maintenance of all brands of car.<\/span><\/p>\n<p>[\/et_pb_text][et_pb_blurb title=\u00bb979 728 604&#8243; url=\u00bbtel:%20979%20728%20604&#8243; use_icon=\u00bbon\u00bb font_icon=\u00bb&#xe00b;||divi||400&#8243; icon_color=\u00bb#a4a4a2&#8243; icon_placement=\u00bbleft\u00bb image_icon_width=\u00bb20px\u00bb content_max_width=\u00bb1100px\u00bb _builder_version=\u00bb4.22.1&#8243; header_level=\u00bbh5&#8243; header_font=\u00bbJosefin Sans|700|||||||\u00bb header_text_align=\u00bbleft\u00bb header_text_color=\u00bb#a4a4a2&#8243; header_font_size=\u00bb16px\u00bb body_font=\u00bbJosefin Sans||||||||\u00bb body_font_size=\u00bb18px\u00bb text_orientation=\u00bbcenter\u00bb background_layout=\u00bbdark\u00bb custom_margin=\u00bb20px||20px|\u00bb custom_padding=\u00bb|||\u00bb custom_padding_tablet=\u00bb||30px|\u00bb custom_padding_phone=\u00bb||30px|\u00bb custom_padding_last_edited=\u00bboff|desktop\u00bb header_font_size_tablet=\u00bb30px\u00bb header_font_size_phone=\u00bb25px\u00bb header_font_size_last_edited=\u00bboff|desktop\u00bb icon_font_size=\u00bb54px\u00bb locked=\u00bboff\u00bb global_colors_info=\u00bb{}\u00bb][\/et_pb_blurb][et_pb_blurb title=\u00bb609 815 291&#8243; url=\u00bbhttps:\/\/api.whatsapp.com\/send\/?phone=34609815291&#038;text&#038;type=phone_number&#038;app_absent=0&#8243; use_icon=\u00bbon\u00bb font_icon=\u00bb&#xf232;||fa||400&#8243; icon_color=\u00bb#a4a4a2&#8243; icon_placement=\u00bbleft\u00bb image_icon_width=\u00bb20px\u00bb content_max_width=\u00bb1100px\u00bb _builder_version=\u00bb4.22.1&#8243; header_level=\u00bbh5&#8243; header_font=\u00bbJosefin Sans|700|||||||\u00bb header_text_align=\u00bbleft\u00bb header_text_color=\u00bb#a4a4a2&#8243; header_font_size=\u00bb16px\u00bb body_font=\u00bbJosefin Sans||||||||\u00bb body_font_size=\u00bb18px\u00bb text_orientation=\u00bbcenter\u00bb background_layout=\u00bbdark\u00bb custom_margin=\u00bb20px||20px|\u00bb custom_padding=\u00bb|||\u00bb custom_padding_tablet=\u00bb||30px|\u00bb custom_padding_phone=\u00bb||30px|\u00bb custom_padding_last_edited=\u00bboff|desktop\u00bb hover_enabled=\u00bb0&#8243; header_font_size_tablet=\u00bb30px\u00bb header_font_size_phone=\u00bb25px\u00bb header_font_size_last_edited=\u00bboff|desktop\u00bb icon_font_size=\u00bb54px\u00bb locked=\u00bboff\u00bb global_colors_info=\u00bb{}\u00bb sticky_enabled=\u00bb0&#8243;][\/et_pb_blurb][et_pb_blurb use_icon=\u00bbon\u00bb font_icon=\u00bb&#xe010;||divi||400&#8243; icon_color=\u00bb#a4a4a2&#8243; icon_placement=\u00bbleft\u00bb image_icon_width=\u00bb20px\u00bb content_max_width=\u00bb1100px\u00bb _builder_version=\u00bb4.22.1&#8243; header_level=\u00bbh5&#8243; header_font=\u00bbJosefin Sans|700|||||||\u00bb header_text_align=\u00bbleft\u00bb header_text_color=\u00bb#a4a4a2&#8243; header_font_size=\u00bb16px\u00bb body_font=\u00bbJosefin Sans||||||||\u00bb body_font_size=\u00bb18px\u00bb text_orientation=\u00bbcenter\u00bb background_layout=\u00bbdark\u00bb custom_margin=\u00bb20px||20px|\u00bb custom_padding=\u00bb|||\u00bb custom_padding_tablet=\u00bb||30px|\u00bb custom_padding_phone=\u00bb||30px|\u00bb custom_padding_last_edited=\u00bboff|desktop\u00bb header_font_size_tablet=\u00bb30px\u00bb header_font_size_phone=\u00bb25px\u00bb header_font_size_last_edited=\u00bboff|desktop\u00bb icon_font_size=\u00bb54px\u00bb locked=\u00bboff\u00bb global_colors_info=\u00bb{}\u00bb]<\/p>\n<p><span style=\"color: #a4a4a2;\"><a href=\"mailto:talleresfran_palencia@hotmail.com\" style=\"color: #a4a4a2;\">talleresfran_palencia@hotmail.com<\/a><\/span><\/p>\n<p>&nbsp;<\/p>\n<p>[\/et_pb_blurb][\/et_pb_column][et_pb_column type=\u00bb1_3&#8243; _builder_version=\u00bb4.22.1&#8243; _module_preset=\u00bbdefault\u00bb global_colors_info=\u00bb{}\u00bb][et_pb_blurb title=\u00bbENLACES LEGALES:\u00bb icon_placement=\u00bbleft\u00bb image_icon_width=\u00bb20px\u00bb content_max_width=\u00bb1100px\u00bb _builder_version=\u00bb4.22.1&#8243; header_level=\u00bbh5&#8243; header_font=\u00bbJosefin Sans|700|||||||\u00bb header_text_align=\u00bbleft\u00bb header_text_color=\u00bb#a4a4a2&#8243; header_font_size=\u00bb16px\u00bb body_font=\u00bbJosefin Sans||||||||\u00bb body_text_color=\u00bb#a4a4a2&#8243; body_font_size=\u00bb18px\u00bb text_orientation=\u00bbcenter\u00bb background_layout=\u00bbdark\u00bb custom_margin=\u00bb20px||20px|\u00bb custom_padding=\u00bb|||\u00bb custom_padding_tablet=\u00bb||30px|\u00bb custom_padding_phone=\u00bb||30px|\u00bb custom_padding_last_edited=\u00bboff|desktop\u00bb header_font_size_tablet=\u00bb30px\u00bb header_font_size_phone=\u00bb25px\u00bb header_font_size_last_edited=\u00bboff|desktop\u00bb icon_font_size=\u00bb54px\u00bb locked=\u00bboff\u00bb global_colors_info=\u00bb{}\u00bb]<\/p>\n<ul>\n<li style=\"text-align: left;\"><span style=\"color: #a4a4a2;\"><a href=\"https:\/\/talleresfran.es\/en\/aviso-legal\/\" style=\"color: #a4a4a2;\">Legal Notice<\/a><\/span><\/li>\n<li style=\"text-align: left;\"><span style=\"color: #a4a4a2;\"><a href=\"https:\/\/talleresfran.es\/en\/politica-de-privacidad\/\" style=\"color: #a4a4a2;\">Privacy policy <\/a><\/span><\/li>\n<li style=\"text-align: left;\"><span style=\"color: #a4a4a2;\"><a href=\"https:\/\/talleresfran.es\/en\/politica-de-cookies\/\" style=\"color: #a4a4a2;\">Cookie policy<\/a><\/span><\/li>\n<\/ul>\n<p>[\/et_pb_blurb][et_pb_blurb title=\u00bbTALLER:\u00bb image_icon_background_color=\u00bb#a4a4a2&#8243; icon_placement=\u00bbleft\u00bb image_icon_width=\u00bb20px\u00bb content_max_width=\u00bb1100px\u00bb _builder_version=\u00bb4.22.1&#8243; header_level=\u00bbh5&#8243; header_font=\u00bbJosefin Sans|700|||||||\u00bb header_text_align=\u00bbleft\u00bb header_text_color=\u00bb#a4a4a2&#8243; header_font_size=\u00bb16px\u00bb body_font=\u00bbJosefin Sans||||||||\u00bb body_font_size=\u00bb18px\u00bb text_orientation=\u00bbcenter\u00bb background_layout=\u00bbdark\u00bb custom_margin=\u00bb20px||20px|\u00bb custom_padding=\u00bb|||\u00bb custom_padding_tablet=\u00bb||30px|\u00bb custom_padding_phone=\u00bb||30px|\u00bb custom_padding_last_edited=\u00bboff|desktop\u00bb header_font_size_tablet=\u00bb30px\u00bb header_font_size_phone=\u00bb25px\u00bb header_font_size_last_edited=\u00bboff|desktop\u00bb icon_font_size=\u00bb54px\u00bb locked=\u00bboff\u00bb global_colors_info=\u00bb{}\u00bb][\/et_pb_blurb][et_pb_blurb title=\u00bbC. Inglaterra, 10, 34004 Palencia\u00bb url=\u00bbhttps:\/\/www.google.com\/maps\/dir\/\/C.+Inglaterra,+10,+34004+Palencia\/@42.0015381,-4.5925736,12z\/data=!4m8!4m7!1m0!1m5!1m1!1s0xd47b1c57520e8f1:0x2725040f03fe6eb4!2m2!1d-4.5101781!2d42.0015757?entry=ttu\u00bb use_icon=\u00bbon\u00bb font_icon=\u00bb&#xf124;||fa||900&#8243; icon_color=\u00bb#a4a4a2&#8243; icon_placement=\u00bbleft\u00bb image_icon_width=\u00bb20px\u00bb content_max_width=\u00bb1100px\u00bb _builder_version=\u00bb4.22.1&#8243; header_level=\u00bbh5&#8243; header_font=\u00bbJosefin Sans|700|||||||\u00bb header_text_align=\u00bbleft\u00bb header_text_color=\u00bb#a4a4a2&#8243; header_font_size=\u00bb16px\u00bb body_font=\u00bbJosefin Sans||||||||\u00bb body_font_size=\u00bb18px\u00bb text_orientation=\u00bbcenter\u00bb background_layout=\u00bbdark\u00bb custom_margin=\u00bb20px||20px|\u00bb custom_padding=\u00bb|||\u00bb custom_padding_tablet=\u00bb||30px|\u00bb custom_padding_phone=\u00bb||30px|\u00bb custom_padding_last_edited=\u00bboff|desktop\u00bb header_font_size_tablet=\u00bb30px\u00bb header_font_size_phone=\u00bb25px\u00bb header_font_size_last_edited=\u00bboff|desktop\u00bb icon_font_size=\u00bb54px\u00bb locked=\u00bboff\u00bb global_colors_info=\u00bb{}\u00bb][\/et_pb_blurb][et_pb_blurb title=\u00bbHORARIO\u00bb icon_placement=\u00bbleft\u00bb image_icon_width=\u00bb20px\u00bb content_max_width=\u00bb1100px\u00bb _builder_version=\u00bb4.22.1&#8243; header_level=\u00bbh5&#8243; header_font=\u00bbJosefin Sans|700|||||||\u00bb header_text_align=\u00bbleft\u00bb header_text_color=\u00bb#a4a4a2&#8243; header_font_size=\u00bb16px\u00bb body_font=\u00bbJosefin Sans||||||||\u00bb body_font_size=\u00bb18px\u00bb text_orientation=\u00bbcenter\u00bb background_layout=\u00bbdark\u00bb custom_margin=\u00bb20px||20px|\u00bb custom_padding=\u00bb|||\u00bb custom_padding_tablet=\u00bb||30px|\u00bb custom_padding_phone=\u00bb||30px|\u00bb custom_padding_last_edited=\u00bboff|desktop\u00bb header_font_size_tablet=\u00bb30px\u00bb header_font_size_phone=\u00bb25px\u00bb header_font_size_last_edited=\u00bboff|desktop\u00bb icon_font_size=\u00bb54px\u00bb locked=\u00bboff\u00bb global_colors_info=\u00bb{}\u00bb][\/et_pb_blurb][et_pb_blurb title=\u00bb9:00 &#8211; 14h, 16:30-20h. | De lunes a viernes\u00bb use_icon=\u00bbon\u00bb font_icon=\u00bb&#x7d;||divi||400&#8243; icon_color=\u00bb#a4a4a2&#8243; icon_placement=\u00bbleft\u00bb image_icon_width=\u00bb20px\u00bb content_max_width=\u00bb1100px\u00bb _builder_version=\u00bb4.22.1&#8243; header_level=\u00bbh5&#8243; header_font=\u00bbJosefin Sans|700|||||||\u00bb header_text_align=\u00bbleft\u00bb header_text_color=\u00bb#a4a4a2&#8243; header_font_size=\u00bb16px\u00bb body_font=\u00bbJosefin Sans||||||||\u00bb body_font_size=\u00bb18px\u00bb text_orientation=\u00bbcenter\u00bb background_layout=\u00bbdark\u00bb custom_margin=\u00bb20px||20px|\u00bb custom_padding=\u00bb|||\u00bb custom_padding_tablet=\u00bb||30px|\u00bb custom_padding_phone=\u00bb||30px|\u00bb custom_padding_last_edited=\u00bboff|desktop\u00bb header_font_size_tablet=\u00bb30px\u00bb header_font_size_phone=\u00bb25px\u00bb header_font_size_last_edited=\u00bboff|desktop\u00bb icon_font_size=\u00bb54px\u00bb locked=\u00bboff\u00bb global_colors_info=\u00bb{}\u00bb][\/et_pb_blurb][\/et_pb_column][et_pb_column type=\u00bb1_3&#8243; _builder_version=\u00bb4.22.1&#8243; _module_preset=\u00bbdefault\u00bb global_colors_info=\u00bb{}\u00bb][et_pb_code _builder_version=\u00bb4.22.1&#8243; _module_preset=\u00bbdefault\u00bb text_orientation=\u00bbcenter\u00bb global_colors_info=\u00bb{}\u00bb]<iframe src=\"https:\/\/www.google.com\/maps\/embed?pb=!1m18!1m12!1m3!1d1482.4681253927463!2d-4.509265202921578!3d42.00164367395393!2m3!1f0!2f0!3f0!3m2!1i1024!2i768!4f13.1!3m3!1m2!1s0xd47b1c57520e8f1%3A0x2725040f03fe6eb4!2sTalleres%20FRAN!5e0!3m2!1ses!2ses!4v1714123930987!5m2!1ses!2ses\" width=\"400\" height=\"320\" style=\"border:0;\" allowfullscreen=\"\" loading=\"lazy\" referrerpolicy=\"no-referrer-when-downgrade\"><\/iframe>[\/et_pb_code][\/et_pb_column][\/et_pb_row][\/et_pb_section]<\/p>","protected":false},"excerpt":{"rendered":"<p>SERVICIOSTALLER MEC\u00c1NICO EN PALENCIATalleres Fran, En nuestro\u00a0Taller Multimarca\u00a0cuidamos hasta el m\u00e1s m\u00ednimo detalle para satisfacer a nuestros clientes. La relaci\u00f3n calidad precio que ofrecemos es muy competitiva frente al mercado actual. Todo con la m\u00e1xima eficiencia y calidad proporcionada por nuestro personal. Hacemos reparaciones y mantenimientos del autom\u00f3vil. Somos un\u00a0Taller Multimarca\u00a0con una amplia experiencia en [&hellip;]<\/p>","protected":false},"author":1,"featured_media":0,"parent":0,"menu_order":0,"comment_status":"closed","ping_status":"closed","template":"","meta":{"_et_pb_use_builder":"on","_et_pb_old_content":"","_et_gb_content_width":"","footnotes":""},"class_list":["post-2909","page","type-page","status-publish","hentry"],"yoast_head":"<!-- This site is optimized with the Yoast SEO plugin v25.9 - https:\/\/yoast.com\/wordpress\/plugins\/seo\/ -->\n<title>Servicios - Talleres Fran<\/title>\n<meta name=\"robots\" content=\"index, follow, max-snippet:-1, max-image-preview:large, max-video-preview:-1\" \/>\n<link rel=\"canonical\" href=\"http:\/\/talleresfran.es\/en\/servicios\/\" \/>\n<meta property=\"og:locale\" content=\"en_GB\" \/>\n<meta property=\"og:type\" content=\"article\" \/>\n<meta property=\"og:title\" content=\"Servicios - Talleres Fran\" \/>\n<meta property=\"og:description\" content=\"SERVICIOSTALLER MEC\u00c1NICO EN PALENCIATalleres Fran, En nuestro\u00a0Taller Multimarca\u00a0cuidamos hasta el m\u00e1s m\u00ednimo detalle para satisfacer a nuestros clientes. La relaci\u00f3n calidad precio que ofrecemos es muy competitiva frente al mercado actual. Todo con la m\u00e1xima eficiencia y calidad proporcionada por nuestro personal. Hacemos reparaciones y mantenimientos del autom\u00f3vil. Somos un\u00a0Taller Multimarca\u00a0con una amplia experiencia en [&hellip;]\" \/>\n<meta property=\"og:url\" content=\"http:\/\/talleresfran.es\/en\/servicios\/\" \/>\n<meta property=\"og:site_name\" content=\"Talleres Fran\" \/>\n<meta property=\"article:modified_time\" content=\"2024-04-29T14:37:15+00:00\" \/>\n<meta name=\"twitter:card\" content=\"summary_large_image\" \/>\n<meta name=\"twitter:label1\" content=\"Estimated reading time\" \/>\n\t<meta name=\"twitter:data1\" content=\"29 minutes\" \/>\n<script type=\"application\/ld+json\" class=\"yoast-schema-graph\">{\"@context\":\"https:\/\/schema.org\",\"@graph\":[{\"@type\":\"WebPage\",\"@id\":\"http:\/\/talleresfran.es\/servicios\",\"url\":\"http:\/\/talleresfran.es\/servicios\",\"name\":\"Servicios - Talleres Fran\",\"isPartOf\":{\"@id\":\"https:\/\/talleresfran.es\/#website\"},\"datePublished\":\"2024-04-29T09:34:06+00:00\",\"dateModified\":\"2024-04-29T14:37:15+00:00\",\"breadcrumb\":{\"@id\":\"http:\/\/talleresfran.es\/servicios#breadcrumb\"},\"inLanguage\":\"en-GB\",\"potentialAction\":[{\"@type\":\"ReadAction\",\"target\":[\"http:\/\/talleresfran.es\/servicios\"]}]},{\"@type\":\"BreadcrumbList\",\"@id\":\"http:\/\/talleresfran.es\/servicios#breadcrumb\",\"itemListElement\":[{\"@type\":\"ListItem\",\"position\":1,\"name\":\"Portada\",\"item\":\"http:\/\/talleresfran.es\/en\/\"},{\"@type\":\"ListItem\",\"position\":2,\"name\":\"Servicios\"}]},{\"@type\":\"WebSite\",\"@id\":\"https:\/\/talleresfran.es\/#website\",\"url\":\"https:\/\/talleresfran.es\/\",\"name\":\"Talleres Fran\",\"description\":\"Disponemos de la tecnolog\u00eda m\u00e1s avanzada para realizar reparaciones y mantenimientos de cajas de cambio autom\u00e1ticas en Palencia. Descarbonizaci\u00f3n de moteros.\",\"publisher\":{\"@id\":\"https:\/\/talleresfran.es\/#organization\"},\"potentialAction\":[{\"@type\":\"SearchAction\",\"target\":{\"@type\":\"EntryPoint\",\"urlTemplate\":\"https:\/\/talleresfran.es\/?s={search_term_string}\"},\"query-input\":{\"@type\":\"PropertyValueSpecification\",\"valueRequired\":true,\"valueName\":\"search_term_string\"}}],\"inLanguage\":\"en-GB\"},{\"@type\":\"Organization\",\"@id\":\"https:\/\/talleresfran.es\/#organization\",\"name\":\"Talleres Fran\",\"url\":\"https:\/\/talleresfran.es\/\",\"logo\":{\"@type\":\"ImageObject\",\"inLanguage\":\"en-GB\",\"@id\":\"https:\/\/talleresfran.es\/#\/schema\/logo\/image\/\",\"url\":\"https:\/\/talleresfran.es\/wp-content\/uploads\/2024\/04\/logoTalleresFran.png\",\"contentUrl\":\"https:\/\/talleresfran.es\/wp-content\/uploads\/2024\/04\/logoTalleresFran.png\",\"width\":800,\"height\":199,\"caption\":\"Talleres Fran\"},\"image\":{\"@id\":\"https:\/\/talleresfran.es\/#\/schema\/logo\/image\/\"}}]}<\/script>\n<!-- \/ Yoast SEO plugin. -->","yoast_head_json":{"title":"Servicios - Talleres Fran","robots":{"index":"index","follow":"follow","max-snippet":"max-snippet:-1","max-image-preview":"max-image-preview:large","max-video-preview":"max-video-preview:-1"},"canonical":"http:\/\/talleresfran.es\/en\/servicios\/","og_locale":"en_GB","og_type":"article","og_title":"Servicios - Talleres Fran","og_description":"SERVICIOSTALLER MEC\u00c1NICO EN PALENCIATalleres Fran, En nuestro\u00a0Taller Multimarca\u00a0cuidamos hasta el m\u00e1s m\u00ednimo detalle para satisfacer a nuestros clientes. La relaci\u00f3n calidad precio que ofrecemos es muy competitiva frente al mercado actual. Todo con la m\u00e1xima eficiencia y calidad proporcionada por nuestro personal. Hacemos reparaciones y mantenimientos del autom\u00f3vil. Somos un\u00a0Taller Multimarca\u00a0con una amplia experiencia en [&hellip;]","og_url":"http:\/\/talleresfran.es\/en\/servicios\/","og_site_name":"Talleres Fran","article_modified_time":"2024-04-29T14:37:15+00:00","twitter_card":"summary_large_image","twitter_misc":{"Estimated reading time":"29 minutes"},"schema":{"@context":"https:\/\/schema.org","@graph":[{"@type":"WebPage","@id":"http:\/\/talleresfran.es\/servicios","url":"http:\/\/talleresfran.es\/servicios","name":"Servicios - Talleres Fran","isPartOf":{"@id":"https:\/\/talleresfran.es\/#website"},"datePublished":"2024-04-29T09:34:06+00:00","dateModified":"2024-04-29T14:37:15+00:00","breadcrumb":{"@id":"http:\/\/talleresfran.es\/servicios#breadcrumb"},"inLanguage":"en-GB","potentialAction":[{"@type":"ReadAction","target":["http:\/\/talleresfran.es\/servicios"]}]},{"@type":"BreadcrumbList","@id":"http:\/\/talleresfran.es\/servicios#breadcrumb","itemListElement":[{"@type":"ListItem","position":1,"name":"Portada","item":"http:\/\/talleresfran.es\/en\/"},{"@type":"ListItem","position":2,"name":"Servicios"}]},{"@type":"WebSite","@id":"https:\/\/talleresfran.es\/#website","url":"https:\/\/talleresfran.es\/","name":"Workshops Fran","description":"Disponemos de la tecnolog\u00eda m\u00e1s avanzada para realizar reparaciones y mantenimientos de cajas de cambio autom\u00e1ticas en Palencia. Descarbonizaci\u00f3n de moteros.","publisher":{"@id":"https:\/\/talleresfran.es\/#organization"},"potentialAction":[{"@type":"SearchAction","target":{"@type":"EntryPoint","urlTemplate":"https:\/\/talleresfran.es\/?s={search_term_string}"},"query-input":{"@type":"PropertyValueSpecification","valueRequired":true,"valueName":"search_term_string"}}],"inLanguage":"en-GB"},{"@type":"Organization","@id":"https:\/\/talleresfran.es\/#organization","name":"Workshops Fran","url":"https:\/\/talleresfran.es\/","logo":{"@type":"ImageObject","inLanguage":"en-GB","@id":"https:\/\/talleresfran.es\/#\/schema\/logo\/image\/","url":"https:\/\/talleresfran.es\/wp-content\/uploads\/2024\/04\/logoTalleresFran.png","contentUrl":"https:\/\/talleresfran.es\/wp-content\/uploads\/2024\/04\/logoTalleresFran.png","width":800,"height":199,"caption":"Talleres Fran"},"image":{"@id":"https:\/\/talleresfran.es\/#\/schema\/logo\/image\/"}}]}},"_links":{"self":[{"href":"http:\/\/talleresfran.es\/en\/wp-json\/wp\/v2\/pages\/2909","targetHints":{"allow":["GET"]}}],"collection":[{"href":"http:\/\/talleresfran.es\/en\/wp-json\/wp\/v2\/pages"}],"about":[{"href":"http:\/\/talleresfran.es\/en\/wp-json\/wp\/v2\/types\/page"}],"author":[{"embeddable":true,"href":"http:\/\/talleresfran.es\/en\/wp-json\/wp\/v2\/users\/1"}],"replies":[{"embeddable":true,"href":"http:\/\/talleresfran.es\/en\/wp-json\/wp\/v2\/comments?post=2909"}],"version-history":[{"count":27,"href":"http:\/\/talleresfran.es\/en\/wp-json\/wp\/v2\/pages\/2909\/revisions"}],"predecessor-version":[{"id":2971,"href":"http:\/\/talleresfran.es\/en\/wp-json\/wp\/v2\/pages\/2909\/revisions\/2971"}],"wp:attachment":[{"href":"http:\/\/talleresfran.es\/en\/wp-json\/wp\/v2\/media?parent=2909"}],"curies":[{"name":"wp","href":"https:\/\/api.w.org\/{rel}","templated":true}]}}