{"id":2820,"date":"2024-04-26T17:46:25","date_gmt":"2024-04-26T15:46:25","guid":{"rendered":"http:\/\/talleresfran.es\/?page_id=2820"},"modified":"2024-04-26T18:16:38","modified_gmt":"2024-04-26T16:16:38","slug":"aviso-legal","status":"publish","type":"page","link":"http:\/\/talleresfran.es\/en\/aviso-legal","title":{"rendered":"Legal Notice"},"content":{"rendered":"<p>[et_pb_section fb_built=\u00bb1&#8243; _builder_version=\u00bb4.22.1&#8243; _module_preset=\u00bbdefault\u00bb global_colors_info=\u00bb{}\u00bb][et_pb_row _builder_version=\u00bb4.22.1&#8243; _module_preset=\u00bbdefault\u00bb global_colors_info=\u00bb{}\u00bb][et_pb_column type=\u00bb4_4&#8243; _builder_version=\u00bb4.22.1&#8243; _module_preset=\u00bbdefault\u00bb global_colors_info=\u00bb{}\u00bb][et_pb_text _builder_version=\u00bb4.22.1&#8243; text_font=\u00bbAllerta Stencil||||||||\u00bb text_font_size=\u00bb20px\u00bb text_line_height=\u00bb1.8em\u00bb header_font=\u00bb||||||||\u00bb header_2_font=\u00bbJosefin Sans|700|||||||\u00bb header_2_font_size=\u00bb50px\u00bb header_2_line_height=\u00bb1.4em\u00bb max_width=\u00bb800px\u00bb header_2_font_size_tablet=\u00bb50px\u00bb header_2_font_size_phone=\u00bb34px\u00bb header_2_font_size_last_edited=\u00bbon|phone\u00bb locked=\u00bboff\u00bb global_colors_info=\u00bb{}\u00bb]<\/p>\n<h2><span style=\"color: #182457;\">Legal Notice<\/span><\/h2>\n<p>[\/et_pb_text][et_pb_text _builder_version=\u00bb4.22.1&#8243; _module_preset=\u00bbdefault\u00bb text_font=\u00bbJosefin Sans||||||||\u00bb text_text_color=\u00bb#000000&#8243; hover_enabled=\u00bb0&#8243; global_colors_info=\u00bb{}\u00bb sticky_enabled=\u00bb0&#8243;]<\/p>\n<p><strong>\u00a01. OBJETO <\/strong><\/p>\n<p><span>El presente aviso legal regula el uso y utilizaci\u00f3n del sitio web talleresfranpalencia.es, del que es titular FELYTOM, SL (en adelante, EL PROPIETARIO DE LA WEB). La navegaci\u00f3n por el sitio web de EL PROPIETARIO DE LA WEB le atribuye la condici\u00f3n de USUARIO del mismo y conlleva su aceptaci\u00f3n plena y sin reservas de todas y cada una de las condiciones publicadas en este aviso legal, advirtiendo de que dichas condiciones podr\u00e1n ser modificadas sin notificaci\u00f3n previa por parte de EL PROPIETARIO DE LA WEB, en cuyo caso se proceder\u00e1 a su publicaci\u00f3n y aviso con la m\u00e1xima antelaci\u00f3n posible. Por ello es recomendable leer atentamente su contenido en caso de desear acceder y hacer uso de la informaci\u00f3n y de los servicios ofrecidos desde este sitio web. El usuario, adem\u00e1s, se obliga a hacer un uso correcto del sitio web de conformidad con las leyes, la buena fe, el orden p\u00fablico, los usos del tr\u00e1fico y el presente Aviso Legal, y responder\u00e1 frente a EL PROPIETARIO DE LA WEB o frente a terceros, de cualesquiera da\u00f1os y perjuicios que pudieran causarse como consecuencia del incumplimiento de dicha obligaci\u00f3n. Cualquier utilizaci\u00f3n distinta a la autorizada est\u00e1 expresamente prohibida, pudiendo EL PROPIETARIO DE LA WEB denegar o retirar el acceso y su uso en cualquier momento. <\/span><\/p>\n<p><strong>2. IDENTIFICACI\u00d3N EL PROPIETARIO DE LA WEB<\/strong><\/p>\n<p><span>En cumplimiento de la Ley 34\/2002, de 11 de julio, de Servicios de la Sociedad de la Informaci\u00f3n y de Comercio Electr\u00f3nico, le informa de que: <\/span><\/p>\n<p><span>Su denominaci\u00f3n social es: FELYTOM, SL <\/span><\/p>\n<p><span>Su CIF es: B34142612 \u2022 Su domicilio social est\u00e1 en: CL INGLATERRA, 10 PARCELA 136 &#8211; 34004 \u2013 PALENCIA<\/span><\/p>\n<p><span>Inscrita en el Registro Mercantil de Palencia Tomo 264, Folio 103, Secci\u00f3n 8, Hoja P 1498, Inscripci\u00f3n 5\u00aa 3. COMUNICACIONES Para comunicarse con nosotros, ponemos a su disposici\u00f3n diferentes medios de contacto que detallamos a continuaci\u00f3n:<\/span><\/p>\n<p>Tfno.: 979728604<\/p>\n<p><span>Email:talleresfran_palencia@hotmail.com<\/span><span>Todas las notificaciones y comunicaciones entre los usuarios y PROPIETARIO DE LA WEB se considerar\u00e1n eficaces, a todos los efectos, cuando se realicen a trav\u00e9s de cualquier medio de los detallados anteriormente. <\/span><\/p>\n<p><strong>4. CONDICIONES DE ACCESO Y UTILIZACI\u00d3N<\/strong><\/p>\n<p><span>El sitio web y sus servicios son de acceso libre y gratuito. No obstante, PROPIETARIO DE LA WEB puede condicionar la utilizaci\u00f3n de algunos de los servicios ofrecidos en su web a la previa cumplimentaci\u00f3n del correspondiente formulario. El usuario garantiza la autenticidad y actualidad de todos aquellos datos que comunique a PROPIETARIO DE LA WEB y ser\u00e1 el \u00fanico responsable de las manifestaciones falsas o inexactas que realice. El usuario se compromete expresamente a hacer un uso adecuado de los contenidos y servicios de PROPIETARIO DE LA WEB y a no emplearlos para, entre otros: a) Difundir contenidos delictivos, violentos, pornogr\u00e1ficos, racistas, xen\u00f3fobos, ofensivos, de apolog\u00eda del terrorismo o, en general, contrarios a la ley o al orden p\u00fablico. b) Introducir en la red virus inform\u00e1ticos o realizar actuaciones susceptibles de alterar, estropear, interrumpir o generar errores o da\u00f1os en los documentos electr\u00f3nicos, datos o sistemas f\u00edsicos y l\u00f3gicos de PROPIETARIO DE LA WEB o de terceras personas; as\u00ed como obstaculizar el acceso de otros usuarios al sitio web y a sus servicios mediante el consumo masivo de los recursos inform\u00e1ticos a trav\u00e9s de los cuales PROPIETARIO DE LA WEB presta sus servicios. c) Intentar acceder a las cuentas de correo electr\u00f3nico de otros usuarios o a \u00e1reas restringidas de los sistemas inform\u00e1ticos de PROPIETARIO DE LA WEB o de terceros y, en su caso, extraer informaci\u00f3n. d) Vulnerar los derechos de propiedad intelectual o industrial, as\u00ed como violar la confidencialidad de la informaci\u00f3n de PROPIETARIO DE LA WEB o de terceros. e) Suplantar la identidad de cualquier otro usuario. f) Reproducir, copiar, distribuir, poner a disposici\u00f3n de, o cualquier otra forma de comunicaci\u00f3n p\u00fablica, transformar o modificar los contenidos, a menos que se cuente con la autorizaci\u00f3n del titular de los correspondientes derechos o ello resulte legalmente permitido. g) Recabar datos con finalidad publicitaria y de remitir publicidad de cualquier clase y comunicaciones con fines de venta u otras de naturaleza comercial sin que medie su previa solicitud o consentimiento. Todos los contenidos del sitio web, como textos, fotograf\u00edas, gr\u00e1ficos, im\u00e1genes, iconos, tecnolog\u00eda, software, as\u00ed como su dise\u00f1o gr\u00e1fico y c\u00f3digos fuente, constituyen una obra cuya propiedad pertenece a PROPIETARIO DE LA WEB, sin que puedan entenderse cedidos al usuario ninguno de los derechos de explotaci\u00f3n sobre los mismos m\u00e1s all\u00e1 de lo estrictamente necesario para el correcto uso de la web. En definitiva, los usuarios que accedan a este sitio web pueden visualizar los contenidos y efectuar, en su caso, copias privadas autorizadas siempre que los elementos reproducidos no sean cedidos posteriormente a terceros, ni se instalen a servidores conectados a redes, ni sean objeto de ning\u00fan tipo de explotaci\u00f3n. Asimismo, todas las marcas, nombres comerciales o signos distintivos de cualquier clase que aparecen en el sitio web son propiedad de PROPIETARIO DE LA WEB, sin que pueda entenderse que el uso o acceso al mismo atribuya al usuario derecho alguno sobre los mismos. La distribuci\u00f3n, modificaci\u00f3n, cesi\u00f3n o comunicaci\u00f3n p\u00fablica de los contenidos y cualquier otro acto que no haya sido expresamente autorizado por el titular de los derechos de explotaci\u00f3n quedan prohibidos. El establecimiento de un hiperenlace no implica en ning\u00fan caso la existencia de relaciones entre PROPIETARIO DE LA WEB y el propietario del sitio web en la que se establezca, ni la aceptaci\u00f3n y aprobaci\u00f3n por parte de PROPIETARIO DE LA WEB de sus contenidos o servicios. PROPIETARIO DE LA WEB no se responsabiliza del uso que cada usuario les d\u00e9 a los materiales puestos a disposici\u00f3n en este sitio web ni de las actuaciones que realice en base a los mismos. 4.1. EXCLUSI\u00d3N DE GARANT\u00cdAS Y DE RESPONSABILIDAD EN EL ACCESO Y LA UTILIZACI\u00d3N El contenido del presente sitio web es de car\u00e1cter general y tiene una finalidad meramente informativa, sin que se garantice plenamente el acceso a todos los contenidos, ni su exhaustividad, correcci\u00f3n, vigencia o actualidad, ni su idoneidad o utilidad para un objetivo espec\u00edfico. PROPIETARIO DE LA WEB excluye, hasta donde permite el ordenamiento jur\u00eddico, cualquier responsabilidad por los da\u00f1os y perjuicios de toda naturaleza derivados de: a) La imposibilidad de acceso al sitio web o la falta de veracidad, exactitud, exhaustividad y\/o actualidad de los contenidos, as\u00ed como la existencia de vicios y defectos de toda clase de los contenidos transmitidos, difundidos, almacenados, puestos a disposici\u00f3n, a los que se haya accedido a trav\u00e9s del sitio web o de los servicios que se ofrecen. b) La presencia de virus o de otros elementos en los contenidos que puedan producir alteraciones en los sistemas inform\u00e1ticos, documentos electr\u00f3nicos o datos de los usuarios. c) El incumplimiento de las leyes, la buena fe, el orden p\u00fablico, los usos del tr\u00e1fico y el presente aviso legal como consecuencia del uso incorrecto del sitio web. En particular, y a modo ejemplificativo, PROPIETARIO DE LA WEB no se hace responsable de las actuaciones de terceros que vulneren derechos de propiedad intelectual e industrial, secretos empresariales, derechos al honor, a la intimidad personal y familiar y a la propia imagen, as\u00ed como la normativa en materia de competencia desleal y publicidad il\u00edcita. Asimismo, PROPIETARIO DE LA WEB declina cualquier responsabilidad respecto a la informaci\u00f3n que se halle fuera de esta web y no sea gestionada directamente por nuestro webmaster. La funci\u00f3n de los links que aparecen en esta web es exclusivamente la de informar al usuario sobre la existencia de otras fuentes susceptibles de ampliar los contenidos que ofrece este sitio web. PROPIETARIO DE LA WEB no garantiza ni se responsabiliza del funcionamiento o accesibilidad de los sitios enlazados; ni sugiere, invita o recomienda la visita a los mismos, por lo que tampoco ser\u00e1 responsable del resultado obtenido. PROPIETARIO DE LA WEB no se responsabiliza del establecimiento de hiperv\u00ednculos por parte de terceros. 4.2. PROCEDIMIENTO EN CASO DE REALIZACI\u00d3N DE ACTIVIDADES DE CAR\u00c1CTER IL\u00cdCITO En el caso de que cualquier usuario o un tercero considere que existen hechos o circunstancias que revelen el car\u00e1cter il\u00edcito de la utilizaci\u00f3n de cualquier contenido y\/o de la realizaci\u00f3n de cualquier actividad en las p\u00e1ginas web incluidas o accesibles a trav\u00e9s del sitio web, deber\u00e1 enviar una notificaci\u00f3n a PROPIETARIO DE LA WEB identific\u00e1ndose debidamente y especificando las supuestas infracciones. 4.3. PUBLICACIONES La informaci\u00f3n administrativa facilitada a trav\u00e9s del sitio web no sustituye la publicidad legal de las leyes, normativas, planes, disposiciones generales y actos que tengan que ser publicados formalmente a los diarios oficiales de las administraciones p\u00fablicas, que constituyen el \u00fanico instrumento que da fe de su autenticidad y contenido. La informaci\u00f3n disponible en este sitio web debe entenderse como una gu\u00eda sin prop\u00f3sito de validez legal. <\/span><\/p>\n<p><strong>5. LEGISLACI\u00d3N APLICABLE<\/strong><\/p>\n<p><span>Las condiciones presentes se regir\u00e1n por la legislaci\u00f3n espa\u00f1ola vigente. La lengua utilizada ser\u00e1 el Castellano.<\/span><\/p>\n<p>[\/et_pb_text][\/et_pb_column][\/et_pb_row][\/et_pb_section][et_pb_section fb_built=\u00bb1&#8243; admin_label=\u00bbHero\u00bb _builder_version=\u00bb4.22.1&#8243; background_enable_color=\u00bboff\u00bb use_background_color_gradient=\u00bbon\u00bb background_color_gradient_direction=\u00bb118deg\u00bb background_color_gradient_stops=\u00bb#182457 0%|rgba(43,78,136,0.67) 100%\u00bb background_color_gradient_overlays_image=\u00bbon\u00bb background_color_gradient_start=\u00bb#063661&#8243; background_color_gradient_end=\u00bbrgba(43,78,136,0.67)\u00bb background_image=\u00bbhttp:\/\/talleresfran.es\/wp-content\/uploads\/2024\/04\/car-dealer-35.jpg\u00bb custom_margin=\u00bb4px|||||\u00bb custom_padding=\u00bb90px|0px|0px|0px|false|false\u00bb bottom_divider_color=\u00bb#faa152&#8243; bottom_divider_height=\u00bb260px\u00bb bottom_divider_flip=\u00bbvertical\u00bb bottom_divider_height_tablet=\u00bb\u00bb bottom_divider_height_phone=\u00bb90px\u00bb bottom_divider_height_last_edited=\u00bbon|desktop\u00bb global_colors_info=\u00bb{}\u00bb][et_pb_row column_structure=\u00bb1_3,1_3,1_3&#8243; _builder_version=\u00bb4.22.1&#8243; _module_preset=\u00bbdefault\u00bb global_colors_info=\u00bb{}\u00bb][et_pb_column type=\u00bb1_3&#8243; _builder_version=\u00bb4.22.1&#8243; _module_preset=\u00bbdefault\u00bb global_colors_info=\u00bb{}\u00bb][et_pb_image src=\u00bbhttp:\/\/talleresfran.es\/wp-content\/uploads\/2024\/04\/logoTalleresFran-1.png\u00bb title_text=\u00bblogoTalleresFran\u00bb align=\u00bbcenter\u00bb _builder_version=\u00bb4.22.1&#8243; _module_preset=\u00bbdefault\u00bb width=\u00bb50%\u00bb global_colors_info=\u00bb{}\u00bb][\/et_pb_image][et_pb_text _builder_version=\u00bb4.22.1&#8243; _module_preset=\u00bbdefault\u00bb text_text_color=\u00bb#a4a4a2&#8243; hover_enabled=\u00bb0&#8243; global_colors_info=\u00bb{}\u00bb header_font=\u00bbAllerta Stencil||||||||\u00bb text_font=\u00bbJosefin Sans||||||||\u00bb sticky_enabled=\u00bb0&#8243;]<\/p>\n<p><span>We perform repairs and maintenance on cars of all brands. Team of highly trained, prepared for the repair and maintenance of all brands of car.<\/span><\/p>\n<p>[\/et_pb_text][et_pb_blurb title=\u00bb979 728 604&#8243; use_icon=\u00bbon\u00bb font_icon=\u00bb&#xe00b;||divi||400&#8243; icon_color=\u00bb#a4a4a2&#8243; icon_placement=\u00bbleft\u00bb image_icon_width=\u00bb20px\u00bb content_max_width=\u00bb1100px\u00bb _builder_version=\u00bb4.22.1&#8243; header_level=\u00bbh5&#8243; header_font=\u00bbJosefin Sans|700|||||||\u00bb header_text_align=\u00bbleft\u00bb header_text_color=\u00bb#a4a4a2&#8243; header_font_size=\u00bb16px\u00bb body_font=\u00bbJosefin Sans||||||||\u00bb body_font_size=\u00bb18px\u00bb text_orientation=\u00bbcenter\u00bb background_layout=\u00bbdark\u00bb custom_margin=\u00bb20px||20px|\u00bb custom_padding=\u00bb|||\u00bb custom_padding_tablet=\u00bb||30px|\u00bb custom_padding_phone=\u00bb||30px|\u00bb custom_padding_last_edited=\u00bboff|desktop\u00bb hover_enabled=\u00bb0&#8243; header_font_size_tablet=\u00bb30px\u00bb header_font_size_phone=\u00bb25px\u00bb header_font_size_last_edited=\u00bboff|desktop\u00bb icon_font_size=\u00bb54px\u00bb locked=\u00bboff\u00bb global_colors_info=\u00bb{}\u00bb sticky_enabled=\u00bb0&#8243;][\/et_pb_blurb][et_pb_blurb title=\u00bb609 815 291&#8243; use_icon=\u00bbon\u00bb font_icon=\u00bb&#xf232;||fa||400&#8243; icon_color=\u00bb#a4a4a2&#8243; icon_placement=\u00bbleft\u00bb image_icon_width=\u00bb20px\u00bb content_max_width=\u00bb1100px\u00bb _builder_version=\u00bb4.22.1&#8243; header_level=\u00bbh5&#8243; header_font=\u00bbJosefin Sans|700|||||||\u00bb header_text_align=\u00bbleft\u00bb header_text_color=\u00bb#a4a4a2&#8243; header_font_size=\u00bb16px\u00bb body_font=\u00bbJosefin Sans||||||||\u00bb body_font_size=\u00bb18px\u00bb text_orientation=\u00bbcenter\u00bb background_layout=\u00bbdark\u00bb custom_margin=\u00bb20px||20px|\u00bb custom_padding=\u00bb|||\u00bb custom_padding_tablet=\u00bb||30px|\u00bb custom_padding_phone=\u00bb||30px|\u00bb custom_padding_last_edited=\u00bboff|desktop\u00bb header_font_size_tablet=\u00bb30px\u00bb header_font_size_phone=\u00bb25px\u00bb header_font_size_last_edited=\u00bboff|desktop\u00bb icon_font_size=\u00bb54px\u00bb locked=\u00bboff\u00bb global_colors_info=\u00bb{}\u00bb][\/et_pb_blurb][et_pb_blurb title=\u00bbtalleresfran_palencia@hotmail.com\u00bb use_icon=\u00bbon\u00bb font_icon=\u00bb&#xe010;||divi||400&#8243; icon_color=\u00bb#a4a4a2&#8243; icon_placement=\u00bbleft\u00bb image_icon_width=\u00bb20px\u00bb content_max_width=\u00bb1100px\u00bb _builder_version=\u00bb4.22.1&#8243; header_level=\u00bbh5&#8243; header_font=\u00bbJosefin Sans|700|||||||\u00bb header_text_align=\u00bbleft\u00bb header_text_color=\u00bb#a4a4a2&#8243; header_font_size=\u00bb16px\u00bb body_font=\u00bbJosefin Sans||||||||\u00bb body_font_size=\u00bb18px\u00bb text_orientation=\u00bbcenter\u00bb background_layout=\u00bbdark\u00bb custom_margin=\u00bb20px||20px|\u00bb custom_padding=\u00bb|||\u00bb custom_padding_tablet=\u00bb||30px|\u00bb custom_padding_phone=\u00bb||30px|\u00bb custom_padding_last_edited=\u00bboff|desktop\u00bb header_font_size_tablet=\u00bb30px\u00bb header_font_size_phone=\u00bb25px\u00bb header_font_size_last_edited=\u00bboff|desktop\u00bb icon_font_size=\u00bb54px\u00bb locked=\u00bboff\u00bb global_colors_info=\u00bb{}\u00bb][\/et_pb_blurb][\/et_pb_column][et_pb_column type=\u00bb1_3&#8243; _builder_version=\u00bb4.22.1&#8243; _module_preset=\u00bbdefault\u00bb global_colors_info=\u00bb{}\u00bb][et_pb_blurb title=\u00bbENLACES LEGALES:\u00bb icon_placement=\u00bbleft\u00bb image_icon_width=\u00bb20px\u00bb content_max_width=\u00bb1100px\u00bb _builder_version=\u00bb4.22.1&#8243; header_level=\u00bbh5&#8243; header_font=\u00bbJosefin Sans|700|||||||\u00bb header_text_align=\u00bbleft\u00bb header_text_color=\u00bb#a4a4a2&#8243; header_font_size=\u00bb16px\u00bb body_font=\u00bbJosefin Sans||||||||\u00bb body_text_color=\u00bb#a4a4a2&#8243; body_font_size=\u00bb18px\u00bb text_orientation=\u00bbcenter\u00bb background_layout=\u00bbdark\u00bb custom_margin=\u00bb20px||20px|\u00bb custom_padding=\u00bb|||\u00bb custom_padding_tablet=\u00bb||30px|\u00bb custom_padding_phone=\u00bb||30px|\u00bb custom_padding_last_edited=\u00bboff|desktop\u00bb hover_enabled=\u00bb0&#8243; header_font_size_tablet=\u00bb30px\u00bb header_font_size_phone=\u00bb25px\u00bb header_font_size_last_edited=\u00bboff|desktop\u00bb icon_font_size=\u00bb54px\u00bb locked=\u00bboff\u00bb global_colors_info=\u00bb{}\u00bb sticky_enabled=\u00bb0&#8243;]<\/p>\n<ul>\n<li style=\"text-align: left;\"><span style=\"color: #a4a4a2;\"><a href=\"https:\/\/talleresfran.es\/en\/aviso-legal\/\/politica-de-privacidad\/\" style=\"color: #a4a4a2;\">Privacy policy<\/a><\/span><\/li>\n<li style=\"text-align: left;\"><span style=\"color: #a4a4a2;\"><a href=\"https:\/\/talleresfran.es\/en\/politica-de-privacidad\/\" style=\"color: #a4a4a2;\">Privacy policy<\/a><\/span><\/li>\n<li style=\"text-align: left;\"><span style=\"color: #a4a4a2;\"><a href=\"https:\/\/talleresfran.es\/en\/politica-de-cookies\/\" style=\"color: #a4a4a2;\">Cookie policy<\/a><\/span><\/li>\n<\/ul>\n<p>[\/et_pb_blurb][et_pb_blurb title=\u00bbTALLER:\u00bb image_icon_background_color=\u00bb#a4a4a2&#8243; icon_placement=\u00bbleft\u00bb image_icon_width=\u00bb20px\u00bb content_max_width=\u00bb1100px\u00bb _builder_version=\u00bb4.22.1&#8243; header_level=\u00bbh5&#8243; header_font=\u00bbJosefin Sans|700|||||||\u00bb header_text_align=\u00bbleft\u00bb header_text_color=\u00bb#a4a4a2&#8243; header_font_size=\u00bb16px\u00bb body_font=\u00bbJosefin Sans||||||||\u00bb body_font_size=\u00bb18px\u00bb text_orientation=\u00bbcenter\u00bb background_layout=\u00bbdark\u00bb custom_margin=\u00bb20px||20px|\u00bb custom_padding=\u00bb|||\u00bb custom_padding_tablet=\u00bb||30px|\u00bb custom_padding_phone=\u00bb||30px|\u00bb custom_padding_last_edited=\u00bboff|desktop\u00bb header_font_size_tablet=\u00bb30px\u00bb header_font_size_phone=\u00bb25px\u00bb header_font_size_last_edited=\u00bboff|desktop\u00bb icon_font_size=\u00bb54px\u00bb locked=\u00bboff\u00bb global_colors_info=\u00bb{}\u00bb][\/et_pb_blurb][et_pb_blurb title=\u00bbC. Inglaterra, 10, 34004 Palencia\u00bb use_icon=\u00bbon\u00bb font_icon=\u00bb&#xf124;||fa||900&#8243; icon_color=\u00bb#a4a4a2&#8243; icon_placement=\u00bbleft\u00bb image_icon_width=\u00bb20px\u00bb content_max_width=\u00bb1100px\u00bb _builder_version=\u00bb4.22.1&#8243; header_level=\u00bbh5&#8243; header_font=\u00bbJosefin Sans|700|||||||\u00bb header_text_align=\u00bbleft\u00bb header_text_color=\u00bb#a4a4a2&#8243; header_font_size=\u00bb16px\u00bb body_font=\u00bbJosefin Sans||||||||\u00bb body_font_size=\u00bb18px\u00bb text_orientation=\u00bbcenter\u00bb background_layout=\u00bbdark\u00bb custom_margin=\u00bb20px||20px|\u00bb custom_padding=\u00bb|||\u00bb custom_padding_tablet=\u00bb||30px|\u00bb custom_padding_phone=\u00bb||30px|\u00bb custom_padding_last_edited=\u00bboff|desktop\u00bb header_font_size_tablet=\u00bb30px\u00bb header_font_size_phone=\u00bb25px\u00bb header_font_size_last_edited=\u00bboff|desktop\u00bb icon_font_size=\u00bb54px\u00bb locked=\u00bboff\u00bb global_colors_info=\u00bb{}\u00bb][\/et_pb_blurb][et_pb_blurb title=\u00bbHORARIO\u00bb icon_placement=\u00bbleft\u00bb image_icon_width=\u00bb20px\u00bb content_max_width=\u00bb1100px\u00bb _builder_version=\u00bb4.22.1&#8243; header_level=\u00bbh5&#8243; header_font=\u00bbJosefin Sans|700|||||||\u00bb header_text_align=\u00bbleft\u00bb header_text_color=\u00bb#a4a4a2&#8243; header_font_size=\u00bb16px\u00bb body_font=\u00bbJosefin Sans||||||||\u00bb body_font_size=\u00bb18px\u00bb text_orientation=\u00bbcenter\u00bb background_layout=\u00bbdark\u00bb custom_margin=\u00bb20px||20px|\u00bb custom_padding=\u00bb|||\u00bb custom_padding_tablet=\u00bb||30px|\u00bb custom_padding_phone=\u00bb||30px|\u00bb custom_padding_last_edited=\u00bboff|desktop\u00bb header_font_size_tablet=\u00bb30px\u00bb header_font_size_phone=\u00bb25px\u00bb header_font_size_last_edited=\u00bboff|desktop\u00bb icon_font_size=\u00bb54px\u00bb locked=\u00bboff\u00bb global_colors_info=\u00bb{}\u00bb][\/et_pb_blurb][et_pb_blurb title=\u00bb9:00 &#8211; 14h, 16:30-20h. | De lunes a viernes\u00bb use_icon=\u00bbon\u00bb font_icon=\u00bb&#x7d;||divi||400&#8243; icon_color=\u00bb#a4a4a2&#8243; icon_placement=\u00bbleft\u00bb image_icon_width=\u00bb20px\u00bb content_max_width=\u00bb1100px\u00bb _builder_version=\u00bb4.22.1&#8243; header_level=\u00bbh5&#8243; header_font=\u00bbJosefin Sans|700|||||||\u00bb header_text_align=\u00bbleft\u00bb header_text_color=\u00bb#a4a4a2&#8243; header_font_size=\u00bb16px\u00bb body_font=\u00bbJosefin Sans||||||||\u00bb body_font_size=\u00bb18px\u00bb text_orientation=\u00bbcenter\u00bb background_layout=\u00bbdark\u00bb custom_margin=\u00bb20px||20px|\u00bb custom_padding=\u00bb|||\u00bb custom_padding_tablet=\u00bb||30px|\u00bb custom_padding_phone=\u00bb||30px|\u00bb custom_padding_last_edited=\u00bboff|desktop\u00bb header_font_size_tablet=\u00bb30px\u00bb header_font_size_phone=\u00bb25px\u00bb header_font_size_last_edited=\u00bboff|desktop\u00bb icon_font_size=\u00bb54px\u00bb locked=\u00bboff\u00bb global_colors_info=\u00bb{}\u00bb][\/et_pb_blurb][\/et_pb_column][et_pb_column type=\u00bb1_3&#8243; _builder_version=\u00bb4.22.1&#8243; _module_preset=\u00bbdefault\u00bb global_colors_info=\u00bb{}\u00bb][et_pb_code _builder_version=\u00bb4.22.1&#8243; _module_preset=\u00bbdefault\u00bb text_orientation=\u00bbcenter\u00bb global_colors_info=\u00bb{}\u00bb]<iframe src=\"https:\/\/www.google.com\/maps\/embed?pb=!1m18!1m12!1m3!1d1482.4681253927463!2d-4.509265202921578!3d42.00164367395393!2m3!1f0!2f0!3f0!3m2!1i1024!2i768!4f13.1!3m3!1m2!1s0xd47b1c57520e8f1%3A0x2725040f03fe6eb4!2sTalleres%20FRAN!5e0!3m2!1ses!2ses!4v1714123930987!5m2!1ses!2ses\" width=\"400\" height=\"320\" style=\"border:0;\" allowfullscreen=\"\" loading=\"lazy\" referrerpolicy=\"no-referrer-when-downgrade\"><\/iframe>[\/et_pb_code][\/et_pb_column][\/et_pb_row][\/et_pb_section]<\/p>","protected":false},"excerpt":{"rendered":"<p>Aviso Legal\u00a01. OBJETO El presente aviso legal regula el uso y utilizaci\u00f3n del sitio web talleresfranpalencia.es, del que es titular FELYTOM, SL (en adelante, EL PROPIETARIO DE LA WEB). La navegaci\u00f3n por el sitio web de EL PROPIETARIO DE LA WEB le atribuye la condici\u00f3n de USUARIO del mismo y conlleva su aceptaci\u00f3n plena y [&hellip;]<\/p>","protected":false},"author":1,"featured_media":0,"parent":0,"menu_order":0,"comment_status":"closed","ping_status":"closed","template":"","meta":{"_et_pb_use_builder":"on","_et_pb_old_content":"","_et_gb_content_width":"","footnotes":""},"class_list":["post-2820","page","type-page","status-publish","hentry"],"yoast_head":"<!-- This site is optimized with the Yoast SEO plugin v25.9 - https:\/\/yoast.com\/wordpress\/plugins\/seo\/ -->\n<title>Aviso Legal - Talleres Fran<\/title>\n<meta name=\"robots\" content=\"index, follow, max-snippet:-1, max-image-preview:large, max-video-preview:-1\" \/>\n<link rel=\"canonical\" href=\"https:\/\/talleresfran.es\/en\/aviso-legal\/\" \/>\n<meta property=\"og:locale\" content=\"en_GB\" \/>\n<meta property=\"og:type\" content=\"article\" \/>\n<meta property=\"og:title\" content=\"Aviso Legal - Talleres Fran\" \/>\n<meta property=\"og:description\" content=\"Aviso Legal\u00a01. OBJETO El presente aviso legal regula el uso y utilizaci\u00f3n del sitio web talleresfranpalencia.es, del que es titular FELYTOM, SL (en adelante, EL PROPIETARIO DE LA WEB). La navegaci\u00f3n por el sitio web de EL PROPIETARIO DE LA WEB le atribuye la condici\u00f3n de USUARIO del mismo y conlleva su aceptaci\u00f3n plena y [&hellip;]\" \/>\n<meta property=\"og:url\" content=\"https:\/\/talleresfran.es\/en\/aviso-legal\/\" \/>\n<meta property=\"og:site_name\" content=\"Talleres Fran\" \/>\n<meta property=\"article:modified_time\" content=\"2024-04-26T16:16:38+00:00\" \/>\n<meta name=\"twitter:card\" content=\"summary_large_image\" \/>\n<meta name=\"twitter:label1\" content=\"Estimated reading time\" \/>\n\t<meta name=\"twitter:data1\" content=\"14 minutes\" \/>\n<script type=\"application\/ld+json\" class=\"yoast-schema-graph\">{\"@context\":\"https:\/\/schema.org\",\"@graph\":[{\"@type\":\"WebPage\",\"@id\":\"https:\/\/talleresfran.es\/aviso-legal\",\"url\":\"https:\/\/talleresfran.es\/aviso-legal\",\"name\":\"Aviso Legal - Talleres Fran\",\"isPartOf\":{\"@id\":\"https:\/\/talleresfran.es\/#website\"},\"datePublished\":\"2024-04-26T15:46:25+00:00\",\"dateModified\":\"2024-04-26T16:16:38+00:00\",\"breadcrumb\":{\"@id\":\"https:\/\/talleresfran.es\/aviso-legal#breadcrumb\"},\"inLanguage\":\"en-GB\",\"potentialAction\":[{\"@type\":\"ReadAction\",\"target\":[\"https:\/\/talleresfran.es\/aviso-legal\"]}]},{\"@type\":\"BreadcrumbList\",\"@id\":\"https:\/\/talleresfran.es\/aviso-legal#breadcrumb\",\"itemListElement\":[{\"@type\":\"ListItem\",\"position\":1,\"name\":\"Portada\",\"item\":\"http:\/\/talleresfran.es\/en\/\"},{\"@type\":\"ListItem\",\"position\":2,\"name\":\"Aviso Legal\"}]},{\"@type\":\"WebSite\",\"@id\":\"https:\/\/talleresfran.es\/#website\",\"url\":\"https:\/\/talleresfran.es\/\",\"name\":\"Talleres Fran\",\"description\":\"Disponemos de la tecnolog\u00eda m\u00e1s avanzada para realizar reparaciones y mantenimientos de cajas de cambio autom\u00e1ticas en Palencia. Descarbonizaci\u00f3n de moteros.\",\"publisher\":{\"@id\":\"https:\/\/talleresfran.es\/#organization\"},\"potentialAction\":[{\"@type\":\"SearchAction\",\"target\":{\"@type\":\"EntryPoint\",\"urlTemplate\":\"https:\/\/talleresfran.es\/?s={search_term_string}\"},\"query-input\":{\"@type\":\"PropertyValueSpecification\",\"valueRequired\":true,\"valueName\":\"search_term_string\"}}],\"inLanguage\":\"en-GB\"},{\"@type\":\"Organization\",\"@id\":\"https:\/\/talleresfran.es\/#organization\",\"name\":\"Talleres Fran\",\"url\":\"https:\/\/talleresfran.es\/\",\"logo\":{\"@type\":\"ImageObject\",\"inLanguage\":\"en-GB\",\"@id\":\"https:\/\/talleresfran.es\/#\/schema\/logo\/image\/\",\"url\":\"https:\/\/talleresfran.es\/wp-content\/uploads\/2024\/04\/logoTalleresFran.png\",\"contentUrl\":\"https:\/\/talleresfran.es\/wp-content\/uploads\/2024\/04\/logoTalleresFran.png\",\"width\":800,\"height\":199,\"caption\":\"Talleres Fran\"},\"image\":{\"@id\":\"https:\/\/talleresfran.es\/#\/schema\/logo\/image\/\"}}]}<\/script>\n<!-- \/ Yoast SEO plugin. -->","yoast_head_json":{"title":"Aviso Legal - Talleres Fran","robots":{"index":"index","follow":"follow","max-snippet":"max-snippet:-1","max-image-preview":"max-image-preview:large","max-video-preview":"max-video-preview:-1"},"canonical":"https:\/\/talleresfran.es\/en\/aviso-legal\/","og_locale":"en_GB","og_type":"article","og_title":"Aviso Legal - Talleres Fran","og_description":"Aviso Legal\u00a01. OBJETO El presente aviso legal regula el uso y utilizaci\u00f3n del sitio web talleresfranpalencia.es, del que es titular FELYTOM, SL (en adelante, EL PROPIETARIO DE LA WEB). La navegaci\u00f3n por el sitio web de EL PROPIETARIO DE LA WEB le atribuye la condici\u00f3n de USUARIO del mismo y conlleva su aceptaci\u00f3n plena y [&hellip;]","og_url":"https:\/\/talleresfran.es\/en\/aviso-legal\/","og_site_name":"Talleres Fran","article_modified_time":"2024-04-26T16:16:38+00:00","twitter_card":"summary_large_image","twitter_misc":{"Estimated reading time":"14 minutes"},"schema":{"@context":"https:\/\/schema.org","@graph":[{"@type":"WebPage","@id":"https:\/\/talleresfran.es\/aviso-legal","url":"https:\/\/talleresfran.es\/aviso-legal","name":"Aviso Legal - Talleres Fran","isPartOf":{"@id":"https:\/\/talleresfran.es\/#website"},"datePublished":"2024-04-26T15:46:25+00:00","dateModified":"2024-04-26T16:16:38+00:00","breadcrumb":{"@id":"https:\/\/talleresfran.es\/aviso-legal#breadcrumb"},"inLanguage":"en-GB","potentialAction":[{"@type":"ReadAction","target":["https:\/\/talleresfran.es\/aviso-legal"]}]},{"@type":"BreadcrumbList","@id":"https:\/\/talleresfran.es\/aviso-legal#breadcrumb","itemListElement":[{"@type":"ListItem","position":1,"name":"Portada","item":"http:\/\/talleresfran.es\/en\/"},{"@type":"ListItem","position":2,"name":"Aviso Legal"}]},{"@type":"WebSite","@id":"https:\/\/talleresfran.es\/#website","url":"https:\/\/talleresfran.es\/","name":"Workshops Fran","description":"Disponemos de la tecnolog\u00eda m\u00e1s avanzada para realizar reparaciones y mantenimientos de cajas de cambio autom\u00e1ticas en Palencia. Descarbonizaci\u00f3n de moteros.","publisher":{"@id":"https:\/\/talleresfran.es\/#organization"},"potentialAction":[{"@type":"SearchAction","target":{"@type":"EntryPoint","urlTemplate":"https:\/\/talleresfran.es\/?s={search_term_string}"},"query-input":{"@type":"PropertyValueSpecification","valueRequired":true,"valueName":"search_term_string"}}],"inLanguage":"en-GB"},{"@type":"Organization","@id":"https:\/\/talleresfran.es\/#organization","name":"Workshops Fran","url":"https:\/\/talleresfran.es\/","logo":{"@type":"ImageObject","inLanguage":"en-GB","@id":"https:\/\/talleresfran.es\/#\/schema\/logo\/image\/","url":"https:\/\/talleresfran.es\/wp-content\/uploads\/2024\/04\/logoTalleresFran.png","contentUrl":"https:\/\/talleresfran.es\/wp-content\/uploads\/2024\/04\/logoTalleresFran.png","width":800,"height":199,"caption":"Talleres Fran"},"image":{"@id":"https:\/\/talleresfran.es\/#\/schema\/logo\/image\/"}}]}},"_links":{"self":[{"href":"http:\/\/talleresfran.es\/en\/wp-json\/wp\/v2\/pages\/2820","targetHints":{"allow":["GET"]}}],"collection":[{"href":"http:\/\/talleresfran.es\/en\/wp-json\/wp\/v2\/pages"}],"about":[{"href":"http:\/\/talleresfran.es\/en\/wp-json\/wp\/v2\/types\/page"}],"author":[{"embeddable":true,"href":"http:\/\/talleresfran.es\/en\/wp-json\/wp\/v2\/users\/1"}],"replies":[{"embeddable":true,"href":"http:\/\/talleresfran.es\/en\/wp-json\/wp\/v2\/comments?post=2820"}],"version-history":[{"count":8,"href":"http:\/\/talleresfran.es\/en\/wp-json\/wp\/v2\/pages\/2820\/revisions"}],"predecessor-version":[{"id":2832,"href":"http:\/\/talleresfran.es\/en\/wp-json\/wp\/v2\/pages\/2820\/revisions\/2832"}],"wp:attachment":[{"href":"http:\/\/talleresfran.es\/en\/wp-json\/wp\/v2\/media?parent=2820"}],"curies":[{"name":"wp","href":"https:\/\/api.w.org\/{rel}","templated":true}]}}