{"id":2760,"date":"2024-04-26T11:21:58","date_gmt":"2024-04-26T09:21:58","guid":{"rendered":"http:\/\/talleresfran.es\/?page_id=2760"},"modified":"2024-04-29T13:43:37","modified_gmt":"2024-04-29T11:43:37","slug":"inicio","status":"publish","type":"page","link":"http:\/\/talleresfran.es\/en\/","title":{"rendered":"Home"},"content":{"rendered":"<p>[et_pb_section fb_built=\u00bb1&#8243; admin_label=\u00bbHero\u00bb _builder_version=\u00bb4.22.1&#8243; background_color=\u00bb#000000&#8243; use_background_color_gradient=\u00bbon\u00bb background_color_gradient_direction=\u00bb118deg\u00bb background_color_gradient_stops=\u00bb#182457 0%|rgba(43,78,136,0.67) 100%\u00bb background_color_gradient_overlays_image=\u00bbon\u00bb background_color_gradient_start=\u00bb#063661&#8243; background_color_gradient_end=\u00bbrgba(43,78,136,0.67)\u00bb background_image=\u00bbhttp:\/\/talleresfran.es\/wp-content\/uploads\/2024\/04\/car-dealer-35.jpg\u00bb custom_padding=\u00bb90px|0px|0|0px|false|false\u00bb bottom_divider_color=\u00bb#faa152&#8243; bottom_divider_height=\u00bb260px\u00bb bottom_divider_flip=\u00bbvertical\u00bb bottom_divider_height_tablet=\u00bb\u00bb bottom_divider_height_phone=\u00bb90px\u00bb bottom_divider_height_last_edited=\u00bbon|desktop\u00bb global_colors_info=\u00bb{}\u00bb][et_pb_row _builder_version=\u00bb4.22.1&#8243; _module_preset=\u00bbdefault\u00bb global_colors_info=\u00bb{}\u00bb][et_pb_column type=\u00bb4_4&#8243; _builder_version=\u00bb4.22.1&#8243; _module_preset=\u00bbdefault\u00bb global_colors_info=\u00bb{}\u00bb][et_pb_text _builder_version=\u00bb4.22.1&#8243; text_font=\u00bb||||||||\u00bb text_text_color=\u00bb#FFFFFF\u00bb header_font=\u00bbJosefin Sans|700|||||||\u00bb header_text_color=\u00bb#FFFFFF\u00bb header_font_size=\u00bb100px\u00bb header_line_height=\u00bb1.4em\u00bb header_2_font=\u00bb||||||||\u00bb background_layout=\u00bbdark\u00bb max_width=\u00bb863px\u00bb module_alignment=\u00bbleft\u00bb animation_style=\u00bbfade\u00bb header_font_size_tablet=\u00bb50px\u00bb header_font_size_phone=\u00bb34px\u00bb header_font_size_last_edited=\u00bbon|phone\u00bb global_colors_info=\u00bb{}\u00bb]<\/p>\n<h1><span style=\"color: #ffffff;\">WORKSHOPS FRAN<\/span><\/h1>\n<p>[\/et_pb_text][\/et_pb_column][\/et_pb_row][et_pb_row column_structure=\u00bb3_4,1_4&#8243; _builder_version=\u00bb4.22.1&#8243; _module_preset=\u00bbdefault\u00bb global_colors_info=\u00bb{}\u00bb][et_pb_column type=\u00bb3_4&#8243; _builder_version=\u00bb4.22.1&#8243; _module_preset=\u00bbdefault\u00bb global_colors_info=\u00bb{}\u00bb][et_pb_blurb title=\u00bbTALLER M\u00c9CANICO EN PALENCIA\u00bb icon_placement=\u00bbleft\u00bb image_icon_width=\u00bb54px\u00bb content_max_width=\u00bb1100px\u00bb _builder_version=\u00bb4.22.1&#8243; header_level=\u00bbh5&#8243; header_font=\u00bbAllerta Stencil|700|||||||\u00bb header_text_color=\u00bb#FFFFFF\u00bb header_font_size=\u00bb35px\u00bb body_font=\u00bbJosefin Sans||||||||\u00bb body_font_size=\u00bb18px\u00bb background_layout=\u00bbdark\u00bb custom_margin=\u00bb20px|-256px|20px|||\u00bb custom_padding=\u00bb|387px||||\u00bb custom_padding_tablet=\u00bb||30px|\u00bb custom_padding_phone=\u00bb||30px|\u00bb custom_padding_last_edited=\u00bboff|desktop\u00bb header_font_size_tablet=\u00bb30px\u00bb header_font_size_phone=\u00bb25px\u00bb header_font_size_last_edited=\u00bboff|desktop\u00bb icon_font_size=\u00bb54px\u00bb locked=\u00bboff\u00bb global_colors_info=\u00bb{}\u00bb]<\/p>\n<p><span><\/span><\/p>\n<p><span>Repair and maintenance of cars in Palencia. Contact us now and request a quote for the repair, maintenance or diagnosis. Your car deserves it.<\/span><\/p>\n<p>[\/et_pb_blurb][\/et_pb_column][et_pb_column type=\u00bb1_4&#8243; _builder_version=\u00bb4.22.1&#8243; _module_preset=\u00bbdefault\u00bb global_colors_info=\u00bb{}\u00bb][et_pb_button button_url=\u00bb@ET-DC@eyJkeW5hbWljIjp0cnVlLCJjb250ZW50IjoicG9zdF9saW5rX3VybF9wYWdlIiwic2V0dGluZ3MiOnsicG9zdF9pZCI6IjI3OTYifX0=@\u00bb button_text=\u00bbCONTACTO\u00bb button_alignment=\u00bbcenter\u00bb _builder_version=\u00bb4.22.1&#8243; _dynamic_attributes=\u00bbbutton_url\u00bb _module_preset=\u00bbdefault\u00bb custom_button=\u00bbon\u00bb button_text_size=\u00bb25px\u00bb button_text_color=\u00bb#182457&#8243; button_bg_color=\u00bb#FFFFFF\u00bb button_border_color=\u00bb#FFFFFF\u00bb button_font=\u00bbAllerta Stencil|700|||||||\u00bb custom_margin=\u00bb15px||||false|false\u00bb global_colors_info=\u00bb{}\u00bb][\/et_pb_button][\/et_pb_column][\/et_pb_row][\/et_pb_section][et_pb_section fb_built=\u00bb1&#8243; custom_padding_last_edited=\u00bbon|tablet\u00bb admin_label=\u00bbListings\u00bb _builder_version=\u00bb4.16&#8243; background_color=\u00bb#f5f6f7&#8243; custom_margin=\u00bb||-52px|||\u00bb custom_padding=\u00bb120px||||false|false\u00bb custom_padding_tablet=\u00bb120px|||\u00bb custom_padding_phone=\u00bb120px|||\u00bb top_divider_style=\u00bbslant2&#8243; top_divider_color=\u00bb#e8e8e8&#8243; top_divider_height=\u00bb120px\u00bb top_divider_height_tablet=\u00bb\u00bb top_divider_height_phone=\u00bb90px\u00bb top_divider_height_last_edited=\u00bbon|desktop\u00bb bottom_divider_height=\u00bb120px\u00bb bottom_divider_height_tablet=\u00bb\u00bb bottom_divider_height_phone=\u00bb\u00bb bottom_divider_height_last_edited=\u00bbon|phone\u00bb global_colors_info=\u00bb{}\u00bb][et_pb_row column_structure=\u00bb1_3,1_3,1_3&#8243; _builder_version=\u00bb4.16&#8243; locked=\u00bboff\u00bb global_colors_info=\u00bb{}\u00bb][et_pb_column type=\u00bb1_3&#8243; _builder_version=\u00bb4.16&#8243; custom_padding=\u00bb|||\u00bb global_colors_info=\u00bb{}\u00bb custom_padding__hover=\u00bb|||\u00bb][et_pb_blurb title=\u00bbMAIL\u00bb use_icon=\u00bbon\u00bb font_icon=\u00bb&#xe076;||divi||400&#8243; icon_color=\u00bb#182457&#8243; image_icon_width=\u00bb64px\u00bb _builder_version=\u00bb4.22.1&#8243; header_font=\u00bbAllerta Stencil|700|||||||\u00bb header_font_size=\u00bb26px\u00bb body_font=\u00bbJosefin Sans||||||||\u00bb body_font_size=\u00bb18px\u00bb text_orientation=\u00bbcenter\u00bb custom_padding=\u00bb|||\u00bb custom_padding_tablet=\u00bb||30px|\u00bb custom_padding_phone=\u00bb||30px|\u00bb custom_padding_last_edited=\u00bboff|desktop\u00bb header_font_size_tablet=\u00bb30px\u00bb header_font_size_phone=\u00bb25px\u00bb header_font_size_last_edited=\u00bboff|desktop\u00bb icon_font_size=\u00bb64px\u00bb global_colors_info=\u00bb{}\u00bb]<\/p>\n<p>talleresfran_palencia@hotmail.com<\/p>\n<p>[\/et_pb_blurb][et_pb_button button_url=\u00bbhttp:\/\/talleresfran_palencia@hotmail.com\u00bb button_text=\u00bbMANDAR CORREO\u00bb button_alignment=\u00bbcenter\u00bb _builder_version=\u00bb4.22.1&#8243; custom_button=\u00bbon\u00bb button_text_size=\u00bb18px\u00bb button_text_color=\u00bb#ffffff\u00bb button_bg_color=\u00bb#182457&#8243; button_border_width=\u00bb0px\u00bb button_border_radius=\u00bb0px\u00bb button_font=\u00bbAllerta Stencil|600||on|||||\u00bb button_use_icon=\u00bboff\u00bb background_layout=\u00bbdark\u00bb custom_margin=\u00bb|||\u00bb custom_margin_tablet=\u00bb||0px|\u00bb custom_margin_last_edited=\u00bboff|desktop\u00bb custom_padding=\u00bb16px|32px|16px|32px|true|true\u00bb locked=\u00bboff\u00bb global_colors_info=\u00bb{}\u00bb button_text_size__hover_enabled=\u00bboff\u00bb button_one_text_size__hover_enabled=\u00bboff\u00bb button_two_text_size__hover_enabled=\u00bboff\u00bb button_text_color__hover_enabled=\u00bboff\u00bb button_one_text_color__hover_enabled=\u00bboff\u00bb button_two_text_color__hover_enabled=\u00bboff\u00bb button_border_width__hover_enabled=\u00bboff\u00bb button_one_border_width__hover_enabled=\u00bboff\u00bb button_two_border_width__hover_enabled=\u00bboff\u00bb button_border_color__hover_enabled=\u00bboff\u00bb button_one_border_color__hover_enabled=\u00bboff\u00bb button_two_border_color__hover_enabled=\u00bboff\u00bb button_border_radius__hover_enabled=\u00bboff\u00bb button_one_border_radius__hover_enabled=\u00bboff\u00bb button_two_border_radius__hover_enabled=\u00bboff\u00bb button_letter_spacing__hover_enabled=\u00bboff\u00bb button_one_letter_spacing__hover_enabled=\u00bboff\u00bb button_two_letter_spacing__hover_enabled=\u00bboff\u00bb button_bg_color__hover_enabled=\u00bboff\u00bb button_one_bg_color__hover_enabled=\u00bboff\u00bb button_two_bg_color__hover_enabled=\u00bboff\u00bb][\/et_pb_button][\/et_pb_column][et_pb_column type=\u00bb1_3&#8243; _builder_version=\u00bb4.16&#8243; custom_padding=\u00bb|||\u00bb global_colors_info=\u00bb{}\u00bb custom_padding__hover=\u00bb|||\u00bb][et_pb_blurb title=\u00bbTEL\u00c9FONO\u00bb use_icon=\u00bbon\u00bb font_icon=\u00bb&#xe090;||divi||400&#8243; icon_color=\u00bb#182457&#8243; image_icon_width=\u00bb64px\u00bb _builder_version=\u00bb4.22.1&#8243; header_font=\u00bbAllerta Stencil|700|||||||\u00bb header_font_size=\u00bb26px\u00bb body_font=\u00bbJosefin Sans||||||||\u00bb body_font_size=\u00bb18px\u00bb text_orientation=\u00bbcenter\u00bb custom_padding=\u00bb|||\u00bb custom_padding_tablet=\u00bb||30px|\u00bb custom_padding_phone=\u00bb||30px|\u00bb custom_padding_last_edited=\u00bboff|desktop\u00bb header_font_size_tablet=\u00bb30px\u00bb header_font_size_phone=\u00bb25px\u00bb header_font_size_last_edited=\u00bboff|desktop\u00bb icon_font_size=\u00bb64px\u00bb global_colors_info=\u00bb{}\u00bb]<\/p>\n<p>Llam\u00e1nos<\/p>\n<p>[\/et_pb_blurb][et_pb_button button_url=\u00bbtel:%20979%20728%20604&#8243; button_text=\u00bb979 728 604&#8243; button_alignment=\u00bbcenter\u00bb _builder_version=\u00bb4.22.1&#8243; custom_button=\u00bbon\u00bb button_text_size=\u00bb18px\u00bb button_text_color=\u00bb#ffffff\u00bb button_bg_color=\u00bb#182457&#8243; button_border_width=\u00bb0px\u00bb button_border_radius=\u00bb0px\u00bb button_font=\u00bbAllerta Stencil|600||on|||||\u00bb button_use_icon=\u00bboff\u00bb background_layout=\u00bbdark\u00bb custom_margin=\u00bb|||\u00bb custom_margin_tablet=\u00bb||0px|\u00bb custom_margin_last_edited=\u00bboff|desktop\u00bb custom_padding=\u00bb16px|32px|16px|32px|true|true\u00bb locked=\u00bboff\u00bb global_colors_info=\u00bb{}\u00bb button_text_size__hover_enabled=\u00bboff\u00bb button_one_text_size__hover_enabled=\u00bboff\u00bb button_two_text_size__hover_enabled=\u00bboff\u00bb button_text_color__hover_enabled=\u00bboff\u00bb button_one_text_color__hover_enabled=\u00bboff\u00bb button_two_text_color__hover_enabled=\u00bboff\u00bb button_border_width__hover_enabled=\u00bboff\u00bb button_one_border_width__hover_enabled=\u00bboff\u00bb button_two_border_width__hover_enabled=\u00bboff\u00bb button_border_color__hover_enabled=\u00bboff\u00bb button_one_border_color__hover_enabled=\u00bboff\u00bb button_two_border_color__hover_enabled=\u00bboff\u00bb button_border_radius__hover_enabled=\u00bboff\u00bb button_one_border_radius__hover_enabled=\u00bboff\u00bb button_two_border_radius__hover_enabled=\u00bboff\u00bb button_letter_spacing__hover_enabled=\u00bboff\u00bb button_one_letter_spacing__hover_enabled=\u00bboff\u00bb button_two_letter_spacing__hover_enabled=\u00bboff\u00bb button_bg_color__hover_enabled=\u00bboff\u00bb button_one_bg_color__hover_enabled=\u00bboff\u00bb button_two_bg_color__hover_enabled=\u00bboff\u00bb][\/et_pb_button][\/et_pb_column][et_pb_column type=\u00bb1_3&#8243; _builder_version=\u00bb4.16&#8243; custom_padding=\u00bb|||\u00bb global_colors_info=\u00bb{}\u00bb custom_padding__hover=\u00bb|||\u00bb][et_pb_blurb title=\u00bbWHATSAPP\u00bb use_icon=\u00bbon\u00bb font_icon=\u00bb&#xf232;||fa||400&#8243; icon_color=\u00bb#182457&#8243; image_icon_width=\u00bb64px\u00bb _builder_version=\u00bb4.22.1&#8243; header_font=\u00bbAllerta Stencil|700|||||||\u00bb header_font_size=\u00bb26px\u00bb body_font=\u00bbJosefin Sans||||||||\u00bb body_font_size=\u00bb18px\u00bb text_orientation=\u00bbcenter\u00bb custom_padding=\u00bb|||\u00bb custom_padding_tablet=\u00bb||30px|\u00bb custom_padding_phone=\u00bb||30px|\u00bb custom_padding_last_edited=\u00bboff|desktop\u00bb header_font_size_tablet=\u00bb30px\u00bb header_font_size_phone=\u00bb25px\u00bb header_font_size_last_edited=\u00bboff|desktop\u00bb icon_font_size=\u00bb64px\u00bb locked=\u00bboff\u00bb global_colors_info=\u00bb{}\u00bb]<\/p>\n<p>Contact us<\/p>\n<p>[\/et_pb_blurb][et_pb_button button_text=\u00bb609 815 291&#8243; button_alignment=\u00bbcenter\u00bb _builder_version=\u00bb4.22.1&#8243; custom_button=\u00bbon\u00bb button_text_size=\u00bb18px\u00bb button_text_color=\u00bb#ffffff\u00bb button_bg_color=\u00bb#182457&#8243; button_border_width=\u00bb0px\u00bb button_border_radius=\u00bb0px\u00bb button_font=\u00bbAllerta Stencil|600||on|||||\u00bb button_use_icon=\u00bboff\u00bb background_layout=\u00bbdark\u00bb custom_margin=\u00bb|||\u00bb custom_margin_tablet=\u00bb||0px|\u00bb custom_margin_last_edited=\u00bboff|desktop\u00bb custom_padding=\u00bb16px|32px|16px|32px|true|true\u00bb hover_enabled=\u00bb0&#8243; locked=\u00bboff\u00bb global_colors_info=\u00bb{}\u00bb button_text_size__hover_enabled=\u00bboff\u00bb button_one_text_size__hover_enabled=\u00bboff\u00bb button_two_text_size__hover_enabled=\u00bboff\u00bb button_text_color__hover_enabled=\u00bboff\u00bb button_one_text_color__hover_enabled=\u00bboff\u00bb button_two_text_color__hover_enabled=\u00bboff\u00bb button_border_width__hover_enabled=\u00bboff\u00bb button_one_border_width__hover_enabled=\u00bboff\u00bb button_two_border_width__hover_enabled=\u00bboff\u00bb button_border_color__hover_enabled=\u00bboff\u00bb button_one_border_color__hover_enabled=\u00bboff\u00bb button_two_border_color__hover_enabled=\u00bboff\u00bb button_border_radius__hover_enabled=\u00bboff\u00bb button_one_border_radius__hover_enabled=\u00bboff\u00bb button_two_border_radius__hover_enabled=\u00bboff\u00bb button_letter_spacing__hover_enabled=\u00bboff\u00bb button_one_letter_spacing__hover_enabled=\u00bboff\u00bb button_two_letter_spacing__hover_enabled=\u00bboff\u00bb button_bg_color__hover_enabled=\u00bboff\u00bb button_one_bg_color__hover_enabled=\u00bboff\u00bb button_two_bg_color__hover_enabled=\u00bboff\u00bb button_url=\u00bbhttps:\/\/api.whatsapp.com\/send\/?phone=34609815291&#038;text&#038;type=phone_number&#038;app_absent=0&#8243; sticky_enabled=\u00bb0&#8243;][\/et_pb_button][\/et_pb_column][\/et_pb_row][\/et_pb_section][et_pb_section fb_built=\u00bb1&#8243; admin_label=\u00bbListings\u00bb _builder_version=\u00bb4.16&#8243; background_color=\u00bb#f5f6f7&#8243; global_colors_info=\u00bb{}\u00bb][et_pb_row _builder_version=\u00bb4.22.1&#8243; _module_preset=\u00bbdefault\u00bb global_colors_info=\u00bb{}\u00bb][et_pb_column type=\u00bb4_4&#8243; _builder_version=\u00bb4.22.1&#8243; _module_preset=\u00bbdefault\u00bb global_colors_info=\u00bb{}\u00bb][et_pb_blurb title=\u00bbSOMOS COMPRA VENTA DE VEH\u00cdCULOS USADOS\u00bb icon_placement=\u00bbleft\u00bb image_icon_width=\u00bb54px\u00bb content_max_width=\u00bb1100px\u00bb _builder_version=\u00bb4.22.1&#8243; header_font=\u00bbAllerta Stencil|700|||||||\u00bb header_text_align=\u00bbcenter\u00bb header_text_color=\u00bb#182457&#8243; header_font_size=\u00bb30px\u00bb body_font=\u00bbJosefin Sans||||||||\u00bb body_font_size=\u00bb18px\u00bb background_layout=\u00bbdark\u00bb custom_margin=\u00bb20px||20px|\u00bb custom_padding=\u00bb|||\u00bb custom_padding_tablet=\u00bb||30px|\u00bb custom_padding_phone=\u00bb||30px|\u00bb custom_padding_last_edited=\u00bboff|desktop\u00bb header_font_size_tablet=\u00bb30px\u00bb header_font_size_phone=\u00bb25px\u00bb header_font_size_last_edited=\u00bboff|desktop\u00bb icon_font_size=\u00bb54px\u00bb locked=\u00bboff\u00bb global_colors_info=\u00bb{}\u00bb][\/et_pb_blurb][\/et_pb_column][\/et_pb_row][et_pb_row column_structure=\u00bb1_3,1_3,1_3&#8243; use_custom_gutter=\u00bbon\u00bb gutter_width=\u00bb2&#8243; _builder_version=\u00bb4.22.1&#8243; max_width=\u00bb1280px\u00bb custom_margin=\u00bb||30px|\u00bb use_custom_width=\u00bbon\u00bb custom_width_px=\u00bb1280px\u00bb global_colors_info=\u00bb{}\u00bb][et_pb_column type=\u00bb1_3&#8243; _builder_version=\u00bb4.16&#8243; background_color=\u00bb#ffffff\u00bb custom_padding=\u00bb|||\u00bb global_colors_info=\u00bb{}\u00bb custom_padding__hover=\u00bb|||\u00bb][et_pb_image src=\u00bbhttp:\/\/talleresfran.es\/wp-content\/uploads\/2024\/04\/Car-Rental-Image-26.jpg\u00bb force_fullwidth=\u00bbon\u00bb align_tablet=\u00bbcenter\u00bb align_phone=\u00bb\u00bb align_last_edited=\u00bbon|desktop\u00bb _builder_version=\u00bb4.16&#8243; custom_margin=\u00bb0px|||\u00bb global_colors_info=\u00bb{}\u00bb][\/et_pb_image][et_pb_text _builder_version=\u00bb4.22.1&#8243; text_font=\u00bbJosefin Sans|700|||||||\u00bb text_text_color=\u00bb#faa152&#8243; text_font_size=\u00bb16px\u00bb text_line_height=\u00bb1.8em\u00bb header_font=\u00bb||||||||\u00bb header_2_font=\u00bbLato||||||||\u00bb header_2_font_size=\u00bb20px\u00bb header_2_line_height=\u00bb1.6em\u00bb header_5_font=\u00bb|700|||||||\u00bb header_5_line_height=\u00bb1.6em\u00bb custom_margin=\u00bb||20px|\u00bb custom_padding=\u00bb|20px|16px|20px|false|true\u00bb border_color_all=\u00bbrgba(0,0,0,0.12)\u00bb border_width_bottom=\u00bb1px\u00bb global_colors_info=\u00bb{}\u00bb]<\/p>\n<h5><span style=\"font-size: x-large;\">RENAULT MEGANE 1.5 DCI<\/span><\/h5>\n<p><span style=\"font-size: x-large; color: #182457;\">5.000\u20ac<\/span><\/p>\n<p>[\/et_pb_text][et_pb_blurb title=\u00bb2006&#8243; use_icon=\u00bbon\u00bb font_icon=\u00bb&#xf0c8;||fa||900&#8243; icon_color=\u00bb#182457&#8243; icon_placement=\u00bbleft\u00bb image_icon_width=\u00bb16px\u00bb content_max_width=\u00bb1100px\u00bb _builder_version=\u00bb4.22.1&#8243; header_font=\u00bbJosefin Sans||||||||\u00bb header_text_color=\u00bb#000000&#8243; header_font_size=\u00bb16px\u00bb header_line_height=\u00bb1.3em\u00bb custom_margin=\u00bb||10px|\u00bb custom_padding=\u00bb|20px||20px||true\u00bb icon_font_size=\u00bb16px\u00bb global_colors_info=\u00bb{}\u00bb][\/et_pb_blurb][et_pb_blurb title=\u00bb260.000 km\u00bb use_icon=\u00bbon\u00bb font_icon=\u00bb&#xf5de;||fa||900&#8243; icon_color=\u00bb#182457&#8243; icon_placement=\u00bbleft\u00bb image_icon_width=\u00bb16px\u00bb content_max_width=\u00bb1100px\u00bb _builder_version=\u00bb4.22.1&#8243; header_font=\u00bbJosefin Sans||||||||\u00bb header_text_color=\u00bb#000000&#8243; header_font_size=\u00bb16px\u00bb header_line_height=\u00bb1.3em\u00bb custom_margin=\u00bb||10px|\u00bb custom_padding=\u00bb|20px||20px||true\u00bb icon_font_size=\u00bb16px\u00bb global_colors_info=\u00bb{}\u00bb][\/et_pb_blurb][et_pb_blurb title=\u00bbDiesel\u00bb use_icon=\u00bbon\u00bb font_icon=\u00bb&#xf52f;||fa||900&#8243; icon_color=\u00bb#182457&#8243; icon_placement=\u00bbleft\u00bb image_icon_width=\u00bb16px\u00bb content_max_width=\u00bb1100px\u00bb _builder_version=\u00bb4.22.1&#8243; header_font=\u00bbJosefin Sans||||||||\u00bb header_text_color=\u00bb#000000&#8243; header_font_size=\u00bb16px\u00bb header_line_height=\u00bb1.3em\u00bb custom_margin=\u00bb||10px|\u00bb custom_padding=\u00bb|20px||20px||true\u00bb icon_font_size=\u00bb16px\u00bb global_colors_info=\u00bb{}\u00bb][\/et_pb_blurb][et_pb_button button_url=\u00bb@ET-DC@eyJkeW5hbWljIjp0cnVlLCJjb250ZW50IjoicG9zdF9saW5rX3VybF9wYWdlIiwic2V0dGluZ3MiOnsicG9zdF9pZCI6IjI4ODUifX0=@\u00bb button_text=\u00bbVER M\u00c1S\u00bb button_alignment=\u00bbcenter\u00bb _builder_version=\u00bb4.22.1&#8243; _dynamic_attributes=\u00bbbutton_url\u00bb custom_button=\u00bbon\u00bb button_text_size=\u00bb14px\u00bb button_text_color=\u00bb#ffffff\u00bb button_bg_color=\u00bb#182457&#8243; button_border_width=\u00bb0px\u00bb button_border_color=\u00bb#182457&#8243; button_border_radius=\u00bb0px\u00bb button_font=\u00bbAllerta Stencil|600||on|||||\u00bb button_use_icon=\u00bboff\u00bb background_layout=\u00bbdark\u00bb custom_margin=\u00bb||-30px|\u00bb custom_margin_tablet=\u00bb||0px|\u00bb custom_margin_phone=\u00bb\u00bb custom_margin_last_edited=\u00bbon|tablet\u00bb custom_padding=\u00bb16px|32px|16px|32px|true|true\u00bb global_colors_info=\u00bb{}\u00bb button_text_size__hover_enabled=\u00bboff\u00bb button_one_text_size__hover_enabled=\u00bboff\u00bb button_two_text_size__hover_enabled=\u00bboff\u00bb button_text_color__hover_enabled=\u00bboff\u00bb button_one_text_color__hover_enabled=\u00bboff\u00bb button_two_text_color__hover_enabled=\u00bboff\u00bb button_border_width__hover_enabled=\u00bboff\u00bb button_one_border_width__hover_enabled=\u00bboff\u00bb button_two_border_width__hover_enabled=\u00bboff\u00bb button_border_color__hover_enabled=\u00bboff\u00bb button_one_border_color__hover_enabled=\u00bboff\u00bb button_two_border_color__hover_enabled=\u00bboff\u00bb button_border_radius__hover_enabled=\u00bboff\u00bb button_one_border_radius__hover_enabled=\u00bboff\u00bb button_two_border_radius__hover_enabled=\u00bboff\u00bb button_letter_spacing__hover_enabled=\u00bboff\u00bb button_one_letter_spacing__hover_enabled=\u00bboff\u00bb button_two_letter_spacing__hover_enabled=\u00bboff\u00bb button_bg_color__hover_enabled=\u00bboff\u00bb button_one_bg_color__hover_enabled=\u00bboff\u00bb button_two_bg_color__hover_enabled=\u00bboff\u00bb][\/et_pb_button][\/et_pb_column][et_pb_column type=\u00bb1_3&#8243; _builder_version=\u00bb4.16&#8243; background_color=\u00bb#ffffff\u00bb custom_padding=\u00bb|||\u00bb global_colors_info=\u00bb{}\u00bb custom_padding__hover=\u00bb|||\u00bb][et_pb_image src=\u00bbhttp:\/\/talleresfran.es\/wp-content\/uploads\/2024\/04\/Car-Rental-Image-26.jpg\u00bb force_fullwidth=\u00bbon\u00bb align_tablet=\u00bbcenter\u00bb align_phone=\u00bb\u00bb align_last_edited=\u00bbon|desktop\u00bb _builder_version=\u00bb4.16&#8243; custom_margin=\u00bb0px|||\u00bb global_colors_info=\u00bb{}\u00bb][\/et_pb_image][et_pb_text _builder_version=\u00bb4.22.1&#8243; text_font=\u00bbJosefin Sans|700|||||||\u00bb text_text_color=\u00bb#faa152&#8243; text_font_size=\u00bb16px\u00bb text_line_height=\u00bb1.8em\u00bb header_font=\u00bb||||||||\u00bb header_2_font=\u00bbLato||||||||\u00bb header_2_font_size=\u00bb20px\u00bb header_2_line_height=\u00bb1.6em\u00bb header_5_font=\u00bb|700|||||||\u00bb header_5_line_height=\u00bb1.6em\u00bb custom_margin=\u00bb||20px|\u00bb custom_padding=\u00bb|20px|16px|20px|false|true\u00bb border_color_all=\u00bbrgba(0,0,0,0.12)\u00bb border_width_bottom=\u00bb1px\u00bb global_colors_info=\u00bb{}\u00bb]<\/p>\n<h5><span style=\"font-size: x-large;\">RENAULT MEGANE 1.5 DCI<\/span><\/h5>\n<p><span style=\"font-size: x-large; color: #182457;\">5.000\u20ac<\/span><\/p>\n<p>[\/et_pb_text][et_pb_blurb title=\u00bb2006&#8243; use_icon=\u00bbon\u00bb font_icon=\u00bb&#xf0c8;||fa||900&#8243; icon_color=\u00bb#182457&#8243; icon_placement=\u00bbleft\u00bb image_icon_width=\u00bb16px\u00bb content_max_width=\u00bb1100px\u00bb _builder_version=\u00bb4.22.1&#8243; header_font=\u00bbJosefin Sans||||||||\u00bb header_text_color=\u00bb#000000&#8243; header_font_size=\u00bb16px\u00bb header_line_height=\u00bb1.3em\u00bb custom_margin=\u00bb||10px|\u00bb custom_padding=\u00bb|20px||20px||true\u00bb icon_font_size=\u00bb16px\u00bb global_colors_info=\u00bb{}\u00bb][\/et_pb_blurb][et_pb_blurb title=\u00bb260.000 km\u00bb use_icon=\u00bbon\u00bb font_icon=\u00bb&#xf5de;||fa||900&#8243; icon_color=\u00bb#182457&#8243; icon_placement=\u00bbleft\u00bb image_icon_width=\u00bb16px\u00bb content_max_width=\u00bb1100px\u00bb _builder_version=\u00bb4.22.1&#8243; header_font=\u00bbJosefin Sans||||||||\u00bb header_text_color=\u00bb#000000&#8243; header_font_size=\u00bb16px\u00bb header_line_height=\u00bb1.3em\u00bb custom_margin=\u00bb||10px|\u00bb custom_padding=\u00bb|20px||20px||true\u00bb icon_font_size=\u00bb16px\u00bb global_colors_info=\u00bb{}\u00bb][\/et_pb_blurb][et_pb_blurb title=\u00bbDiesel\u00bb use_icon=\u00bbon\u00bb font_icon=\u00bb&#xf52f;||fa||900&#8243; icon_color=\u00bb#182457&#8243; icon_placement=\u00bbleft\u00bb image_icon_width=\u00bb16px\u00bb content_max_width=\u00bb1100px\u00bb _builder_version=\u00bb4.22.1&#8243; header_font=\u00bbJosefin Sans||||||||\u00bb header_text_color=\u00bb#000000&#8243; header_font_size=\u00bb16px\u00bb header_line_height=\u00bb1.3em\u00bb custom_margin=\u00bb||10px|\u00bb custom_padding=\u00bb|20px||20px||true\u00bb icon_font_size=\u00bb16px\u00bb global_colors_info=\u00bb{}\u00bb][\/et_pb_blurb][et_pb_button button_url=\u00bb@ET-DC@eyJkeW5hbWljIjp0cnVlLCJjb250ZW50IjoicG9zdF9saW5rX3VybF9wYWdlIiwic2V0dGluZ3MiOnsicG9zdF9pZCI6IjI4ODUifX0=@\u00bb button_text=\u00bbVER M\u00c1S\u00bb button_alignment=\u00bbcenter\u00bb _builder_version=\u00bb4.22.1&#8243; _dynamic_attributes=\u00bbbutton_url\u00bb custom_button=\u00bbon\u00bb button_text_size=\u00bb14px\u00bb button_text_color=\u00bb#ffffff\u00bb button_bg_color=\u00bb#182457&#8243; button_border_width=\u00bb0px\u00bb button_border_color=\u00bb#182457&#8243; button_border_radius=\u00bb0px\u00bb button_font=\u00bbAllerta Stencil|600||on|||||\u00bb button_use_icon=\u00bboff\u00bb background_layout=\u00bbdark\u00bb custom_margin=\u00bb||-30px|\u00bb custom_margin_tablet=\u00bb||0px|\u00bb custom_margin_phone=\u00bb\u00bb custom_margin_last_edited=\u00bbon|tablet\u00bb custom_padding=\u00bb16px|32px|16px|32px|true|true\u00bb global_colors_info=\u00bb{}\u00bb button_text_size__hover_enabled=\u00bboff\u00bb button_one_text_size__hover_enabled=\u00bboff\u00bb button_two_text_size__hover_enabled=\u00bboff\u00bb button_text_color__hover_enabled=\u00bboff\u00bb button_one_text_color__hover_enabled=\u00bboff\u00bb button_two_text_color__hover_enabled=\u00bboff\u00bb button_border_width__hover_enabled=\u00bboff\u00bb button_one_border_width__hover_enabled=\u00bboff\u00bb button_two_border_width__hover_enabled=\u00bboff\u00bb button_border_color__hover_enabled=\u00bboff\u00bb button_one_border_color__hover_enabled=\u00bboff\u00bb button_two_border_color__hover_enabled=\u00bboff\u00bb button_border_radius__hover_enabled=\u00bboff\u00bb button_one_border_radius__hover_enabled=\u00bboff\u00bb button_two_border_radius__hover_enabled=\u00bboff\u00bb button_letter_spacing__hover_enabled=\u00bboff\u00bb button_one_letter_spacing__hover_enabled=\u00bboff\u00bb button_two_letter_spacing__hover_enabled=\u00bboff\u00bb button_bg_color__hover_enabled=\u00bboff\u00bb button_one_bg_color__hover_enabled=\u00bboff\u00bb button_two_bg_color__hover_enabled=\u00bboff\u00bb][\/et_pb_button][\/et_pb_column][et_pb_column type=\u00bb1_3&#8243; _builder_version=\u00bb4.16&#8243; background_color=\u00bb#ffffff\u00bb custom_padding=\u00bb|||\u00bb global_colors_info=\u00bb{}\u00bb custom_padding__hover=\u00bb|||\u00bb][et_pb_image src=\u00bbhttp:\/\/talleresfran.es\/wp-content\/uploads\/2024\/04\/Car-Rental-Image-26.jpg\u00bb force_fullwidth=\u00bbon\u00bb align_tablet=\u00bbcenter\u00bb align_phone=\u00bb\u00bb align_last_edited=\u00bbon|desktop\u00bb _builder_version=\u00bb4.16&#8243; custom_margin=\u00bb0px|||\u00bb global_colors_info=\u00bb{}\u00bb][\/et_pb_image][et_pb_text _builder_version=\u00bb4.22.1&#8243; text_font=\u00bbJosefin Sans|700|||||||\u00bb text_text_color=\u00bb#faa152&#8243; text_font_size=\u00bb16px\u00bb text_line_height=\u00bb1.8em\u00bb header_font=\u00bb||||||||\u00bb header_2_font=\u00bbLato||||||||\u00bb header_2_font_size=\u00bb20px\u00bb header_2_line_height=\u00bb1.6em\u00bb header_5_font=\u00bb|700|||||||\u00bb header_5_line_height=\u00bb1.6em\u00bb custom_margin=\u00bb||20px|\u00bb custom_padding=\u00bb|20px|16px|20px|false|true\u00bb border_color_all=\u00bbrgba(0,0,0,0.12)\u00bb border_width_bottom=\u00bb1px\u00bb global_colors_info=\u00bb{}\u00bb]<\/p>\n<h5><span style=\"font-size: x-large;\">RENAULT MEGANE 1.5 DCI<\/span><\/h5>\n<p><span style=\"font-size: x-large; color: #182457;\">5.000\u20ac<\/span><\/p>\n<p>[\/et_pb_text][et_pb_blurb title=\u00bb2006&#8243; use_icon=\u00bbon\u00bb font_icon=\u00bb&#xf0c8;||fa||900&#8243; icon_color=\u00bb#182457&#8243; icon_placement=\u00bbleft\u00bb image_icon_width=\u00bb16px\u00bb content_max_width=\u00bb1100px\u00bb _builder_version=\u00bb4.22.1&#8243; header_font=\u00bbJosefin Sans||||||||\u00bb header_text_color=\u00bb#000000&#8243; header_font_size=\u00bb16px\u00bb header_line_height=\u00bb1.3em\u00bb custom_margin=\u00bb||10px|\u00bb custom_padding=\u00bb|20px||20px||true\u00bb icon_font_size=\u00bb16px\u00bb global_colors_info=\u00bb{}\u00bb][\/et_pb_blurb][et_pb_blurb title=\u00bb260.000 km\u00bb use_icon=\u00bbon\u00bb font_icon=\u00bb&#xf5de;||fa||900&#8243; icon_color=\u00bb#182457&#8243; icon_placement=\u00bbleft\u00bb image_icon_width=\u00bb16px\u00bb content_max_width=\u00bb1100px\u00bb _builder_version=\u00bb4.22.1&#8243; header_font=\u00bbJosefin Sans||||||||\u00bb header_text_color=\u00bb#000000&#8243; header_font_size=\u00bb16px\u00bb header_line_height=\u00bb1.3em\u00bb custom_margin=\u00bb||10px|\u00bb custom_padding=\u00bb|20px||20px||true\u00bb icon_font_size=\u00bb16px\u00bb global_colors_info=\u00bb{}\u00bb][\/et_pb_blurb][et_pb_blurb title=\u00bbDiesel\u00bb use_icon=\u00bbon\u00bb font_icon=\u00bb&#xf52f;||fa||900&#8243; icon_color=\u00bb#182457&#8243; icon_placement=\u00bbleft\u00bb image_icon_width=\u00bb16px\u00bb content_max_width=\u00bb1100px\u00bb _builder_version=\u00bb4.22.1&#8243; header_font=\u00bbJosefin Sans||||||||\u00bb header_text_color=\u00bb#000000&#8243; header_font_size=\u00bb16px\u00bb header_line_height=\u00bb1.3em\u00bb custom_margin=\u00bb||10px|\u00bb custom_padding=\u00bb|20px||20px||true\u00bb icon_font_size=\u00bb16px\u00bb global_colors_info=\u00bb{}\u00bb][\/et_pb_blurb][et_pb_button button_url=\u00bb@ET-DC@eyJkeW5hbWljIjp0cnVlLCJjb250ZW50IjoicG9zdF9saW5rX3VybF9wYWdlIiwic2V0dGluZ3MiOnsicG9zdF9pZCI6IjI4ODUifX0=@\u00bb button_text=\u00bbVER M\u00c1S\u00bb button_alignment=\u00bbcenter\u00bb _builder_version=\u00bb4.22.1&#8243; _dynamic_attributes=\u00bbbutton_url\u00bb custom_button=\u00bbon\u00bb button_text_size=\u00bb14px\u00bb button_text_color=\u00bb#ffffff\u00bb button_bg_color=\u00bb#182457&#8243; button_border_width=\u00bb0px\u00bb button_border_color=\u00bb#182457&#8243; button_border_radius=\u00bb0px\u00bb button_font=\u00bbAllerta Stencil|600||on|||||\u00bb button_use_icon=\u00bboff\u00bb background_layout=\u00bbdark\u00bb custom_margin=\u00bb||-30px|\u00bb custom_margin_tablet=\u00bb||0px|\u00bb custom_margin_phone=\u00bb\u00bb custom_margin_last_edited=\u00bbon|tablet\u00bb custom_padding=\u00bb16px|32px|16px|32px|true|true\u00bb global_colors_info=\u00bb{}\u00bb button_text_size__hover_enabled=\u00bboff\u00bb button_one_text_size__hover_enabled=\u00bboff\u00bb button_two_text_size__hover_enabled=\u00bboff\u00bb button_text_color__hover_enabled=\u00bboff\u00bb button_one_text_color__hover_enabled=\u00bboff\u00bb button_two_text_color__hover_enabled=\u00bboff\u00bb button_border_width__hover_enabled=\u00bboff\u00bb button_one_border_width__hover_enabled=\u00bboff\u00bb button_two_border_width__hover_enabled=\u00bboff\u00bb button_border_color__hover_enabled=\u00bboff\u00bb button_one_border_color__hover_enabled=\u00bboff\u00bb button_two_border_color__hover_enabled=\u00bboff\u00bb button_border_radius__hover_enabled=\u00bboff\u00bb button_one_border_radius__hover_enabled=\u00bboff\u00bb button_two_border_radius__hover_enabled=\u00bboff\u00bb button_letter_spacing__hover_enabled=\u00bboff\u00bb button_one_letter_spacing__hover_enabled=\u00bboff\u00bb button_two_letter_spacing__hover_enabled=\u00bboff\u00bb button_bg_color__hover_enabled=\u00bboff\u00bb button_one_bg_color__hover_enabled=\u00bboff\u00bb button_two_bg_color__hover_enabled=\u00bboff\u00bb][\/et_pb_button][\/et_pb_column][\/et_pb_row][\/et_pb_section][et_pb_section fb_built=\u00bb1&#8243; _builder_version=\u00bb4.22.1&#8243; _module_preset=\u00bbdefault\u00bb global_colors_info=\u00bb{}\u00bb][et_pb_row column_structure=\u00bb1_2,1_2&#8243; _builder_version=\u00bb4.22.1&#8243; global_colors_info=\u00bb{}\u00bb][et_pb_column type=\u00bb1_2&#8243; _builder_version=\u00bb4.16&#8243; custom_padding=\u00bb|||\u00bb global_colors_info=\u00bb{}\u00bb custom_padding__hover=\u00bb|||\u00bb][et_pb_blurb title=\u00bbTALLERES FRAN\u00bb icon_placement=\u00bbleft\u00bb image_icon_width=\u00bb54px\u00bb content_max_width=\u00bb1100px\u00bb _builder_version=\u00bb4.22.1&#8243; header_font=\u00bbAllerta Stencil|700|||||||\u00bb header_text_color=\u00bb#182457&#8243; header_font_size=\u00bb40px\u00bb body_font=\u00bbJosefin Sans||||||||\u00bb body_font_size=\u00bb18px\u00bb background_layout=\u00bbdark\u00bb custom_margin=\u00bb20px||20px|\u00bb custom_padding=\u00bb|||\u00bb custom_padding_tablet=\u00bb||30px|\u00bb custom_padding_phone=\u00bb||30px|\u00bb custom_padding_last_edited=\u00bboff|desktop\u00bb header_font_size_tablet=\u00bb30px\u00bb header_font_size_phone=\u00bb25px\u00bb header_font_size_last_edited=\u00bboff|desktop\u00bb icon_font_size=\u00bb54px\u00bb locked=\u00bboff\u00bb global_colors_info=\u00bb{}\u00bb]<\/p>\n<p><span style=\"color: #000000;\"><\/span><\/p>\n<p><span style=\"color: #000000;\">In\u00a0<strong>Workshops Fran<\/strong>,<strong>\u00a0<\/strong>our years of experience and expertise allow us to perform repairs and maintenance on cars of all brands. Team of highly trained, prepared for the repair and maintenance of all brands of car. This allows us to offer a professionalism that is unique in<strong>\u00a0Palencia.<\/strong><\/span><\/p>\n<p><span style=\"color: #000000;\">We have a spacious and modern facilities, fully adapted to the services we offer.\u00a0<\/span><\/p>\n<p>[\/et_pb_blurb][\/et_pb_column][et_pb_column type=\u00bb1_2&#8243; _builder_version=\u00bb4.16&#8243; custom_padding=\u00bb|||\u00bb global_colors_info=\u00bb{}\u00bb custom_padding__hover=\u00bb|||\u00bb][et_pb_image src=\u00bbhttp:\/\/talleresfran.es\/wp-content\/uploads\/2024\/04\/Img-699221-1_amp.jpg\u00bb title_text=\u00bbImg-699221-1_amp\u00bb _builder_version=\u00bb4.22.1&#8243; _module_preset=\u00bbdefault\u00bb global_colors_info=\u00bb{}\u00bb][\/et_pb_image][\/et_pb_column][\/et_pb_row][\/et_pb_section][et_pb_section fb_built=\u00bb1&#8243; _builder_version=\u00bb4.22.1&#8243; _module_preset=\u00bbdefault\u00bb background_color=\u00bb#182457&#8243; global_colors_info=\u00bb{}\u00bb][et_pb_row _builder_version=\u00bb4.22.1&#8243; _module_preset=\u00bbdefault\u00bb global_colors_info=\u00bb{}\u00bb][et_pb_column type=\u00bb4_4&#8243; _builder_version=\u00bb4.22.1&#8243; _module_preset=\u00bbdefault\u00bb global_colors_info=\u00bb{}\u00bb][et_pb_blurb title=\u00bbTalleres Fran basa su forma de trabajar en 3 grandes pilares:\u00bb icon_placement=\u00bbleft\u00bb image_icon_width=\u00bb54px\u00bb content_max_width=\u00bb1100px\u00bb _builder_version=\u00bb4.22.1&#8243; header_font=\u00bbAllerta Stencil|700|||||||\u00bb header_text_align=\u00bbcenter\u00bb header_text_color=\u00bb#FFFFFF\u00bb header_font_size=\u00bb30px\u00bb body_font=\u00bbJosefin Sans||||||||\u00bb body_font_size=\u00bb18px\u00bb background_layout=\u00bbdark\u00bb custom_margin=\u00bb20px||20px|\u00bb custom_padding=\u00bb|||\u00bb custom_padding_tablet=\u00bb||30px|\u00bb custom_padding_phone=\u00bb||30px|\u00bb custom_padding_last_edited=\u00bboff|desktop\u00bb header_font_size_tablet=\u00bb30px\u00bb header_font_size_phone=\u00bb25px\u00bb header_font_size_last_edited=\u00bboff|desktop\u00bb icon_font_size=\u00bb54px\u00bb locked=\u00bboff\u00bb global_colors_info=\u00bb{}\u00bb][\/et_pb_blurb][\/et_pb_column][\/et_pb_row][et_pb_row column_structure=\u00bb1_3,1_3,1_3&#8243; _builder_version=\u00bb4.22.1&#8243; _module_preset=\u00bbdefault\u00bb global_colors_info=\u00bb{}\u00bb][et_pb_column type=\u00bb1_3&#8243; _builder_version=\u00bb4.22.1&#8243; _module_preset=\u00bbdefault\u00bb global_colors_info=\u00bb{}\u00bb][et_pb_icon font_icon=\u00bb&#xe08a;||divi||400&#8243; icon_color=\u00bb#FFFFFF\u00bb icon_width=\u00bb45px\u00bb _builder_version=\u00bb4.22.1&#8243; _module_preset=\u00bbdefault\u00bb global_colors_info=\u00bb{}\u00bb][\/et_pb_icon][et_pb_blurb title=\u00bbEntender las necesidades del cliente\u00bb icon_placement=\u00bbleft\u00bb image_icon_width=\u00bb32px\u00bb _builder_version=\u00bb4.22.1&#8243; header_font=\u00bbAllerta Stencil|700|||||||\u00bb header_text_color=\u00bb#FFFFFF\u00bb header_font_size=\u00bb18px\u00bb header_line_height=\u00bb1.6em\u00bb body_font=\u00bbAllerta Stencil||||||||\u00bb body_text_color=\u00bb#FFFFFF\u00bb body_line_height=\u00bb1.8em\u00bb text_orientation=\u00bbcenter\u00bb custom_margin=\u00bb|||\u00bb custom_margin_tablet=\u00bb||20px|\u00bb custom_margin_phone=\u00bb\u00bb custom_margin_last_edited=\u00bbon|phone\u00bb custom_padding=\u00bb|||\u00bb header_font_size_last_edited=\u00bboff|desktop\u00bb icon_font_size=\u00bb32px\u00bb locked=\u00bboff\u00bb global_colors_info=\u00bb{}\u00bb][\/et_pb_blurb][\/et_pb_column][et_pb_column type=\u00bb1_3&#8243; _builder_version=\u00bb4.22.1&#8243; _module_preset=\u00bbdefault\u00bb global_colors_info=\u00bb{}\u00bb][et_pb_icon font_icon=\u00bb&#xf5dc;||fa||900&#8243; icon_color=\u00bb#FFFFFF\u00bb icon_width=\u00bb45px\u00bb _builder_version=\u00bb4.22.1&#8243; _module_preset=\u00bbdefault\u00bb global_colors_info=\u00bb{}\u00bb][\/et_pb_icon][et_pb_blurb title=\u00bbProponer soluciones t\u00e9cnicas que nuestros clientes necesitan\u00bb icon_placement=\u00bbleft\u00bb image_icon_width=\u00bb32px\u00bb _builder_version=\u00bb4.22.1&#8243; header_font=\u00bbAllerta Stencil|700|||||||\u00bb header_text_color=\u00bb#FFFFFF\u00bb header_font_size=\u00bb18px\u00bb header_line_height=\u00bb1.6em\u00bb body_font=\u00bbAllerta Stencil||||||||\u00bb body_text_color=\u00bb#FFFFFF\u00bb body_line_height=\u00bb1.8em\u00bb text_orientation=\u00bbcenter\u00bb custom_margin=\u00bb|||\u00bb custom_margin_tablet=\u00bb||20px|\u00bb custom_margin_phone=\u00bb\u00bb custom_margin_last_edited=\u00bbon|phone\u00bb custom_padding=\u00bb|||\u00bb header_font_size_last_edited=\u00bboff|desktop\u00bb icon_font_size=\u00bb32px\u00bb locked=\u00bboff\u00bb global_colors_info=\u00bb{}\u00bb][\/et_pb_blurb][\/et_pb_column][et_pb_column type=\u00bb1_3&#8243; _builder_version=\u00bb4.22.1&#8243; _module_preset=\u00bbdefault\u00bb global_colors_info=\u00bb{}\u00bb][et_pb_icon font_icon=\u00bb&#xe106;||divi||400&#8243; icon_color=\u00bb#FFFFFF\u00bb icon_width=\u00bb45px\u00bb _builder_version=\u00bb4.22.1&#8243; _module_preset=\u00bbdefault\u00bb global_colors_info=\u00bb{}\u00bb][\/et_pb_icon][et_pb_blurb title=\u00bbTrabajos ejecutados a la perfecci\u00f3n\u00bb icon_placement=\u00bbleft\u00bb image_icon_width=\u00bb32px\u00bb _builder_version=\u00bb4.22.1&#8243; header_font=\u00bbAllerta Stencil|700|||||||\u00bb header_text_color=\u00bb#FFFFFF\u00bb header_font_size=\u00bb18px\u00bb header_line_height=\u00bb1.6em\u00bb body_font=\u00bbAllerta Stencil||||||||\u00bb body_text_color=\u00bb#FFFFFF\u00bb body_line_height=\u00bb1.8em\u00bb text_orientation=\u00bbcenter\u00bb custom_margin=\u00bb|||\u00bb custom_margin_tablet=\u00bb||20px|\u00bb custom_margin_phone=\u00bb\u00bb custom_margin_last_edited=\u00bbon|phone\u00bb custom_padding=\u00bb|||\u00bb header_font_size_last_edited=\u00bboff|desktop\u00bb icon_font_size=\u00bb32px\u00bb locked=\u00bboff\u00bb global_colors_info=\u00bb{}\u00bb][\/et_pb_blurb][\/et_pb_column][\/et_pb_row][\/et_pb_section][et_pb_section fb_built=\u00bb1&#8243; _builder_version=\u00bb4.22.1&#8243; _module_preset=\u00bbdefault\u00bb custom_padding=\u00bb||54px|||\u00bb global_colors_info=\u00bb{}\u00bb][et_pb_row column_structure=\u00bb1_2,1_2&#8243; _builder_version=\u00bb4.22.1&#8243; global_colors_info=\u00bb{}\u00bb][et_pb_column type=\u00bb1_2&#8243; _builder_version=\u00bb4.16&#8243; custom_padding=\u00bb|||\u00bb global_colors_info=\u00bb{}\u00bb custom_padding__hover=\u00bb|||\u00bb][et_pb_image src=\u00bbhttp:\/\/talleresfran.es\/wp-content\/uploads\/2024\/04\/19605.jpg\u00bb title_text=\u00bb19605&#8243; _builder_version=\u00bb4.22.1&#8243; _module_preset=\u00bbdefault\u00bb global_colors_info=\u00bb{}\u00bb][\/et_pb_image][\/et_pb_column][et_pb_column type=\u00bb1_2&#8243; _builder_version=\u00bb4.16&#8243; custom_padding=\u00bb|||\u00bb global_colors_info=\u00bb{}\u00bb custom_padding__hover=\u00bb|||\u00bb][et_pb_blurb title=\u00bbTALLERES FRAN\u00bb icon_placement=\u00bbleft\u00bb image_icon_width=\u00bb54px\u00bb content_max_width=\u00bb1100px\u00bb _builder_version=\u00bb4.22.1&#8243; header_font=\u00bbAllerta Stencil|700|||||||\u00bb header_text_color=\u00bb#182457&#8243; header_font_size=\u00bb40px\u00bb body_font=\u00bbJosefin Sans||||||||\u00bb body_font_size=\u00bb18px\u00bb background_layout=\u00bbdark\u00bb custom_margin=\u00bb20px||20px|\u00bb custom_padding=\u00bb|||\u00bb custom_padding_tablet=\u00bb||30px|\u00bb custom_padding_phone=\u00bb||30px|\u00bb custom_padding_last_edited=\u00bboff|desktop\u00bb header_font_size_tablet=\u00bb30px\u00bb header_font_size_phone=\u00bb25px\u00bb header_font_size_last_edited=\u00bboff|desktop\u00bb icon_font_size=\u00bb54px\u00bb locked=\u00bboff\u00bb global_colors_info=\u00bb{}\u00bb]<\/p>\n<p><span style=\"color: #000000;\"><\/span><\/p>\n<p><span style=\"color: #000000;\">In Workshops Fran, we are specialists in mechanical and electrical engineering. Multi-Brand Workshop. Change of tyres, batteries, exhaust pipes, oil change, filters, brakes. Recharge air conditioning. High experience in vehicles of the BMW brand to be among the most worked, we also work with the VAG Group which includes the brands of Volkswagen, Seat, Audi, Skoda.<\/span><span style=\"color: #000000;\"><\/span><\/p>\n<p><span style=\"color: #000000;\"><span>We are also a\u00a0<\/span><strong>mechanical workshop<\/strong><span>\u00a0we belong to the group of workshops\u00a0<\/span><strong>Cecauto<\/strong><\/span><\/p>\n<p>[\/et_pb_blurb][\/et_pb_column][\/et_pb_row][et_pb_row _builder_version=\u00bb4.22.1&#8243; _module_preset=\u00bbdefault\u00bb global_colors_info=\u00bb{}\u00bb][et_pb_column type=\u00bb4_4&#8243; _builder_version=\u00bb4.22.1&#8243; _module_preset=\u00bbdefault\u00bb global_colors_info=\u00bb{}\u00bb][et_pb_blurb title=\u00bbSERVICIO INTEGRAL PARA EL AUTOM\u00d3VIL EN PALENCIA\u00bb icon_placement=\u00bbleft\u00bb image_icon_width=\u00bb54px\u00bb content_max_width=\u00bb1100px\u00bb _builder_version=\u00bb4.22.1&#8243; header_font=\u00bbAllerta Stencil|700|||||||\u00bb header_text_align=\u00bbcenter\u00bb header_text_color=\u00bb#182457&#8243; header_font_size=\u00bb26px\u00bb body_font=\u00bbJosefin Sans||||||||\u00bb body_font_size=\u00bb18px\u00bb background_layout=\u00bbdark\u00bb custom_margin=\u00bb20px||20px|\u00bb custom_padding=\u00bb|||\u00bb custom_padding_tablet=\u00bb||30px|\u00bb custom_padding_phone=\u00bb||30px|\u00bb custom_padding_last_edited=\u00bboff|desktop\u00bb header_font_size_tablet=\u00bb30px\u00bb header_font_size_phone=\u00bb25px\u00bb header_font_size_last_edited=\u00bboff|desktop\u00bb icon_font_size=\u00bb54px\u00bb locked=\u00bboff\u00bb global_colors_info=\u00bb{}\u00bb][\/et_pb_blurb][\/et_pb_column][\/et_pb_row][et_pb_row column_structure=\u00bb1_3,1_3,1_3&#8243; _builder_version=\u00bb4.22.1&#8243; _module_preset=\u00bbdefault\u00bb box_shadow_style=\u00bbpreset1&#8243; box_shadow_color=\u00bb#182457&#8243; global_colors_info=\u00bb{}\u00bb][et_pb_column type=\u00bb1_3&#8243; _builder_version=\u00bb4.22.1&#8243; _module_preset=\u00bbdefault\u00bb global_colors_info=\u00bb{}\u00bb][et_pb_number_counter title=\u00bbCLIENTES SATISFECHOS\u00bb number=\u00bb+ 1200&#8243; percent_sign=\u00bboff\u00bb _builder_version=\u00bb4.22.1&#8243; _module_preset=\u00bbdefault\u00bb title_font=\u00bbAllerta Stencil|700|||||||\u00bb title_text_align=\u00bbcenter\u00bb title_text_color=\u00bb#737880&#8243; title_font_size=\u00bb20px\u00bb number_font=\u00bbAllerta Stencil|700|||||||\u00bb number_text_align=\u00bbcenter\u00bb number_text_color=\u00bb#182457&#8243; custom_margin=\u00bb|-25px||||\u00bb global_colors_info=\u00bb{}\u00bb][\/et_pb_number_counter][\/et_pb_column][et_pb_column type=\u00bb1_3&#8243; _builder_version=\u00bb4.22.1&#8243; _module_preset=\u00bbdefault\u00bb global_colors_info=\u00bb{}\u00bb][et_pb_number_counter title=\u00bbVEH\u00cdCULOS VENDIDOS\u00bb number=\u00bb+ 10000&#8243; percent_sign=\u00bboff\u00bb _builder_version=\u00bb4.22.1&#8243; _module_preset=\u00bbdefault\u00bb title_font=\u00bbAllerta Stencil|700|||||||\u00bb title_text_align=\u00bbcenter\u00bb title_text_color=\u00bb#737880&#8243; title_font_size=\u00bb20px\u00bb number_font=\u00bbAllerta Stencil|700|||||||\u00bb number_text_align=\u00bbcenter\u00bb number_text_color=\u00bb#182457&#8243; custom_margin=\u00bb|-25px||||\u00bb global_colors_info=\u00bb{}\u00bb][\/et_pb_number_counter][\/et_pb_column][et_pb_column type=\u00bb1_3&#8243; _builder_version=\u00bb4.22.1&#8243; _module_preset=\u00bbdefault\u00bb global_colors_info=\u00bb{}\u00bb][et_pb_number_counter title=\u00bbA\u00d1OS DE EXPERIENCIA\u00bb number=\u00bb+ 30&#8243; percent_sign=\u00bboff\u00bb _builder_version=\u00bb4.22.1&#8243; _module_preset=\u00bbdefault\u00bb title_font=\u00bbAllerta Stencil|700|||||||\u00bb title_text_align=\u00bbcenter\u00bb title_text_color=\u00bb#737880&#8243; title_font_size=\u00bb20px\u00bb number_font=\u00bbAllerta Stencil|700|||||||\u00bb number_text_align=\u00bbcenter\u00bb number_text_color=\u00bb#182457&#8243; custom_margin=\u00bb|-25px||||\u00bb global_colors_info=\u00bb{}\u00bb][\/et_pb_number_counter][\/et_pb_column][\/et_pb_row][et_pb_row column_structure=\u00bb2_3,1_3&#8243; _builder_version=\u00bb4.22.1&#8243; _module_preset=\u00bbdefault\u00bb custom_margin=\u00bb27px|auto||auto||\u00bb global_colors_info=\u00bb{}\u00bb][et_pb_column type=\u00bb2_3&#8243; _builder_version=\u00bb4.22.1&#8243; _module_preset=\u00bbdefault\u00bb global_colors_info=\u00bb{}\u00bb][et_pb_blurb title=\u00bb\u00a1CONS\u00daLTENOS PRESUPUESTO SIN COMPROMISO!\u00bb icon_placement=\u00bbleft\u00bb image_icon_width=\u00bb54px\u00bb content_max_width=\u00bb1100px\u00bb _builder_version=\u00bb4.22.1&#8243; header_font=\u00bbAllerta Stencil|700|||||||\u00bb header_text_align=\u00bbcenter\u00bb header_text_color=\u00bb#182457&#8243; header_font_size=\u00bb26px\u00bb body_font=\u00bbJosefin Sans||||||||\u00bb body_font_size=\u00bb18px\u00bb background_layout=\u00bbdark\u00bb custom_margin=\u00bb20px||20px|\u00bb custom_padding=\u00bb|||\u00bb custom_padding_tablet=\u00bb||30px|\u00bb custom_padding_phone=\u00bb||30px|\u00bb custom_padding_last_edited=\u00bboff|desktop\u00bb header_font_size_tablet=\u00bb30px\u00bb header_font_size_phone=\u00bb25px\u00bb header_font_size_last_edited=\u00bboff|desktop\u00bb icon_font_size=\u00bb54px\u00bb locked=\u00bboff\u00bb global_colors_info=\u00bb{}\u00bb][\/et_pb_blurb][\/et_pb_column][et_pb_column type=\u00bb1_3&#8243; _builder_version=\u00bb4.22.1&#8243; _module_preset=\u00bbdefault\u00bb global_colors_info=\u00bb{}\u00bb][et_pb_button button_url=\u00bb@ET-DC@eyJkeW5hbWljIjp0cnVlLCJjb250ZW50IjoicG9zdF9saW5rX3VybF9wYWdlIiwic2V0dGluZ3MiOnsicG9zdF9pZCI6IjI3OTYifX0=@\u00bb button_text=\u00bbCONTACTO\u00bb button_alignment=\u00bbcenter\u00bb _builder_version=\u00bb4.22.1&#8243; _dynamic_attributes=\u00bbbutton_url\u00bb _module_preset=\u00bbdefault\u00bb custom_button=\u00bbon\u00bb button_text_color=\u00bb#FFFFFF\u00bb button_bg_color=\u00bb#182457&#8243; button_border_width=\u00bb4px\u00bb button_border_color=\u00bb#182457&#8243; button_font=\u00bbAllerta Stencil|700|||||||\u00bb global_colors_info=\u00bb{}\u00bb][\/et_pb_button][\/et_pb_column][\/et_pb_row][\/et_pb_section][et_pb_section fb_built=\u00bb1&#8243; custom_padding_last_edited=\u00bbon|phone\u00bb prev_background_color=\u00bb#ffffff\u00bb next_background_color=\u00bb#ffffff\u00bb admin_label=\u00bbSatisfaction Guaranteed\u00bb _builder_version=\u00bb4.22.1&#8243; use_background_color_gradient=\u00bbon\u00bb background_color_gradient_direction=\u00bb212deg\u00bb background_color_gradient_stops=\u00bbrgba(0,14,86,0.77) 0%|#063661 100%\u00bb background_color_gradient_overlays_image=\u00bbon\u00bb background_color_gradient_start=\u00bbrgba(43,78,136,0.85)\u00bb background_color_gradient_end=\u00bb#063661&#8243; background_image=\u00bbhttp:\/\/talleresfran.es\/wp-content\/uploads\/2024\/04\/Car-Rental-Image-31.jpg\u00bb custom_margin=\u00bb|||\u00bb custom_padding=\u00bb200px|0px|200px|0px|true|false\u00bb custom_padding_tablet=\u00bb120px||120px||true\u00bb custom_padding_phone=\u00bb60px||60px||true\u00bb top_divider_style=\u00bbwave2&#8243; top_divider_height=\u00bb200px\u00bb top_divider_repeat=\u00bb0.5x\u00bb top_divider_flip=\u00bbhorizontal\u00bb top_divider_height_tablet=\u00bb110px\u00bb top_divider_height_phone=\u00bb70px\u00bb top_divider_height_last_edited=\u00bbon|phone\u00bb bottom_divider_style=\u00bbwave2&#8243; bottom_divider_height=\u00bb200px\u00bb bottom_divider_repeat=\u00bb0.3x\u00bb bottom_divider_flip=\u00bbvertical|horizontal\u00bb bottom_divider_height_tablet=\u00bb\u00bb bottom_divider_height_phone=\u00bb70px\u00bb bottom_divider_height_last_edited=\u00bbon|phone\u00bb global_colors_info=\u00bb{}\u00bb][et_pb_row _builder_version=\u00bb4.16&#8243; global_colors_info=\u00bb{}\u00bb][et_pb_column type=\u00bb4_4&#8243; _builder_version=\u00bb4.16&#8243; custom_padding=\u00bb|||\u00bb global_colors_info=\u00bb{}\u00bb custom_padding__hover=\u00bb|||\u00bb][et_pb_blurb title=\u00bbSERVICIOS M\u00c1S SOLICITADOS EN NUESTRO TALLER\u00bb icon_placement=\u00bbleft\u00bb image_icon_width=\u00bb54px\u00bb content_max_width=\u00bb1100px\u00bb _builder_version=\u00bb4.22.1&#8243; header_font=\u00bbAllerta Stencil|700|||||||\u00bb header_text_align=\u00bbcenter\u00bb header_text_color=\u00bb#FFFFFF\u00bb header_font_size=\u00bb30px\u00bb body_font=\u00bbJosefin Sans||||||||\u00bb body_font_size=\u00bb18px\u00bb background_layout=\u00bbdark\u00bb custom_margin=\u00bb20px||20px|\u00bb custom_padding=\u00bb|||\u00bb custom_padding_tablet=\u00bb||30px|\u00bb custom_padding_phone=\u00bb||30px|\u00bb custom_padding_last_edited=\u00bboff|desktop\u00bb header_font_size_tablet=\u00bb30px\u00bb header_font_size_phone=\u00bb25px\u00bb header_font_size_last_edited=\u00bboff|desktop\u00bb icon_font_size=\u00bb54px\u00bb locked=\u00bboff\u00bb global_colors_info=\u00bb{}\u00bb][\/et_pb_blurb][et_pb_text _builder_version=\u00bb4.22.1&#8243; _module_preset=\u00bbdefault\u00bb text_font=\u00bbAllerta Stencil||||||||\u00bb text_text_color=\u00bb#FFFFFF\u00bb text_font_size=\u00bb16px\u00bb header_font=\u00bbAllerta Stencil||||||||\u00bb text_orientation=\u00bbcenter\u00bb global_colors_info=\u00bb{}\u00bb]<\/p>\n<p><span>We have a spacious and modern facilities, fully adapted to the services we offer.\u00a0<\/span><\/p>\n<p>[\/et_pb_text][\/et_pb_column][\/et_pb_row][et_pb_row column_structure=\u00bb1_3,1_3,1_3&#8243; _builder_version=\u00bb4.22.1&#8243; global_colors_info=\u00bb{}\u00bb][et_pb_column type=\u00bb1_3&#8243; _builder_version=\u00bb4.16&#8243; custom_padding=\u00bb|||\u00bb global_colors_info=\u00bb{}\u00bb custom_padding__hover=\u00bb|||\u00bb][et_pb_blurb title=\u00bbPASAMOS LA ITV DE SU VEH\u00cdCULO\u00bb use_icon=\u00bbon\u00bb font_icon=\u00bb&#xf0c5;||fa||900&#8243; icon_color=\u00bb#a4a4a2&#8243; icon_placement=\u00bbleft\u00bb content_max_width=\u00bb1100px\u00bb _builder_version=\u00bb4.22.1&#8243; header_font=\u00bbAllerta Stencil|700|||||||\u00bb header_font_size=\u00bb17px\u00bb header_line_height=\u00bb1.6em\u00bb body_font=\u00bbAllerta Stencil||||||||\u00bb background_layout=\u00bbdark\u00bb animation_style=\u00bbzoom\u00bb animation_intensity_zoom=\u00bb10%\u00bb animation=\u00bboff\u00bb icon_font_size=\u00bb32px\u00bb locked=\u00bboff\u00bb global_colors_info=\u00bb{}\u00bb]<\/p>\n<p><span>One of the <strong>what&#039;s new<\/strong> we offer in our shop is MOT for you, forget about long queues and appointments distant. In Workshops Fran we take care of to pass your MOT, contact us for prices.<\/span><\/p>\n<p>[\/et_pb_blurb][\/et_pb_column][et_pb_column type=\u00bb1_3&#8243; _builder_version=\u00bb4.16&#8243; custom_padding=\u00bb|||\u00bb global_colors_info=\u00bb{}\u00bb custom_padding__hover=\u00bb|||\u00bb][et_pb_blurb title=\u00bbDESINFECCI\u00d3N DE SU VEH\u00cdCULO\u00bb use_icon=\u00bbon\u00bb font_icon=\u00bb&#xe05d;||fa||900&#8243; icon_color=\u00bb#a4a4a2&#8243; icon_placement=\u00bbleft\u00bb content_max_width=\u00bb1100px\u00bb _builder_version=\u00bb4.22.1&#8243; header_font=\u00bbAllerta Stencil|700|||||||\u00bb header_font_size=\u00bb17px\u00bb header_line_height=\u00bb1.6em\u00bb body_font=\u00bbAllerta Stencil||||||||\u00bb background_layout=\u00bbdark\u00bb animation_style=\u00bbzoom\u00bb animation_intensity_zoom=\u00bb10%\u00bb animation=\u00bboff\u00bb icon_font_size=\u00bb32px\u00bb locked=\u00bboff\u00bb global_colors_info=\u00bb{}\u00bb]<\/p>\n<p><span>We perform free of charge the disinfection of your vehicle, before and after the repair. <\/span>Workshops Fran has machine Ozone for the disinfection of vehicles that removes all types of viruses, bacteria, odors and mildew.<\/p>\n<p>[\/et_pb_blurb][\/et_pb_column][et_pb_column type=\u00bb1_3&#8243; _builder_version=\u00bb4.16&#8243; custom_padding=\u00bb|||\u00bb global_colors_info=\u00bb{}\u00bb custom_padding__hover=\u00bb|||\u00bb][et_pb_blurb title=\u00bbREPARACIONES Y MANTENIMIENTOS \u00bb use_icon=\u00bbon\u00bb font_icon=\u00bb&#xf1b9;||fa||900&#8243; icon_color=\u00bb#a4a4a2&#8243; icon_placement=\u00bbleft\u00bb content_max_width=\u00bb1100px\u00bb _builder_version=\u00bb4.22.1&#8243; header_font=\u00bbAllerta Stencil|700|||||||\u00bb header_font_size=\u00bb17px\u00bb header_line_height=\u00bb1.6em\u00bb body_font=\u00bbAllerta Stencil||||||||\u00bb background_layout=\u00bbdark\u00bb animation_style=\u00bbzoom\u00bb animation_intensity_zoom=\u00bb10%\u00bb animation=\u00bboff\u00bb icon_font_size=\u00bb32px\u00bb locked=\u00bboff\u00bb global_colors_info=\u00bb{}\u00bb]<\/p>\n<p><span>We are specialists and we are fully qualified to perform all types of repairs and maintenance\u00a0<strong>Hybrid vehicles<\/strong>\u00a0and also\u00a0<strong>classic cars<\/strong>.<\/span><\/p>\n<p>[\/et_pb_blurb][\/et_pb_column][\/et_pb_row][et_pb_row column_structure=\u00bb1_3,1_3,1_3&#8243; _builder_version=\u00bb4.22.1&#8243; global_colors_info=\u00bb{}\u00bb][et_pb_column type=\u00bb1_3&#8243; _builder_version=\u00bb4.16&#8243; custom_padding=\u00bb|||\u00bb global_colors_info=\u00bb{}\u00bb custom_padding__hover=\u00bb|||\u00bb][et_pb_blurb title=\u00bbMANTENIMIENTO DE CAJAS DE CAMBIO\u00bb use_icon=\u00bbon\u00bb font_icon=\u00bb&#xf085;||fa||900&#8243; icon_color=\u00bb#a4a4a2&#8243; icon_placement=\u00bbleft\u00bb content_max_width=\u00bb1100px\u00bb _builder_version=\u00bb4.22.1&#8243; header_font=\u00bbAllerta Stencil|700|||||||\u00bb header_font_size=\u00bb17px\u00bb header_line_height=\u00bb1.6em\u00bb body_font=\u00bbAllerta Stencil||||||||\u00bb background_layout=\u00bbdark\u00bb animation_style=\u00bbzoom\u00bb animation_intensity_zoom=\u00bb10%\u00bb animation=\u00bboff\u00bb icon_font_size=\u00bb32px\u00bb locked=\u00bboff\u00bb global_colors_info=\u00bb{}\u00bb]<\/p>\n<p>We have <span>the most advanced technology to perform repairs and maintenance of automatic gearboxes in Palencia.<\/span><\/p>\n<p>[\/et_pb_blurb][\/et_pb_column][et_pb_column type=\u00bb1_3&#8243; _builder_version=\u00bb4.16&#8243; custom_padding=\u00bb|||\u00bb global_colors_info=\u00bb{}\u00bb custom_padding__hover=\u00bb|||\u00bb][et_pb_blurb title=\u00bbDESCARBONIZACI\u00d3N DE MOTEROS\u00bb use_icon=\u00bbon\u00bb font_icon=\u00bb&#xf52f;||fa||900&#8243; icon_color=\u00bb#a4a4a2&#8243; icon_placement=\u00bbleft\u00bb content_max_width=\u00bb1100px\u00bb _builder_version=\u00bb4.22.1&#8243; header_font=\u00bbAllerta Stencil|700|||||||\u00bb header_font_size=\u00bb17px\u00bb header_line_height=\u00bb1.6em\u00bb body_font=\u00bbAllerta Stencil||||||||\u00bb background_layout=\u00bbdark\u00bb animation_style=\u00bbzoom\u00bb animation_intensity_zoom=\u00bb10%\u00bb animation=\u00bboff\u00bb icon_font_size=\u00bb32px\u00bb locked=\u00bboff\u00bb global_colors_info=\u00bb{}\u00bb]<\/p>\n<p><span>We cleanings integral of the injection within the engine, cinders and impurities in the oil.<\/span><\/p>\n<p>[\/et_pb_blurb][\/et_pb_column][et_pb_column type=\u00bb1_3&#8243; _builder_version=\u00bb4.16&#8243; custom_padding=\u00bb|||\u00bb global_colors_info=\u00bb{}\u00bb custom_padding__hover=\u00bb|||\u00bb][et_pb_blurb title=\u00bbREPARACIONES Y AVER\u00cdAS EL\u00c9CTRICAS\u00bb use_icon=\u00bbon\u00bb font_icon=\u00bb&#xe035;||divi||400&#8243; icon_color=\u00bb#a4a4a2&#8243; icon_placement=\u00bbleft\u00bb content_max_width=\u00bb1100px\u00bb _builder_version=\u00bb4.22.1&#8243; header_font=\u00bbAllerta Stencil|700|||||||\u00bb header_font_size=\u00bb17px\u00bb header_line_height=\u00bb1.6em\u00bb body_font=\u00bbAllerta Stencil||||||||\u00bb background_layout=\u00bbdark\u00bb animation_style=\u00bbzoom\u00bb animation_intensity_zoom=\u00bb10%\u00bb animation=\u00bboff\u00bb icon_font_size=\u00bb32px\u00bb locked=\u00bboff\u00bb global_colors_info=\u00bb{}\u00bb]<\/p>\n<p><span>We offer services in repair and electrical faults for vehicles, machine Diagnosis.<\/span><\/p>\n<p>[\/et_pb_blurb][\/et_pb_column][\/et_pb_row][et_pb_row _builder_version=\u00bb4.22.1&#8243; _module_preset=\u00bbdefault\u00bb global_colors_info=\u00bb{}\u00bb][et_pb_column type=\u00bb4_4&#8243; _builder_version=\u00bb4.22.1&#8243; _module_preset=\u00bbdefault\u00bb global_colors_info=\u00bb{}\u00bb][et_pb_button button_url=\u00bb@ET-DC@eyJkeW5hbWljIjp0cnVlLCJjb250ZW50IjoicG9zdF9saW5rX3VybF9wYWdlIiwic2V0dGluZ3MiOnsicG9zdF9pZCI6IjI5MDkifX0=@\u00bb button_text=\u00bbVER TODOS LOS SERVICIOS\u00bb button_alignment=\u00bbcenter\u00bb _builder_version=\u00bb4.22.1&#8243; _dynamic_attributes=\u00bbbutton_url\u00bb _module_preset=\u00bbdefault\u00bb custom_button=\u00bbon\u00bb button_text_size=\u00bb24px\u00bb button_text_color=\u00bb#FFFFFF\u00bb button_bg_color=\u00bb#737880&#8243; button_border_color=\u00bb#737880&#8243; button_font=\u00bbAllerta Stencil|700|||||||\u00bb global_colors_info=\u00bb{}\u00bb][\/et_pb_button][\/et_pb_column][\/et_pb_row][\/et_pb_section][et_pb_section fb_built=\u00bb1&#8243; _builder_version=\u00bb4.22.1&#8243; _module_preset=\u00bbdefault\u00bb global_colors_info=\u00bb{}\u00bb][et_pb_row column_structure=\u00bb1_4,1_2,1_4&#8243; _builder_version=\u00bb4.22.1&#8243; _module_preset=\u00bbdefault\u00bb global_colors_info=\u00bb{}\u00bb][et_pb_column type=\u00bb1_4&#8243; _builder_version=\u00bb4.22.1&#8243; _module_preset=\u00bbdefault\u00bb global_colors_info=\u00bb{}\u00bb][et_pb_number_counter title=\u00bbGARAJE\u00bb number=\u00bb400 M\u00b2\u00bb percent_sign=\u00bboff\u00bb _builder_version=\u00bb4.22.1&#8243; _module_preset=\u00bbdefault\u00bb title_font=\u00bbAllerta Stencil|700|||||||\u00bb title_text_align=\u00bbcenter\u00bb title_text_color=\u00bb#737880&#8243; title_font_size=\u00bb20px\u00bb number_font=\u00bbAllerta Stencil|700|||||||\u00bb number_text_align=\u00bbcenter\u00bb number_text_color=\u00bb#182457&#8243; custom_margin=\u00bb|-41px||||\u00bb global_colors_info=\u00bb{}\u00bb][\/et_pb_number_counter][\/et_pb_column][et_pb_column type=\u00bb1_2&#8243; _builder_version=\u00bb4.22.1&#8243; _module_preset=\u00bbdefault\u00bb global_colors_info=\u00bb{}\u00bb][et_pb_image src=\u00bbhttp:\/\/talleresfran.es\/wp-content\/uploads\/2024\/04\/Img-699221-2_amp.jpg\u00bb title_text=\u00bbImg-699221-2_amp\u00bb _builder_version=\u00bb4.22.1&#8243; _module_preset=\u00bbdefault\u00bb global_colors_info=\u00bb{}\u00bb][\/et_pb_image][\/et_pb_column][et_pb_column type=\u00bb1_4&#8243; _builder_version=\u00bb4.22.1&#8243; _module_preset=\u00bbdefault\u00bb global_colors_info=\u00bb{}\u00bb][et_pb_number_counter title=\u00bbTALLER\u00bb number=\u00bb450 M\u00b2\u00bb percent_sign=\u00bboff\u00bb _builder_version=\u00bb4.22.1&#8243; _module_preset=\u00bbdefault\u00bb title_font=\u00bbAllerta Stencil|700|||||||\u00bb title_text_align=\u00bbcenter\u00bb title_text_color=\u00bb#737880&#8243; title_font_size=\u00bb20px\u00bb number_font=\u00bbAllerta Stencil|700|||||||\u00bb number_text_align=\u00bbcenter\u00bb number_text_color=\u00bb#182457&#8243; custom_margin=\u00bb|-25px||||\u00bb global_colors_info=\u00bb{}\u00bb][\/et_pb_number_counter][\/et_pb_column][\/et_pb_row][\/et_pb_section][et_pb_section fb_built=\u00bb1&#8243; _builder_version=\u00bb4.22.1&#8243; _module_preset=\u00bbdefault\u00bb custom_margin=\u00bb-79px|||||\u00bb global_colors_info=\u00bb{}\u00bb][et_pb_row _builder_version=\u00bb4.22.1&#8243; _module_preset=\u00bbdefault\u00bb global_colors_info=\u00bb{}\u00bb][et_pb_column type=\u00bb4_4&#8243; _builder_version=\u00bb4.22.1&#8243; _module_preset=\u00bbdefault\u00bb global_colors_info=\u00bb{}\u00bb][et_pb_blurb title=\u00bbTALLER MULTIMARCA\u00bb icon_placement=\u00bbleft\u00bb image_icon_width=\u00bb54px\u00bb content_max_width=\u00bb1100px\u00bb _builder_version=\u00bb4.22.1&#8243; header_font=\u00bbAllerta Stencil|700|||||||\u00bb header_text_align=\u00bbcenter\u00bb header_text_color=\u00bb#182457&#8243; header_font_size=\u00bb26px\u00bb body_font=\u00bbJosefin Sans||||||||\u00bb body_font_size=\u00bb18px\u00bb background_layout=\u00bbdark\u00bb custom_margin=\u00bb20px||20px|\u00bb custom_padding=\u00bb|||\u00bb custom_padding_tablet=\u00bb||30px|\u00bb custom_padding_phone=\u00bb||30px|\u00bb custom_padding_last_edited=\u00bboff|desktop\u00bb header_font_size_tablet=\u00bb30px\u00bb header_font_size_phone=\u00bb25px\u00bb header_font_size_last_edited=\u00bboff|desktop\u00bb icon_font_size=\u00bb54px\u00bb locked=\u00bboff\u00bb global_colors_info=\u00bb{}\u00bb][\/et_pb_blurb][\/et_pb_column][\/et_pb_row][et_pb_row column_structure=\u00bb1_6,1_6,1_6,1_6,1_6,1_6&#8243; _builder_version=\u00bb4.22.1&#8243; _module_preset=\u00bbdefault\u00bb global_colors_info=\u00bb{}\u00bb][et_pb_column type=\u00bb1_6&#8243; _builder_version=\u00bb4.22.1&#8243; _module_preset=\u00bbdefault\u00bb global_colors_info=\u00bb{}\u00bb][et_pb_image src=\u00bbhttp:\/\/talleresfran.es\/wp-content\/uploads\/2024\/04\/renault-202175872-1614775215_3.webp\u00bb title_text=\u00bbrenault-202175872-1614775215_3&#8243; _builder_version=\u00bb4.22.1&#8243; _module_preset=\u00bbdefault\u00bb global_colors_info=\u00bb{}\u00bb][\/et_pb_image][\/et_pb_column][et_pb_column type=\u00bb1_6&#8243; _builder_version=\u00bb4.22.1&#8243; _module_preset=\u00bbdefault\u00bb global_colors_info=\u00bb{}\u00bb][et_pb_image src=\u00bbhttp:\/\/talleresfran.es\/wp-content\/uploads\/2024\/04\/alfa_romeo_logo.jpg\u00bb title_text=\u00bbalfa_romeo_logo\u00bb _builder_version=\u00bb4.22.1&#8243; _module_preset=\u00bbdefault\u00bb global_colors_info=\u00bb{}\u00bb][\/et_pb_image][\/et_pb_column][et_pb_column type=\u00bb1_6&#8243; _builder_version=\u00bb4.22.1&#8243; _module_preset=\u00bbdefault\u00bb global_colors_info=\u00bb{}\u00bb][et_pb_image src=\u00bbhttp:\/\/talleresfran.es\/wp-content\/uploads\/2024\/04\/BMW.svg_.png\u00bb title_text=\u00bbBMW.svg\u00bb align=\u00bbcenter\u00bb _builder_version=\u00bb4.22.1&#8243; _module_preset=\u00bbdefault\u00bb width=\u00bb73%\u00bb global_colors_info=\u00bb{}\u00bb][\/et_pb_image][\/et_pb_column][et_pb_column type=\u00bb1_6&#8243; _builder_version=\u00bb4.22.1&#8243; _module_preset=\u00bbdefault\u00bb global_colors_info=\u00bb{}\u00bb][et_pb_image src=\u00bbhttp:\/\/talleresfran.es\/wp-content\/uploads\/2024\/04\/Mitsubishi-logo.png\u00bb title_text=\u00bbMitsubishi-logo\u00bb _builder_version=\u00bb4.22.1&#8243; _module_preset=\u00bbdefault\u00bb global_colors_info=\u00bb{}\u00bb][\/et_pb_image][\/et_pb_column][et_pb_column type=\u00bb1_6&#8243; _builder_version=\u00bb4.22.1&#8243; _module_preset=\u00bbdefault\u00bb global_colors_info=\u00bb{}\u00bb][et_pb_image src=\u00bbhttp:\/\/talleresfran.es\/wp-content\/uploads\/2024\/04\/logotipo-volkswagen-historia_21-scaled-e1714376829320.webp\u00bb title_text=\u00bblogotipo-volkswagen-historia_21&#8243; _builder_version=\u00bb4.22.1&#8243; _module_preset=\u00bbdefault\u00bb width=\u00bb79%\u00bb global_colors_info=\u00bb{}\u00bb][\/et_pb_image][\/et_pb_column][et_pb_column type=\u00bb1_6&#8243; _builder_version=\u00bb4.22.1&#8243; _module_preset=\u00bbdefault\u00bb global_colors_info=\u00bb{}\u00bb][et_pb_image src=\u00bbhttp:\/\/talleresfran.es\/wp-content\/uploads\/2024\/04\/2560px-Honda.svg_.png\u00bb title_text=\u00bb2560px-Honda.svg\u00bb _builder_version=\u00bb4.22.1&#8243; _module_preset=\u00bbdefault\u00bb global_colors_info=\u00bb{}\u00bb][\/et_pb_image][\/et_pb_column][\/et_pb_row][\/et_pb_section][et_pb_section fb_built=\u00bb1&#8243; admin_label=\u00bbHero\u00bb _builder_version=\u00bb4.22.1&#8243; background_enable_color=\u00bboff\u00bb use_background_color_gradient=\u00bbon\u00bb background_color_gradient_direction=\u00bb118deg\u00bb background_color_gradient_stops=\u00bb#182457 0%|rgba(43,78,136,0.67) 100%\u00bb background_color_gradient_overlays_image=\u00bbon\u00bb background_color_gradient_start=\u00bb#063661&#8243; background_color_gradient_end=\u00bbrgba(43,78,136,0.67)\u00bb background_image=\u00bbhttp:\/\/talleresfran.es\/wp-content\/uploads\/2024\/04\/car-dealer-35.jpg\u00bb custom_margin=\u00bb4px|||||\u00bb custom_padding=\u00bb90px|0px|0px|0px|false|false\u00bb top_divider_style=\u00bbslant2&#8243; top_divider_color=\u00bb#FFFFFF\u00bb bottom_divider_color=\u00bb#faa152&#8243; bottom_divider_height=\u00bb260px\u00bb bottom_divider_flip=\u00bbvertical\u00bb bottom_divider_height_tablet=\u00bb\u00bb bottom_divider_height_phone=\u00bb90px\u00bb bottom_divider_height_last_edited=\u00bbon|desktop\u00bb global_colors_info=\u00bb{}\u00bb][et_pb_row column_structure=\u00bb1_3,1_3,1_3&#8243; _builder_version=\u00bb4.22.1&#8243; _module_preset=\u00bbdefault\u00bb global_colors_info=\u00bb{}\u00bb][et_pb_column type=\u00bb1_3&#8243; _builder_version=\u00bb4.22.1&#8243; _module_preset=\u00bbdefault\u00bb global_colors_info=\u00bb{}\u00bb][et_pb_image src=\u00bbhttp:\/\/talleresfran.es\/wp-content\/uploads\/2024\/04\/logoTalleresFran-1.png\u00bb title_text=\u00bblogoTalleresFran\u00bb align=\u00bbcenter\u00bb _builder_version=\u00bb4.22.1&#8243; _module_preset=\u00bbdefault\u00bb width=\u00bb50%\u00bb global_colors_info=\u00bb{}\u00bb][\/et_pb_image][et_pb_text _builder_version=\u00bb4.22.1&#8243; _module_preset=\u00bbdefault\u00bb text_text_color=\u00bb#a4a4a2&#8243; global_colors_info=\u00bb{}\u00bb]<\/p>\n<p><span>We perform repairs and maintenance on cars of all brands. Team of highly trained, prepared for the repair and maintenance of all brands of car.<\/span><\/p>\n<p>[\/et_pb_text][et_pb_blurb title=\u00bb979 728 604&#8243; url=\u00bbtel:%20979%20728%20604&#8243; use_icon=\u00bbon\u00bb font_icon=\u00bb&#xe00b;||divi||400&#8243; icon_color=\u00bb#a4a4a2&#8243; icon_placement=\u00bbleft\u00bb image_icon_width=\u00bb20px\u00bb content_max_width=\u00bb1100px\u00bb _builder_version=\u00bb4.22.1&#8243; header_level=\u00bbh5&#8243; header_font=\u00bbJosefin Sans|700|||||||\u00bb header_text_align=\u00bbleft\u00bb header_text_color=\u00bb#a4a4a2&#8243; header_font_size=\u00bb16px\u00bb body_font=\u00bbJosefin Sans||||||||\u00bb body_font_size=\u00bb18px\u00bb text_orientation=\u00bbcenter\u00bb background_layout=\u00bbdark\u00bb custom_margin=\u00bb20px||20px|\u00bb custom_padding=\u00bb|||\u00bb custom_padding_tablet=\u00bb||30px|\u00bb custom_padding_phone=\u00bb||30px|\u00bb custom_padding_last_edited=\u00bboff|desktop\u00bb header_font_size_tablet=\u00bb30px\u00bb header_font_size_phone=\u00bb25px\u00bb header_font_size_last_edited=\u00bboff|desktop\u00bb icon_font_size=\u00bb54px\u00bb locked=\u00bboff\u00bb global_colors_info=\u00bb{}\u00bb][\/et_pb_blurb][et_pb_blurb title=\u00bb609 815 291&#8243; url=\u00bbhttps:\/\/api.whatsapp.com\/send\/?phone=34609815291&#038;text&#038;type=phone_number&#038;app_absent=0&#8243; use_icon=\u00bbon\u00bb font_icon=\u00bb&#xf232;||fa||400&#8243; icon_color=\u00bb#a4a4a2&#8243; icon_placement=\u00bbleft\u00bb image_icon_width=\u00bb20px\u00bb content_max_width=\u00bb1100px\u00bb _builder_version=\u00bb4.22.1&#8243; header_level=\u00bbh5&#8243; header_font=\u00bbJosefin Sans|700|||||||\u00bb header_text_align=\u00bbleft\u00bb header_text_color=\u00bb#a4a4a2&#8243; header_font_size=\u00bb16px\u00bb body_font=\u00bbJosefin Sans||||||||\u00bb body_font_size=\u00bb18px\u00bb text_orientation=\u00bbcenter\u00bb background_layout=\u00bbdark\u00bb custom_margin=\u00bb20px||20px|\u00bb custom_padding=\u00bb|||\u00bb custom_padding_tablet=\u00bb||30px|\u00bb custom_padding_phone=\u00bb||30px|\u00bb custom_padding_last_edited=\u00bboff|desktop\u00bb hover_enabled=\u00bb0&#8243; header_font_size_tablet=\u00bb30px\u00bb header_font_size_phone=\u00bb25px\u00bb header_font_size_last_edited=\u00bboff|desktop\u00bb icon_font_size=\u00bb54px\u00bb locked=\u00bboff\u00bb global_colors_info=\u00bb{}\u00bb sticky_enabled=\u00bb0&#8243;][\/et_pb_blurb][et_pb_blurb use_icon=\u00bbon\u00bb font_icon=\u00bb&#xe010;||divi||400&#8243; icon_color=\u00bb#a4a4a2&#8243; icon_placement=\u00bbleft\u00bb image_icon_width=\u00bb20px\u00bb content_max_width=\u00bb1100px\u00bb _builder_version=\u00bb4.22.1&#8243; header_level=\u00bbh5&#8243; header_font=\u00bbJosefin Sans|700|||||||\u00bb header_text_align=\u00bbleft\u00bb header_text_color=\u00bb#a4a4a2&#8243; header_font_size=\u00bb16px\u00bb body_font=\u00bbJosefin Sans||||||||\u00bb body_font_size=\u00bb18px\u00bb text_orientation=\u00bbcenter\u00bb background_layout=\u00bbdark\u00bb custom_margin=\u00bb20px||20px|\u00bb custom_padding=\u00bb|||\u00bb custom_padding_tablet=\u00bb||30px|\u00bb custom_padding_phone=\u00bb||30px|\u00bb custom_padding_last_edited=\u00bboff|desktop\u00bb header_font_size_tablet=\u00bb30px\u00bb header_font_size_phone=\u00bb25px\u00bb header_font_size_last_edited=\u00bboff|desktop\u00bb icon_font_size=\u00bb54px\u00bb locked=\u00bboff\u00bb global_colors_info=\u00bb{}\u00bb]<\/p>\n<p><span style=\"color: #a4a4a2;\"><a href=\"mailto:talleresfran_palencia@hotmail.com\" style=\"color: #a4a4a2;\">talleresfran_palencia@hotmail.com<\/a><\/span><\/p>\n<p>&nbsp;<\/p>\n<p>[\/et_pb_blurb][\/et_pb_column][et_pb_column type=\u00bb1_3&#8243; _builder_version=\u00bb4.22.1&#8243; _module_preset=\u00bbdefault\u00bb global_colors_info=\u00bb{}\u00bb][et_pb_blurb title=\u00bbENLACES LEGALES:\u00bb icon_placement=\u00bbleft\u00bb image_icon_width=\u00bb20px\u00bb content_max_width=\u00bb1100px\u00bb _builder_version=\u00bb4.22.1&#8243; header_level=\u00bbh5&#8243; header_font=\u00bbJosefin Sans|700|||||||\u00bb header_text_align=\u00bbleft\u00bb header_text_color=\u00bb#a4a4a2&#8243; header_font_size=\u00bb16px\u00bb body_font=\u00bbJosefin Sans||||||||\u00bb body_text_color=\u00bb#a4a4a2&#8243; body_font_size=\u00bb18px\u00bb text_orientation=\u00bbcenter\u00bb background_layout=\u00bbdark\u00bb custom_margin=\u00bb20px||20px|\u00bb custom_padding=\u00bb|||\u00bb custom_padding_tablet=\u00bb||30px|\u00bb custom_padding_phone=\u00bb||30px|\u00bb custom_padding_last_edited=\u00bboff|desktop\u00bb header_font_size_tablet=\u00bb30px\u00bb header_font_size_phone=\u00bb25px\u00bb header_font_size_last_edited=\u00bboff|desktop\u00bb icon_font_size=\u00bb54px\u00bb locked=\u00bboff\u00bb global_colors_info=\u00bb{}\u00bb]<\/p>\n<ul>\n<li style=\"text-align: left;\"><span style=\"color: #a4a4a2;\"><a href=\"https:\/\/talleresfran.es\/en\/aviso-legal\/\" style=\"color: #a4a4a2;\">Legal Notice<\/a><\/span><\/li>\n<li style=\"text-align: left;\"><span style=\"color: #a4a4a2;\"><a href=\"https:\/\/talleresfran.es\/en\/politica-de-privacidad\/\" style=\"color: #a4a4a2;\">Privacy policy <\/a><\/span><\/li>\n<li style=\"text-align: left;\"><span style=\"color: #a4a4a2;\"><a href=\"https:\/\/talleresfran.es\/en\/politica-de-cookies\/\" style=\"color: #a4a4a2;\">Cookie policy<\/a><\/span><\/li>\n<\/ul>\n<p>[\/et_pb_blurb][et_pb_blurb title=\u00bbTALLER:\u00bb image_icon_background_color=\u00bb#a4a4a2&#8243; icon_placement=\u00bbleft\u00bb image_icon_width=\u00bb20px\u00bb content_max_width=\u00bb1100px\u00bb _builder_version=\u00bb4.22.1&#8243; header_level=\u00bbh5&#8243; header_font=\u00bbJosefin Sans|700|||||||\u00bb header_text_align=\u00bbleft\u00bb header_text_color=\u00bb#a4a4a2&#8243; header_font_size=\u00bb16px\u00bb body_font=\u00bbJosefin Sans||||||||\u00bb body_font_size=\u00bb18px\u00bb text_orientation=\u00bbcenter\u00bb background_layout=\u00bbdark\u00bb custom_margin=\u00bb20px||20px|\u00bb custom_padding=\u00bb|||\u00bb custom_padding_tablet=\u00bb||30px|\u00bb custom_padding_phone=\u00bb||30px|\u00bb custom_padding_last_edited=\u00bboff|desktop\u00bb header_font_size_tablet=\u00bb30px\u00bb header_font_size_phone=\u00bb25px\u00bb header_font_size_last_edited=\u00bboff|desktop\u00bb icon_font_size=\u00bb54px\u00bb locked=\u00bboff\u00bb global_colors_info=\u00bb{}\u00bb][\/et_pb_blurb][et_pb_blurb title=\u00bbC. Inglaterra, 10, 34004 Palencia\u00bb url=\u00bbhttps:\/\/www.google.com\/maps\/dir\/\/C.+Inglaterra,+10,+34004+Palencia\/@42.0015381,-4.5925736,12z\/data=!4m8!4m7!1m0!1m5!1m1!1s0xd47b1c57520e8f1:0x2725040f03fe6eb4!2m2!1d-4.5101781!2d42.0015757?entry=ttu\u00bb use_icon=\u00bbon\u00bb font_icon=\u00bb&#xf124;||fa||900&#8243; icon_color=\u00bb#a4a4a2&#8243; icon_placement=\u00bbleft\u00bb image_icon_width=\u00bb20px\u00bb content_max_width=\u00bb1100px\u00bb _builder_version=\u00bb4.22.1&#8243; header_level=\u00bbh5&#8243; header_font=\u00bbJosefin Sans|700|||||||\u00bb header_text_align=\u00bbleft\u00bb header_text_color=\u00bb#a4a4a2&#8243; header_font_size=\u00bb16px\u00bb body_font=\u00bbJosefin Sans||||||||\u00bb body_font_size=\u00bb18px\u00bb text_orientation=\u00bbcenter\u00bb background_layout=\u00bbdark\u00bb custom_margin=\u00bb20px||20px|\u00bb custom_padding=\u00bb|||\u00bb custom_padding_tablet=\u00bb||30px|\u00bb custom_padding_phone=\u00bb||30px|\u00bb custom_padding_last_edited=\u00bboff|desktop\u00bb header_font_size_tablet=\u00bb30px\u00bb header_font_size_phone=\u00bb25px\u00bb header_font_size_last_edited=\u00bboff|desktop\u00bb icon_font_size=\u00bb54px\u00bb locked=\u00bboff\u00bb global_colors_info=\u00bb{}\u00bb][\/et_pb_blurb][et_pb_blurb title=\u00bbHORARIO\u00bb icon_placement=\u00bbleft\u00bb image_icon_width=\u00bb20px\u00bb content_max_width=\u00bb1100px\u00bb _builder_version=\u00bb4.22.1&#8243; header_level=\u00bbh5&#8243; header_font=\u00bbJosefin Sans|700|||||||\u00bb header_text_align=\u00bbleft\u00bb header_text_color=\u00bb#a4a4a2&#8243; header_font_size=\u00bb16px\u00bb body_font=\u00bbJosefin Sans||||||||\u00bb body_font_size=\u00bb18px\u00bb text_orientation=\u00bbcenter\u00bb background_layout=\u00bbdark\u00bb custom_margin=\u00bb20px||20px|\u00bb custom_padding=\u00bb|||\u00bb custom_padding_tablet=\u00bb||30px|\u00bb custom_padding_phone=\u00bb||30px|\u00bb custom_padding_last_edited=\u00bboff|desktop\u00bb header_font_size_tablet=\u00bb30px\u00bb header_font_size_phone=\u00bb25px\u00bb header_font_size_last_edited=\u00bboff|desktop\u00bb icon_font_size=\u00bb54px\u00bb locked=\u00bboff\u00bb global_colors_info=\u00bb{}\u00bb][\/et_pb_blurb][et_pb_blurb title=\u00bb9:00 &#8211; 14h, 16:30-20h. | De lunes a viernes\u00bb use_icon=\u00bbon\u00bb font_icon=\u00bb&#x7d;||divi||400&#8243; icon_color=\u00bb#a4a4a2&#8243; icon_placement=\u00bbleft\u00bb image_icon_width=\u00bb20px\u00bb content_max_width=\u00bb1100px\u00bb _builder_version=\u00bb4.22.1&#8243; header_level=\u00bbh5&#8243; header_font=\u00bbJosefin Sans|700|||||||\u00bb header_text_align=\u00bbleft\u00bb header_text_color=\u00bb#a4a4a2&#8243; header_font_size=\u00bb16px\u00bb body_font=\u00bbJosefin Sans||||||||\u00bb body_font_size=\u00bb18px\u00bb text_orientation=\u00bbcenter\u00bb background_layout=\u00bbdark\u00bb custom_margin=\u00bb20px||20px|\u00bb custom_padding=\u00bb|||\u00bb custom_padding_tablet=\u00bb||30px|\u00bb custom_padding_phone=\u00bb||30px|\u00bb custom_padding_last_edited=\u00bboff|desktop\u00bb header_font_size_tablet=\u00bb30px\u00bb header_font_size_phone=\u00bb25px\u00bb header_font_size_last_edited=\u00bboff|desktop\u00bb icon_font_size=\u00bb54px\u00bb locked=\u00bboff\u00bb global_colors_info=\u00bb{}\u00bb][\/et_pb_blurb][\/et_pb_column][et_pb_column type=\u00bb1_3&#8243; _builder_version=\u00bb4.22.1&#8243; _module_preset=\u00bbdefault\u00bb global_colors_info=\u00bb{}\u00bb][et_pb_code _builder_version=\u00bb4.22.1&#8243; _module_preset=\u00bbdefault\u00bb text_orientation=\u00bbcenter\u00bb global_colors_info=\u00bb{}\u00bb]<iframe src=\"https:\/\/www.google.com\/maps\/embed?pb=!1m18!1m12!1m3!1d1482.4681253927463!2d-4.509265202921578!3d42.00164367395393!2m3!1f0!2f0!3f0!3m2!1i1024!2i768!4f13.1!3m3!1m2!1s0xd47b1c57520e8f1%3A0x2725040f03fe6eb4!2sTalleres%20FRAN!5e0!3m2!1ses!2ses!4v1714123930987!5m2!1ses!2ses\" width=\"400\" height=\"320\" style=\"border:0;\" allowfullscreen=\"\" loading=\"lazy\" referrerpolicy=\"no-referrer-when-downgrade\"><\/iframe>[\/et_pb_code][\/et_pb_column][\/et_pb_row][\/et_pb_section]<\/p>","protected":false},"excerpt":{"rendered":"<p>TALLERES FRAN Reparaci\u00f3n y mantenimiento de coches en Palencia. Cont\u00e1ctanos ahora y pide una cita para la reparaci\u00f3n, mantenimiento o diagn\u00f3stico. Tu coche lo merece.talleresfran_palencia@hotmail.comLlam\u00e1nosEscr\u00edbenosRENAULT MEGANE 1.5DCI 5.000\u20acRENAULT MEGANE 1.5DCI 5.000\u20acRENAULT MEGANE 1.5DCI 5.000\u20ac En\u00a0Talleres Fran,\u00a0nuestros a\u00f1os de experiencia y conocimientos nos permiten realizar reparaciones y mantenimientos en autom\u00f3viles de todas las marcas. Equipo altamente [&hellip;]<\/p>","protected":false},"author":1,"featured_media":0,"parent":0,"menu_order":0,"comment_status":"closed","ping_status":"closed","template":"","meta":{"_et_pb_use_builder":"on","_et_pb_old_content":"","_et_gb_content_width":"","footnotes":""},"class_list":["post-2760","page","type-page","status-publish","hentry"],"yoast_head":"<!-- This site is optimized with the Yoast SEO plugin v25.9 - https:\/\/yoast.com\/wordpress\/plugins\/seo\/ -->\n<title>Inicio - Talleres Fran<\/title>\n<meta name=\"robots\" content=\"index, follow, max-snippet:-1, max-image-preview:large, max-video-preview:-1\" \/>\n<link rel=\"canonical\" href=\"http:\/\/talleresfran.es\/en\/\" \/>\n<meta property=\"og:locale\" content=\"en_GB\" \/>\n<meta property=\"og:type\" content=\"article\" \/>\n<meta property=\"og:title\" content=\"Inicio - Talleres Fran\" \/>\n<meta property=\"og:description\" content=\"TALLERES FRAN Reparaci\u00f3n y mantenimiento de coches en Palencia. Cont\u00e1ctanos ahora y pide una cita para la reparaci\u00f3n, mantenimiento o diagn\u00f3stico. Tu coche lo merece.talleresfran_palencia@hotmail.comLlam\u00e1nosEscr\u00edbenosRENAULT MEGANE 1.5DCI 5.000\u20acRENAULT MEGANE 1.5DCI 5.000\u20acRENAULT MEGANE 1.5DCI 5.000\u20ac En\u00a0Talleres Fran,\u00a0nuestros a\u00f1os de experiencia y conocimientos nos permiten realizar reparaciones y mantenimientos en autom\u00f3viles de todas las marcas. Equipo altamente [&hellip;]\" \/>\n<meta property=\"og:url\" content=\"http:\/\/talleresfran.es\/en\/\" \/>\n<meta property=\"og:site_name\" content=\"Talleres Fran\" \/>\n<meta property=\"article:modified_time\" content=\"2024-04-29T11:43:37+00:00\" \/>\n<meta name=\"twitter:card\" content=\"summary_large_image\" \/>\n<meta name=\"twitter:label1\" content=\"Estimated reading time\" \/>\n\t<meta name=\"twitter:data1\" content=\"40 minutes\" \/>\n<script type=\"application\/ld+json\" class=\"yoast-schema-graph\">{\"@context\":\"https:\/\/schema.org\",\"@graph\":[{\"@type\":\"WebPage\",\"@id\":\"http:\/\/talleresfran.es\/en\/\",\"url\":\"http:\/\/talleresfran.es\/en\/\",\"name\":\"Inicio - Talleres Fran\",\"isPartOf\":{\"@id\":\"https:\/\/talleresfran.es\/#website\"},\"datePublished\":\"2024-04-26T09:21:58+00:00\",\"dateModified\":\"2024-04-29T11:43:37+00:00\",\"breadcrumb\":{\"@id\":\"http:\/\/talleresfran.es\/en\/#breadcrumb\"},\"inLanguage\":\"en-GB\",\"potentialAction\":[{\"@type\":\"ReadAction\",\"target\":[\"http:\/\/talleresfran.es\/en\/\"]}]},{\"@type\":\"BreadcrumbList\",\"@id\":\"http:\/\/talleresfran.es\/en\/#breadcrumb\",\"itemListElement\":[{\"@type\":\"ListItem\",\"position\":1,\"name\":\"Portada\",\"item\":\"http:\/\/talleresfran.es\/en\/\"},{\"@type\":\"ListItem\",\"position\":2,\"name\":\"Inicio\"}]},{\"@type\":\"WebSite\",\"@id\":\"https:\/\/talleresfran.es\/#website\",\"url\":\"https:\/\/talleresfran.es\/\",\"name\":\"Talleres Fran\",\"description\":\"Disponemos de la tecnolog\u00eda m\u00e1s avanzada para realizar reparaciones y mantenimientos de cajas de cambio autom\u00e1ticas en Palencia. Descarbonizaci\u00f3n de moteros.\",\"publisher\":{\"@id\":\"https:\/\/talleresfran.es\/#organization\"},\"potentialAction\":[{\"@type\":\"SearchAction\",\"target\":{\"@type\":\"EntryPoint\",\"urlTemplate\":\"https:\/\/talleresfran.es\/?s={search_term_string}\"},\"query-input\":{\"@type\":\"PropertyValueSpecification\",\"valueRequired\":true,\"valueName\":\"search_term_string\"}}],\"inLanguage\":\"en-GB\"},{\"@type\":\"Organization\",\"@id\":\"https:\/\/talleresfran.es\/#organization\",\"name\":\"Talleres Fran\",\"url\":\"https:\/\/talleresfran.es\/\",\"logo\":{\"@type\":\"ImageObject\",\"inLanguage\":\"en-GB\",\"@id\":\"https:\/\/talleresfran.es\/#\/schema\/logo\/image\/\",\"url\":\"https:\/\/talleresfran.es\/wp-content\/uploads\/2024\/04\/logoTalleresFran.png\",\"contentUrl\":\"https:\/\/talleresfran.es\/wp-content\/uploads\/2024\/04\/logoTalleresFran.png\",\"width\":800,\"height\":199,\"caption\":\"Talleres Fran\"},\"image\":{\"@id\":\"https:\/\/talleresfran.es\/#\/schema\/logo\/image\/\"}}]}<\/script>\n<!-- \/ Yoast SEO plugin. -->","yoast_head_json":{"title":"Inicio - Talleres Fran","robots":{"index":"index","follow":"follow","max-snippet":"max-snippet:-1","max-image-preview":"max-image-preview:large","max-video-preview":"max-video-preview:-1"},"canonical":"http:\/\/talleresfran.es\/en\/","og_locale":"en_GB","og_type":"article","og_title":"Inicio - Talleres Fran","og_description":"TALLERES FRAN Reparaci\u00f3n y mantenimiento de coches en Palencia. Cont\u00e1ctanos ahora y pide una cita para la reparaci\u00f3n, mantenimiento o diagn\u00f3stico. Tu coche lo merece.talleresfran_palencia@hotmail.comLlam\u00e1nosEscr\u00edbenosRENAULT MEGANE 1.5DCI 5.000\u20acRENAULT MEGANE 1.5DCI 5.000\u20acRENAULT MEGANE 1.5DCI 5.000\u20ac En\u00a0Talleres Fran,\u00a0nuestros a\u00f1os de experiencia y conocimientos nos permiten realizar reparaciones y mantenimientos en autom\u00f3viles de todas las marcas. Equipo altamente [&hellip;]","og_url":"http:\/\/talleresfran.es\/en\/","og_site_name":"Talleres Fran","article_modified_time":"2024-04-29T11:43:37+00:00","twitter_card":"summary_large_image","twitter_misc":{"Estimated reading time":"40 minutes"},"schema":{"@context":"https:\/\/schema.org","@graph":[{"@type":"WebPage","@id":"http:\/\/talleresfran.es\/en\/","url":"http:\/\/talleresfran.es\/en\/","name":"Inicio - Talleres Fran","isPartOf":{"@id":"https:\/\/talleresfran.es\/#website"},"datePublished":"2024-04-26T09:21:58+00:00","dateModified":"2024-04-29T11:43:37+00:00","breadcrumb":{"@id":"http:\/\/talleresfran.es\/en\/#breadcrumb"},"inLanguage":"en-GB","potentialAction":[{"@type":"ReadAction","target":["http:\/\/talleresfran.es\/en\/"]}]},{"@type":"BreadcrumbList","@id":"http:\/\/talleresfran.es\/en\/#breadcrumb","itemListElement":[{"@type":"ListItem","position":1,"name":"Portada","item":"http:\/\/talleresfran.es\/en\/"},{"@type":"ListItem","position":2,"name":"Inicio"}]},{"@type":"WebSite","@id":"https:\/\/talleresfran.es\/#website","url":"https:\/\/talleresfran.es\/","name":"Workshops Fran","description":"Disponemos de la tecnolog\u00eda m\u00e1s avanzada para realizar reparaciones y mantenimientos de cajas de cambio autom\u00e1ticas en Palencia. Descarbonizaci\u00f3n de moteros.","publisher":{"@id":"https:\/\/talleresfran.es\/#organization"},"potentialAction":[{"@type":"SearchAction","target":{"@type":"EntryPoint","urlTemplate":"https:\/\/talleresfran.es\/?s={search_term_string}"},"query-input":{"@type":"PropertyValueSpecification","valueRequired":true,"valueName":"search_term_string"}}],"inLanguage":"en-GB"},{"@type":"Organization","@id":"https:\/\/talleresfran.es\/#organization","name":"Workshops Fran","url":"https:\/\/talleresfran.es\/","logo":{"@type":"ImageObject","inLanguage":"en-GB","@id":"https:\/\/talleresfran.es\/#\/schema\/logo\/image\/","url":"https:\/\/talleresfran.es\/wp-content\/uploads\/2024\/04\/logoTalleresFran.png","contentUrl":"https:\/\/talleresfran.es\/wp-content\/uploads\/2024\/04\/logoTalleresFran.png","width":800,"height":199,"caption":"Talleres Fran"},"image":{"@id":"https:\/\/talleresfran.es\/#\/schema\/logo\/image\/"}}]}},"_links":{"self":[{"href":"http:\/\/talleresfran.es\/en\/wp-json\/wp\/v2\/pages\/2760","targetHints":{"allow":["GET"]}}],"collection":[{"href":"http:\/\/talleresfran.es\/en\/wp-json\/wp\/v2\/pages"}],"about":[{"href":"http:\/\/talleresfran.es\/en\/wp-json\/wp\/v2\/types\/page"}],"author":[{"embeddable":true,"href":"http:\/\/talleresfran.es\/en\/wp-json\/wp\/v2\/users\/1"}],"replies":[{"embeddable":true,"href":"http:\/\/talleresfran.es\/en\/wp-json\/wp\/v2\/comments?post=2760"}],"version-history":[{"count":52,"href":"http:\/\/talleresfran.es\/en\/wp-json\/wp\/v2\/pages\/2760\/revisions"}],"predecessor-version":[{"id":2960,"href":"http:\/\/talleresfran.es\/en\/wp-json\/wp\/v2\/pages\/2760\/revisions\/2960"}],"wp:attachment":[{"href":"http:\/\/talleresfran.es\/en\/wp-json\/wp\/v2\/media?parent=2760"}],"curies":[{"name":"wp","href":"https:\/\/api.w.org\/{rel}","templated":true}]}}